{"id":4222,"date":"2023-06-20T09:42:14","date_gmt":"2023-06-20T07:42:14","guid":{"rendered":"https:\/\/www.camping-pyrenees-cathare.fr\/accueil\/"},"modified":"2026-03-30T10:38:37","modified_gmt":"2026-03-30T08:38:37","slug":"home","status":"publish","type":"page","link":"https:\/\/www.camping-pyrenees-cathare.fr\/en\/","title":{"rendered":"Home"},"content":{"rendered":"<section id=\"ls-section-block_c66272c15772c857eac6afdfd81fa1c3\" class=\"ls-section  home-first\" >\r\n        <div class=\"container container--full\">\r\n        \n\n<div class=\"wp-block-columns is-layout-flex wp-container-core-columns-is-layout-9d6595d7 wp-block-columns-is-layout-flex\">\n<div class=\"wp-block-column is-vertically-aligned-center animated fadeInLeft slow is-layout-flow wp-block-column-is-layout-flow\" style=\"flex-basis:50%\">\n<figure class=\"wp-block-image size-full image-blob\"><img loading=\"lazy\" decoding=\"async\" width=\"720\" height=\"850\" src=\"https:\/\/www.camping-pyrenees-cathare.fr\/wp-content\/uploads\/2023\/05\/lac-arbres-camping-les-chalets-du-lac.webp\" alt=\"Lake tree Campsite les Chalets du Lac\" class=\"wp-image-368\" srcset=\"https:\/\/www.camping-pyrenees-cathare.fr\/wp-content\/uploads\/2023\/05\/lac-arbres-camping-les-chalets-du-lac.webp 720w, https:\/\/www.camping-pyrenees-cathare.fr\/wp-content\/uploads\/2023\/05\/lac-arbres-camping-les-chalets-du-lac-254x300.webp 254w\" sizes=\"auto, (max-width: 720px) 100vw, 720px\" \/><\/figure>\n\n\n\n<figure class=\"wp-block-image size-full image-secondaire\"><img loading=\"lazy\" decoding=\"async\" width=\"536\" height=\"496\" src=\"https:\/\/www.camping-pyrenees-cathare.fr\/wp-content\/uploads\/2023\/05\/carte-france-camping-les-chalets-du-lac.webp\" alt=\"Map France Camping les Chalets du Lac\" class=\"wp-image-395\" srcset=\"https:\/\/www.camping-pyrenees-cathare.fr\/wp-content\/uploads\/2023\/05\/carte-france-camping-les-chalets-du-lac.webp 536w, https:\/\/www.camping-pyrenees-cathare.fr\/wp-content\/uploads\/2023\/05\/carte-france-camping-les-chalets-du-lac-300x278.webp 300w\" sizes=\"auto, (max-width: 536px) 100vw, 536px\" \/><\/figure>\n<\/div>\n\n\n\n<div class=\"wp-block-column has-color-4-background-color has-background is-layout-flow wp-block-column-is-layout-flow\" style=\"flex-basis:50%\">\n<div id=\"ls-heading ls-titre-div-block_b2c63d4e67c110e90aa96ecd613a112f\" class=\"ls-titre-div titre-deco h2-like has-text-color has-color-1-color\" >\n    Missing the great outdoors? <br> Come and recharge your batteries!<\/div>\n\n\n\n<h1 class=\"ls__heading wp-block-heading\"><strong>Campsite in the heart of the mountai<\/strong>n in the Aude region<\/h1>\n\n\n\n<h2 class=\"ls__heading wp-block-heading\">Holidays all year round <strong>at the campsite near the ski resorts<\/strong>  <\/h2>\n\n\n\n<p class=\"ls-paragraph\">Les Chalets du Lac Belcaire campsite is situated in the Aude department, in the heart of the Cathar Pyrenees. Come and recharge your batteries in an exceptional natural setting nestled between the lake and the mountains. <a href=\"https:\/\/www.camping-pyrenees-cathare.fr\/en\/\">Les Chalets du Lac Belcaire campsite welcomes you all year round<\/a>, summer and winter, for a pleasant holiday in a family-friendly setting, whether you choose to stay in a rental property or on a pitch.  <\/p>\n\n\n\n<p class=\"ls-paragraph\"><strong>Nestled at an altitude of 1,000 metres<\/strong> on the Sault plateau, the campsite offers the perfect holiday destination for a break combining<strong> fitness, nature, exploration and heritage.<\/strong> <br\/><\/p>\n\n\n\n<p class=\"ls-paragraph\">Whether you\u2019re into outdoor sports, cultural visits or day trips, you\u2019ll find <strong>the perfect activity for you!<\/strong><br\/>Come and enjoy the countryside at our small, family-run campsite.<strong> Unwind and savour <\/strong>the soothing charm of a campsite by the water, at the foot of the mountains.<\/p>\n\n\n\n\n<a href=\"https:\/\/www.camping-pyrenees-cathare.fr\/wp-content\/uploads\/2023\/06\/Les-chalets-du-lac-Belcaire-Plaquette-1.pdf\" id=\"ls-button-block_d9ec12877a3bcdc28fc1e45c56215f91\" target=\"\" rel=\"\" class=\"ls-button\">\n\n    <span><i class=\"chalets-flyer\"><\/i>Campsite brochure<\/span>\n\n<\/a>\n\n<\/div>\n<\/div>\n\n\r\n    <\/div>\r\n<\/section><section id=\"ls-section-block_1d819478861368d11f2d2b8d7fc3e424\" class=\"ls-section  home-second\" >\r\n        <div class=\"container container--full\">\r\n        \n\n<div id=\"ls-heading ls-titre-div-block_780cb194efe839dd5ca811f670fd4877\" class=\"ls-titre-div titre-deco aligncenter h2-like\" >\n    Here, life follows<br>the rhythm of the seasons&#8230;<\/div>\n\n\n\n<div class=\"wp-block-columns is-layout-flex wp-container-core-columns-is-layout-9d6595d7 wp-block-columns-is-layout-flex\">\n<div class=\"wp-block-column animated fadeInUp slow is-layout-flow wp-block-column-is-layout-flow\">\n<div class=\"rythme\">\n<span class=\"chalets-snow\"><\/span>\nWinter\n<\/div>\n\n\n\n<figure class=\"wp-block-image size-full\"><img loading=\"lazy\" decoding=\"async\" width=\"1000\" height=\"700\" src=\"https:\/\/www.camping-pyrenees-cathare.fr\/wp-content\/uploads\/2023\/05\/chalets-hiver-camping-les-chalets-du-lac.webp\" alt=\"Winter chalets Campsite les Chalets du Lac\" class=\"wp-image-359\" srcset=\"https:\/\/www.camping-pyrenees-cathare.fr\/wp-content\/uploads\/2023\/05\/chalets-hiver-camping-les-chalets-du-lac.webp 1000w, https:\/\/www.camping-pyrenees-cathare.fr\/wp-content\/uploads\/2023\/05\/chalets-hiver-camping-les-chalets-du-lac-300x210.webp 300w, https:\/\/www.camping-pyrenees-cathare.fr\/wp-content\/uploads\/2023\/05\/chalets-hiver-camping-les-chalets-du-lac-768x538.webp 768w\" sizes=\"auto, (max-width: 1000px) 100vw, 1000px\" \/><\/figure>\n<\/div>\n\n\n\n<div class=\"wp-block-column animated fadeInUp delay-100ms slow is-layout-flow wp-block-column-is-layout-flow\">\n<div class=\"rythme\">\n<span class=\"chalets-flower\"><\/span>\nSpring\n<\/div>\n\n\n\n<figure class=\"wp-block-image size-full\"><img loading=\"lazy\" decoding=\"async\" width=\"900\" height=\"600\" src=\"https:\/\/www.camping-pyrenees-cathare.fr\/wp-content\/uploads\/2023\/05\/randonnees-camping-les-chalets-du-lac.webp\" alt=\"Hiking Campsite les Chalets du Lac\" class=\"wp-image-329\" srcset=\"https:\/\/www.camping-pyrenees-cathare.fr\/wp-content\/uploads\/2023\/05\/randonnees-camping-les-chalets-du-lac.webp 900w, https:\/\/www.camping-pyrenees-cathare.fr\/wp-content\/uploads\/2023\/05\/randonnees-camping-les-chalets-du-lac-300x200.webp 300w, https:\/\/www.camping-pyrenees-cathare.fr\/wp-content\/uploads\/2023\/05\/randonnees-camping-les-chalets-du-lac-768x512.webp 768w\" sizes=\"auto, (max-width: 900px) 100vw, 900px\" \/><\/figure>\n<\/div>\n\n\n\n<div class=\"wp-block-column animated fadeInUp delay-200ms slow is-layout-flow wp-block-column-is-layout-flow\">\n<div class=\"rythme\">\n<span class=\"chalets-summer\"><\/span>\nSummer\n<\/div>\n\n\n\n<figure class=\"wp-block-image size-full\"><img loading=\"lazy\" decoding=\"async\" width=\"1694\" height=\"1133\" src=\"https:\/\/www.camping-pyrenees-cathare.fr\/wp-content\/uploads\/2023\/05\/piscine-camping-les-chalets-du-lac.webp\" alt=\"Swimming pool Camping les Chalets du Lac\" class=\"wp-image-374\" srcset=\"https:\/\/www.camping-pyrenees-cathare.fr\/wp-content\/uploads\/2023\/05\/piscine-camping-les-chalets-du-lac.webp 1694w, https:\/\/www.camping-pyrenees-cathare.fr\/wp-content\/uploads\/2023\/05\/piscine-camping-les-chalets-du-lac-300x201.webp 300w, https:\/\/www.camping-pyrenees-cathare.fr\/wp-content\/uploads\/2023\/05\/piscine-camping-les-chalets-du-lac-1024x685.webp 1024w, https:\/\/www.camping-pyrenees-cathare.fr\/wp-content\/uploads\/2023\/05\/piscine-camping-les-chalets-du-lac-768x514.webp 768w, https:\/\/www.camping-pyrenees-cathare.fr\/wp-content\/uploads\/2023\/05\/piscine-camping-les-chalets-du-lac-1536x1027.webp 1536w\" sizes=\"auto, (max-width: 1694px) 100vw, 1694px\" \/><\/figure>\n<\/div>\n\n\n\n<div class=\"wp-block-column animated fadeInUp delay-500ms slow is-layout-flow wp-block-column-is-layout-flow\">\n<div class=\"rythme\">\n<span class=\"chalets-automne\"><\/span>\nAutumn\n<\/div>\n\n\n\n<figure class=\"wp-block-image size-full\"><img loading=\"lazy\" decoding=\"async\" width=\"720\" height=\"850\" src=\"https:\/\/www.camping-pyrenees-cathare.fr\/wp-content\/uploads\/2023\/05\/lac-arbres-camping-les-chalets-du-lac.webp\" alt=\"Lake tree Campsite les Chalets du Lac\" class=\"wp-image-368\" srcset=\"https:\/\/www.camping-pyrenees-cathare.fr\/wp-content\/uploads\/2023\/05\/lac-arbres-camping-les-chalets-du-lac.webp 720w, https:\/\/www.camping-pyrenees-cathare.fr\/wp-content\/uploads\/2023\/05\/lac-arbres-camping-les-chalets-du-lac-254x300.webp 254w\" sizes=\"auto, (max-width: 720px) 100vw, 720px\" \/><\/figure>\n<\/div>\n<\/div>\n\n\n\n<p class=\"ls-paragraph has-text-align-center rythme-ouvert has-color-1-color has-text-color\"><a href=\"https:\/\/www.camping-pyrenees-cathare.fr\/en\/camping-open-all-year-round\/\"><strong>Campsite<a href=\"https:\/\/www.camping-pyrenees-cathare.fr\/en\/camping-open-all-year-round\/\"> open all year round +<\/a><\/strong><\/a><\/p>\n\n\n\n<div class=\"wp-block-columns is-layout-flex wp-container-core-columns-is-layout-9d6595d7 wp-block-columns-is-layout-flex\">\n<div class=\"wp-block-column home-second__text is-layout-flow wp-block-column-is-layout-flow\">\n<h2 class=\"ls__heading wp-block-heading has-text-align-center m-t-6 m-b-3\">Getaways throughout the year. <\/h2>\n\n\n\n<p class=\"ls-paragraph has-text-align-center\">Experience the ultimate in peace and quiet and high-quality services at Les Chalets du Lac Belcaire campsite, <strong>nestled in the heart of the Cathar Pyrenees.<\/strong> This haven of peace, nestled between the lake and the mountains, is open all year round, <strong>offering the perfect retreat for a peaceful holiday.<\/strong> <br\/><br\/>Enjoy our <strong>impeccable service<\/strong> and our peaceful, relaxing atmosphere. Choose from our comfortable accommodation or spacious pitches, and treat yourself to<strong> an unforgettable getaway.<\/strong> <\/p>\n<\/div>\n<\/div>\n\n\r\n    <\/div>\r\n<\/section><section id=\"ls-section-block_94dbd82de74e8267f139e43df612439a\" class=\"ls-section  home-third has-background has-color-4-background-color\" >\r\n        <div class=\"container container--wide\">\r\n        \n\n<div class=\"wp-block-columns is-layout-flex wp-container-core-columns-is-layout-9d6595d7 wp-block-columns-is-layout-flex\">\n<div class=\"wp-block-column home-third__grid is-layout-flow wp-block-column-is-layout-flow\" style=\"flex-basis:60%\">\r\n<div id=\"ls-cta-block_b393f8534d4f74b0916044d62fcc56ee\" class=\"ls-cta cta-1 animated fadeIn slow\">  \r\n    \n\n<a href=\"https:\/\/www.camping-pyrenees-cathare.fr\/en\/bar-restaurant-belcaire\/#section-menu\" target=\"\" rel=\"noopener\" class=\"ls-cta__link\">\n\n\t<div class=\"ls-cta__image\"><img decoding=\"async\" src=\"https:\/\/www.camping-pyrenees-cathare.fr\/wp-content\/uploads\/2023\/06\/pexels-nataliya-vaitkevich-5792325_resultat.webp\" alt=\"cutting pizza with a pizza cutter\"><\/div>\n\t<span class=\"chalets-cercle\">+<\/span>\n\n\t<div class=\"ls-cta__title\">\n\t\tRestaurant\t<\/div>\n\n\t\t\n<\/a><\/div>\n\n\r\n<div id=\"ls-cta-block_b557527cc1445d629e59650c76554d93\" class=\"ls-cta cta-2 animated fadeIn delay-100ms slow\">  \r\n    \n\n<a href=\"https:\/\/www.camping-pyrenees-cathare.fr\/en\/bar-restaurant-belcaire\/#section-theme\" target=\"\" rel=\"noopener\" class=\"ls-cta__link\">\n\n\t<div class=\"ls-cta__image\"><img decoding=\"async\" src=\"https:\/\/www.camping-pyrenees-cathare.fr\/wp-content\/uploads\/2023\/06\/Ideesrepascamping-copie-768x960.webp\" alt=\"Themed meal on Lake Belcaire\"><\/div>\n\t<span class=\"chalets-cercle\">+<\/span>\n\n\t<div class=\"ls-cta__title\">\n\t\tThemed meals  \t<\/div>\n\n\t\t\n<\/a><\/div>\n\n\r\n<div id=\"ls-cta-block_b93680f433da4d5635f5adffee26a4b9\" class=\"ls-cta cta-3 animated fadeIn delay-200ms slow\">  \r\n    \n\n<a href=\"https:\/\/www.camping-pyrenees-cathare.fr\/en\/bar-restaurant-belcaire\/#section-cocktail\" target=\"\" rel=\"noopener\" class=\"ls-cta__link\">\n\n\t<div class=\"ls-cta__image\"><img decoding=\"async\" src=\"https:\/\/www.camping-pyrenees-cathare.fr\/wp-content\/uploads\/2023\/05\/bar-a-cocktail-camping-les-chalets-du-lac-768x924.webp\" alt=\"Bar \u00e0 cocktail Camping les Chalets du Lac\"><\/div>\n\t<span class=\"chalets-cercle\">+<\/span>\n\n\t<div class=\"ls-cta__title\">\n\t\tCocktail bar\t<\/div>\n\n\t\t\n<\/a><\/div>\n\n\n\n<a href=\"https:\/\/www.camping-pyrenees-cathare.fr\/en\/bar-restaurant-belcaire\/\" id=\"ls-button-block_f4832336a42feeb05df7ac24d8a42dad\" target=\"\" rel=\"\" class=\"ls-button\">\n\n    <span>Discover our<br><strong>restaurant and bar<\/br><\/strong>  <\/span>\n\n<\/a>\n\n<\/div>\n\n\n\n<div class=\"wp-block-column is-vertically-aligned-bottom is-layout-flow wp-block-column-is-layout-flow\" style=\"flex-basis:40%\">\n<h2 class=\"ls__heading wp-block-heading\"><strong>Cocktail bar and barista <\/strong>at the family campsite in Belcaire<\/h2>\n\n\n\n<p class=\"ls-paragraph\">Live your best life at the <strong>family-friendly<\/strong> Les Chalets du Lac Belcaire campsite. In summer, enjoy<a href=\"https:\/\/www.camping-pyrenees-cathare.fr\/en\/\"> the lounge bar in Belcaire<\/a>, where you can relax with a drink whilst taking in the breathtaking views of the Pyrenees. In winter, warm up by the fire and <a href=\"https:\/\/www.camping-pyrenees-cathare.fr\/en\/bar-restaurant-belcaire\/\">treat yourself to a hot drink.<\/a>  <\/p>\n\n\n\n<p class=\"ls-paragraph\">Whatever the time of day, treat yourself to our milk-based drinks, made fresh on the premises. Latte macchiato, Viennese coffee, cappuccino, hot chocolate&#8230; The hardest thing is choosing.<\/p>\n\n\n\n<p class=\"ls-paragraph\"><strong>Head to the bar to enjoy <\/strong>a selection of local organic beers or a wide range of regional wines: Corbi\u00e8res, Fitou, Limoux and Minervois. Treat yourself to some homemade cocktails. Whether you\u2019re a fan of <strong>a good old mojito or prefer the originality of a signature cocktail<\/strong>, you\u2019ll be spoilt for choice.  <\/p>\n<\/div>\n<\/div>\n\n\r\n    <\/div>\r\n<\/section><section id=\"ls-section-block_79d49e3823245fcd34039ca1590dafff\" class=\"ls-section  home-fourth has-background has-color-3-background-color\" >\r\n        <div class=\"container container--wide\">\r\n        \n\n<div id=\"ls-heading ls-titre-div-block_902c16d6a84934d7049fb413f0495148\" class=\"ls-titre-div titre-deco titre-blanc h2-like has-text-color has-color-4-color\" >\n    Services that<br>make your life easier!<\/div>\n\n\n\n<div class=\"wp-block-columns is-layout-flex wp-container-core-columns-is-layout-9d6595d7 wp-block-columns-is-layout-flex\">\n<div class=\"wp-block-column is-layout-flow wp-block-column-is-layout-flow\">\n<div class=\"wp-block-columns are-vertically-aligned-bottom is-layout-flex wp-container-core-columns-is-layout-9d6595d7 wp-block-columns-is-layout-flex\">\n<div class=\"wp-block-column is-vertically-aligned-bottom animated fadeInUp slow is-layout-flow wp-block-column-is-layout-flow\">\n<p class=\"ls-paragraph has-text-align-center\">Campsite<br\/><strong>Wooded<\/strong><\/p>\n\n\n\n<span class=\"chalets-tree\"><\/span>\n<\/div>\n\n\n\n<div class=\"wp-block-column is-vertically-aligned-bottom animated fadeInDown slow is-layout-flow wp-block-column-is-layout-flow\">\n<p class=\"ls-paragraph has-text-align-center\">Service<br\/><strong>Laundry<\/strong><\/p>\n\n\n\n<span class=\"chalets-washing-machine\"><\/span>\n<\/div>\n\n\n\n<div class=\"wp-block-column is-vertically-aligned-bottom animated fadeInUp delay-100ms slow animaux is-layout-flow wp-block-column-is-layout-flow\">\n<p class=\"ls-paragraph has-text-align-center\">Travel<br\/>with<strong> your<br\/>pet<\/strong><\/p>\n\n\n\n<span class=\"chalets-animal\"><\/span>\n<\/div>\n\n\n\n<div class=\"wp-block-column is-vertically-aligned-bottom animated fadeInDown delay-100ms slow is-layout-flow wp-block-column-is-layout-flow\">\n<p class=\"ls-paragraph has-text-align-center\"><strong>Bread<\/strong><br\/>collection point<\/p>\n\n\n\n<span class=\"chalets-bread\"><\/span>\n<\/div>\n<\/div>\n<\/div>\n\n\n\n<div class=\"wp-block-column is-vertically-aligned-bottom is-layout-flow wp-block-column-is-layout-flow\">\n<div class=\"wp-block-columns are-vertically-aligned-bottom is-layout-flex wp-container-core-columns-is-layout-9d6595d7 wp-block-columns-is-layout-flex\">\n<div class=\"wp-block-column is-vertically-aligned-bottom animated fadeInUp delay-200ms slow is-layout-flow wp-block-column-is-layout-flow\">\n<p class=\"ls-paragraph has-text-align-center\">Barbecues<br\/><strong>Communal<\/strong><\/p>\n\n\n\n<span class=\"chalets-barbeque\"><\/span>\n<\/div>\n\n\n\n<div class=\"wp-block-column is-vertically-aligned-bottom animated fadeInDown delay-200ms slow is-layout-flow wp-block-column-is-layout-flow\">\n<p class=\"ls-paragraph has-text-align-center\">Campsite<br\/><strong>People with reduced mobility<\/strong><\/p>\n\n\n\n<span class=\"chalets-handi\"><\/span>\n<\/div>\n\n\n\n<div class=\"wp-block-column is-vertically-aligned-bottom animated fadeInUp delay-500ms slow is-layout-flow wp-block-column-is-layout-flow\">\n<p class=\"ls-paragraph has-text-align-center\">Rentals<br\/><strong>Surcharge<\/strong><\/p>\n\n\n\n<span class=\"chalets-chaisebebe\"><\/span>\n<\/div>\n\n\n\n<div class=\"wp-block-column is-vertically-aligned-bottom animated fadeInDown delay-500ms slow is-layout-flow wp-block-column-is-layout-flow\">\n<p class=\"ls-paragraph has-text-align-center\">Grocery shop<br\/><strong>in Belcaire<\/strong><\/p>\n\n\n\n<span class=\"chalets-epicerie\"><\/span>\n<\/div>\n<\/div>\n<\/div>\n<\/div>\n\n\r\n    <\/div>\r\n<\/section><section id=\"ls-section-block_b2c4e8e8ace77db17f7a287f9c510eee\" class=\"ls-section  home-fifth has-background-image has-parallax\" >\r\n    <div class=\"ls-section__background-image opacity-100\"><img decoding=\"async\" src=\"https:\/\/www.camping-pyrenees-cathare.fr\/wp-content\/uploads\/2025\/03\/20250108_113226.jpg\" alt=\"20250108 113226\"><\/div>    <div class=\"container container--small\">\r\n        \n\n<div id=\"ls-heading ls-titre-div-block_2e2313efa7115f0112e2baa2533ed0af\" class=\"ls-titre-div titre-deco h2-like\" >\n    A vibrant venue in<br>a stunning setting<\/div>\n\n\n\n<h2 class=\"ls__heading wp-block-heading has-text-align-center has-color-white-color has-text-color\">Stay <strong>by the lake in Belcaire<\/strong><\/h2>\n\n\n\n<p class=\"ls-paragraph has-text-align-center has-color-white-color has-text-color\">Set in unspoilt countryside, in the heart of the mountains, <a href=\"https:\/\/www.camping-pyrenees-cathare.fr\/en\/camping-by-lac-belcaire\/\">the campsite is ideally situated near a spring-fed lake<\/a>, which has been developed for everyone to enjoy. Come and enjoy the quality of this mountain water.<br\/>A seaside atmosphere to savour amidst the greenery. <strong>A refreshing spot in summer and a haven of tranquillity in winter<\/strong>, the lake is the perfect place to recharge your batteries in any season.<br\/>A true leisure hub, the lake is a must-visit destination in high season. <\/p>\n\n\n\n<p class=\"ls-paragraph has-text-align-center camping-ouvert-annee has-color-1-color has-text-color\"><a href=\"https:\/\/www.camping-pyrenees-cathare.fr\/en\/camping-by-lac-belcaire\/\">Campsite<strong> by the lake +<\/strong><\/a><\/p>\n\n\r\n    <\/div>\r\n<\/section><section id=\"ls-section-block_934cf77afc9f7a73c9df4be23b30837a\" class=\"ls-section  home-sixth\" >\r\n        <div class=\"container container--full\">\r\n        \n\n<div class=\"wp-block-columns is-layout-flex wp-container-core-columns-is-layout-9d6595d7 wp-block-columns-is-layout-flex\">\n<div class=\"wp-block-column has-color-4-background-color has-background is-layout-flow wp-block-column-is-layout-flow\" style=\"flex-basis:50%\">\n<h2 class=\"ls__heading wp-block-heading\">Take a dip in <strong>the campsite\u2019s heated swimming pool in the Aude<\/strong><\/h2>\n\n\n\n<p class=\"ls-paragraph\">Discover<a href=\"https:\/\/www.camping-pyrenees-cathare.fr\/en\/camping-heated-pool-belcaire\/\"> the water park in the Aude,<\/a> featuring an outdoor area designed for fun and an indoor wellness area dedicated to relaxation.<\/p>\n\n\n\n<p class=\"ls-paragraph\">For those who feel the cold, <strong>a heated outdoor pool awaits you<\/strong>. Young and old alike will love the fun paddling pool with its mushroom-shaped feature and water slide. For everyone else, we offer a chance to relax and unwind on the <strong>well-equipped beac<\/strong>h. <\/p>\n\n\n\n<p class=\"ls-paragraph\">Fancy a relaxing break? Recharge your batteries in our wellness area. With its <strong>heated pool<\/strong>, infinity pool and sauna, this space is sure to help you unwind.  <br\/><br\/>Whether you\u2019re relaxing in the hot tub, having fun with the playful mushroom in the paddling pool, swimming laps in the main pool or taking part in an aqua aerobics session, there\u2019s no shortage of ways to enjoy <strong>our heated aquatic area.<\/strong><\/p>\n\n\n\n\n<a href=\"https:\/\/www.camping-pyrenees-cathare.fr\/en\/camping-heated-pool-belcaire\/\" id=\"ls-button-block_3b961b4460da1663b17990a4a2351d22\" target=\"\" rel=\"\" class=\"ls-button\">\n\n    <span>Discover <strong>the swimming pool<\/strong><\/span>\n\n<\/a>\n\n<\/div>\n\n\n\n<div class=\"wp-block-column is-vertically-aligned-center animated fadeInRight slow is-layout-flow wp-block-column-is-layout-flow\" style=\"flex-basis:50%\">\n<div id=\"ls-heading ls-titre-div-block_267dccb8d78bf79128fed6afc17496a0\" class=\"ls-titre-div titre-deco h2-like has-text-color has-color-1-color\" >\n    Dive in<br>all year round!<\/div>\n\n\n\n<figure class=\"wp-block-image size-large image-blob\"><img loading=\"lazy\" decoding=\"async\" width=\"1024\" height=\"768\" src=\"https:\/\/www.camping-pyrenees-cathare.fr\/wp-content\/uploads\/2025\/04\/20250331_164331-1024x768.jpg\" alt=\"20250331 164331\" class=\"wp-image-5090\" srcset=\"https:\/\/www.camping-pyrenees-cathare.fr\/wp-content\/uploads\/2025\/04\/20250331_164331-1024x768.jpg 1024w, https:\/\/www.camping-pyrenees-cathare.fr\/wp-content\/uploads\/2025\/04\/20250331_164331-300x225.jpg 300w, https:\/\/www.camping-pyrenees-cathare.fr\/wp-content\/uploads\/2025\/04\/20250331_164331-768x576.jpg 768w, https:\/\/www.camping-pyrenees-cathare.fr\/wp-content\/uploads\/2025\/04\/20250331_164331-1536x1152.jpg 1536w, https:\/\/www.camping-pyrenees-cathare.fr\/wp-content\/uploads\/2025\/04\/20250331_164331-2048x1536.jpg 2048w\" sizes=\"auto, (max-width: 1024px) 100vw, 1024px\" \/><\/figure>\n\n\n\n<figure class=\"wp-block-image size-large image-secondaire\"><img loading=\"lazy\" decoding=\"async\" width=\"1024\" height=\"577\" src=\"https:\/\/www.camping-pyrenees-cathare.fr\/wp-content\/uploads\/2023\/07\/Piscine-interieure-1024x577.jpg\" alt=\"Dad and his child in the heated pool of the Chalets du Lac Belcaire\" class=\"wp-image-4430\" srcset=\"https:\/\/www.camping-pyrenees-cathare.fr\/wp-content\/uploads\/2023\/07\/Piscine-interieure-1024x577.jpg 1024w, https:\/\/www.camping-pyrenees-cathare.fr\/wp-content\/uploads\/2023\/07\/Piscine-interieure-300x169.jpg 300w, https:\/\/www.camping-pyrenees-cathare.fr\/wp-content\/uploads\/2023\/07\/Piscine-interieure-768x432.jpg 768w, https:\/\/www.camping-pyrenees-cathare.fr\/wp-content\/uploads\/2023\/07\/Piscine-interieure-1536x865.jpg 1536w, https:\/\/www.camping-pyrenees-cathare.fr\/wp-content\/uploads\/2023\/07\/Piscine-interieure-2048x1153.jpg 2048w\" sizes=\"auto, (max-width: 1024px) 100vw, 1024px\" \/><\/figure>\n<\/div>\n<\/div>\n\n\r\n    <\/div>\r\n<\/section><section id=\"ls-section-block_82dee6d2ecbdc8d05c0e596cdf3d8e47\" class=\"ls-section  home-seventh\" >\r\n        <div class=\"container container--wide\">\r\n        \n\n<div id=\"ls-heading ls-titre-div-block_b11f35c4e65942c8d65e14cea0b3cbc0\" class=\"ls-titre-div titre-deco h2-like\" >\n    Your chalet for<br>starry nights<\/div>\n\n\n\n<h2 class=\"ls__heading wp-block-heading has-text-align-center\"><strong>Our holiday cottages<\/strong> in Belcaire<\/h2>\n\n\n\n<div class=\"wp-block-columns m-b-7 is-layout-flex wp-container-core-columns-is-layout-9d6595d7 wp-block-columns-is-layout-flex\">\n<div class=\"wp-block-column is-layout-flow wp-block-column-is-layout-flow\">\r\n<div id=\"ls-cta-block_55a90c1182ab537d244ff9f3a4aab1f9\" class=\"ls-cta animated fadeInUp slow\">  \r\n    \n\n<a href=\"https:\/\/www.camping-pyrenees-cathare.fr\/en\/rental-chalet-belcaire\/#section-cabane\" target=\"\" rel=\"noopener\" class=\"ls-cta__link\">\n\n\t<div class=\"ls-cta__image\"><img decoding=\"async\" src=\"https:\/\/www.camping-pyrenees-cathare.fr\/wp-content\/uploads\/2023\/06\/chalet-location-camping-les-chalets-du-lac-768x432-1.webp\" alt=\"chalet rental in Aude\"><\/div>\n\t<span class=\"chalets-cercle\">+<\/span>\n\n\t<div class=\"ls-cta__title\">\n\t\tDiscover <strong>the cabins &amp; lodges<\/strong>\t<\/div>\n\n\t\t\n<\/a><\/div><\/div>\n\n\n\n<div class=\"wp-block-column is-layout-flow wp-block-column-is-layout-flow\">\r\n<div id=\"ls-cta-block_89f995980974349c85a3296f05065529\" class=\"ls-cta animated fadeInUp delay-100ms slow\">  \r\n    \n\n<a href=\"https:\/\/www.camping-pyrenees-cathare.fr\/en\/rental-chalet-belcaire\/\" target=\"\" rel=\"noopener\" class=\"ls-cta__link\">\n\n\t<div class=\"ls-cta__image\"><img decoding=\"async\" src=\"https:\/\/www.camping-pyrenees-cathare.fr\/wp-content\/uploads\/2023\/06\/chalets-camping-les-chalets-du-lac-768x576.webp\" alt=\"Chalet rental in Belcaire\"><\/div>\n\t<span class=\"chalets-cercle\">+<\/span>\n\n\t<div class=\"ls-cta__title\">\n\t\tDiscover <strong>the chalets<\/strong>\t<\/div>\n\n\t\t\n<\/a><\/div><\/div>\n\n\n\n<div class=\"wp-block-column is-layout-flow wp-block-column-is-layout-flow\">\r\n<div id=\"ls-cta-block_ae75b978ea6f736abd290a0e651d13f7\" class=\"ls-cta animated fadeInUp delay-200ms slow\">  \r\n    \n\n<a href=\"https:\/\/www.camping-pyrenees-cathare.fr\/en\/pitches-belcaire\/\" target=\"\" rel=\"noopener\" class=\"ls-cta__link\">\n\n\t<div class=\"ls-cta__image\"><img decoding=\"async\" src=\"https:\/\/www.camping-pyrenees-cathare.fr\/wp-content\/uploads\/2023\/06\/location-emplacement-van.webp\" alt=\"Rental pitch van\"><\/div>\n\t<span class=\"chalets-cercle\">+<\/span>\n\n\t<div class=\"ls-cta__title\">\n\t\tDiscover <strong>the locations<\/strong>\t<\/div>\n\n\t\t\n<\/a><\/div><\/div>\n<\/div>\n\n\n\n<p class=\"ls-paragraph has-text-align-center\">Enjoy a pleasant holiday in the<strong> heart of the mountains<\/strong> in an authentic setting, thanks to our chalets nestled in the centre of one of the Aude region\u2019s most beautiful pine forests. The timber-framed design of these cottages offers peace and tranquillity in the heart of nature. Open all year round, our<a href=\"https:\/\/www.camping-pyrenees-cathare.fr\/en\/rental-chalet-belcaire\/\"> rental chalets <\/a>welcome you in every season for a weekend, a week or longer. Accommodating 4 to 6 people, with the option to host up to 13,<strong> the chalets combine tradition and charm<\/strong>. For a more traditional stay, book <a href=\"https:\/\/www.camping-pyrenees-cathare.fr\/en\/tourism-aude-region\/\">your pitch in the Aude<\/a> and enjoy <a href=\"https:\/\/www.camping-pyrenees-cathare.fr\/en\/camping-cheap-belcaire\/\">the campsite\u2019s best rates<\/a>.    <\/p>\n\n\r\n    <\/div>\r\n<\/section><section id=\"ls-section-block_b2f9f31f9209eb811c5fcc71d56e56b9\" class=\"ls-section  home-eighth has-background has-color-4-background-color\" >\r\n        <div class=\"container container--wide\">\r\n        \n\n<div class=\"wp-block-columns is-layout-flex wp-container-core-columns-is-layout-9d6595d7 wp-block-columns-is-layout-flex\">\n<div class=\"wp-block-column is-layout-flow wp-block-column-is-layout-flow\">\n<h2 class=\"ls__heading wp-block-heading\">Discover <strong>the Aude in Cathar Country<\/strong><\/h2>\n\n\n\n<p class=\"ls-paragraph\">If you love culture and heritage,<a href=\"https:\/\/www.camping-pyrenees-cathare.fr\/en\/tourism-aude-region\/\"> the Aude, with all it has to offer<\/a>, is your ideal holiday destination. Medieval castles, Romanesque abbeys and museums invite you on a <strong>fascinating journey through history<\/strong>. A region with an exceptional heritage, the Aude can be explored through its<strong> 22 listed sites in the Cathar country.<\/strong> <br\/><br\/><strong>Follow in the footsteps of the Albigensians and explore the vertiginous citadels<\/strong>, medieval ruins and charming, well-preserved villages such as Rennes-les-Bains. Among the most famous castles of Cathar country are Lordat, Puylaurens and Monts\u00e9gur\u2026<br\/>Enjoy a wide range of family-friendly<a href=\"https:\/\/www.camping-pyrenees-cathare.fr\/en\/activities-aude\/\"> activities during your stay in the Aude.<\/a>  For the more active among you, explore the rich natural scenery on walks in the great outdoors. <br\/><br\/>The Aude Pyrenees offer<strong> mountainous landscapes of forests<\/strong>, pastures and caves\u2026 <strong>A natural setting perfect for hiking <\/strong>or mountain biking. Enjoy <strong>the pleasures of the water amidst gorges and torrent<\/strong>s, whether you\u2019re recharging your batteries at the thermal baths or trying your hand at white-water sports. <\/p>\n\n\n\n<div id=\"ls-heading ls-titre-div-block_a952331f74963cbd7699662f7e10dd59\" class=\"ls-titre-div titre-deco h2-like\" >\n    Make the most<br>of your memories!<\/div>\n<\/div>\n\n\n\n<div class=\"wp-block-column home-height__grid is-layout-flow wp-block-column-is-layout-flow\">\r\n<div id=\"ls-cta-block_f496f514db8b056b2a967c5b4cdc5177\" class=\"ls-cta cta-1 animated fadeIn slow\">  \r\n    \n\n<a href=\"https:\/\/www.camping-pyrenees-cathare.fr\/en\/tourism-aude-region\/\" target=\"\" rel=\"noopener\" class=\"ls-cta__link\">\n\n\t<div class=\"ls-cta__image\"><img decoding=\"async\" src=\"https:\/\/www.camping-pyrenees-cathare.fr\/wp-content\/uploads\/2023\/06\/village-de-belcaire-camping-les-chalets-du-lac-768x512-1.webp\" alt=\"the village of Belcaire\"><\/div>\n\t<span class=\"chalets-cercle\">+<\/span>\n\n\t<div class=\"ls-cta__title\">\n\t\tDiscover <strong>the Aude<\/strong>\t<\/div>\n\n\t\t\n<\/a><\/div>\n\n\r\n<div id=\"ls-cta-block_68c3fa188425b596d60c383ac9358c4e\" class=\"ls-cta cta-2 animated fadeIn delay-100ms slow\">  \r\n    \n\n<a href=\"https:\/\/www.camping-pyrenees-cathare.fr\/en\/tourism-aude-region\/#section-chateau\" target=\"\" rel=\"noopener\" class=\"ls-cta__link\">\n\n\t<div class=\"ls-cta__image\"><img decoding=\"async\" src=\"https:\/\/www.camping-pyrenees-cathare.fr\/wp-content\/uploads\/2023\/06\/visite-chateaux-cathare.webp\" alt=\"tour of Cathar castles\"><\/div>\n\t<span class=\"chalets-cercle\">+<\/span>\n\n\t<div class=\"ls-cta__title\">\n\t\tDiscover <strong>the Cathar castles<\/strong>\t<\/div>\n\n\t\t\n<\/a><\/div>\n\n\r\n<div id=\"ls-cta-block_6894dc3ae927fe34f1220b1fb36a51dd\" class=\"ls-cta cta-3 animated fadeIn delay-200ms slow\">  \r\n    \n\n<a href=\"https:\/\/www.camping-pyrenees-cathare.fr\/en\/tourism-aude-region\/#section-curiosite\" target=\"\" rel=\"noopener\" class=\"ls-cta__link\">\n\n\t<div class=\"ls-cta__image\"><img decoding=\"async\" src=\"https:\/\/www.camping-pyrenees-cathare.fr\/wp-content\/uploads\/2023\/06\/grottes-aude.webp\" alt=\"caves in the Aude region, near the Les Chalets du Lac Belcaire campsite.\"><\/div>\n\t<span class=\"chalets-cercle\">+<\/span>\n\n\t<div class=\"ls-cta__title\">\n\t\t<strong>Natural<\/strong> curiosities\t<\/div>\n\n\t\t\n<\/a><\/div>\n\n\r\n<div id=\"ls-cta-block_caae24ba8a1a05028a465c1bbd068624\" class=\"ls-cta cta-4 animated fadeIn delay-500ms slow\">  \r\n    \n\n<a href=\"https:\/\/www.camping-pyrenees-cathare.fr\/en\/tourism-aude-region\/#section-culture\" target=\"\" rel=\"noopener\" class=\"ls-cta__link\">\n\n\t<div class=\"ls-cta__image\"><img decoding=\"async\" src=\"https:\/\/www.camping-pyrenees-cathare.fr\/wp-content\/uploads\/2023\/06\/visite-de-carcassonne.webp\" alt=\"visit to Carcassonne\"><\/div>\n\t<span class=\"chalets-cercle\">+<\/span>\n\n\t<div class=\"ls-cta__title\">\n\t\t<strong>Cultural<\/strong> visits\t<\/div>\n\n\t\t\n<\/a><\/div>\n\n\r\n<div id=\"ls-cta-block_1e1b751bf1361d7fe983bcc3f8b60b96\" class=\"ls-cta cta-5 animated fadeIn delay-500ms slow\">  \r\n    \n\n<a href=\"https:\/\/www.camping-pyrenees-cathare.fr\/en\/activities-aude\/\" target=\"\" rel=\"noopener\" class=\"ls-cta__link\">\n\n\t<div class=\"ls-cta__image\"><img decoding=\"async\" src=\"https:\/\/www.camping-pyrenees-cathare.fr\/wp-content\/uploads\/2023\/06\/rando-vtt-aude.webp\" alt=\"mountain biking in the Aude\"><\/div>\n\t<span class=\"chalets-cercle\">+<\/span>\n\n\t<div class=\"ls-cta__title\">\n\t\tDiscover <strong>the activities<\/strong>\t<\/div>\n\n\t\t\n<\/a><\/div><\/div>\n<\/div>\n\n\n\n<figure class=\"wp-block-image size-full img-carte\"><a href=\"https:\/\/www.camping-pyrenees-cathare.fr\/wp-content\/uploads\/2023\/05\/carte-aude-camping-les-chalets-du-lac.webp\"><img loading=\"lazy\" decoding=\"async\" width=\"1011\" height=\"802\" src=\"https:\/\/www.camping-pyrenees-cathare.fr\/wp-content\/uploads\/2023\/05\/carte-aude-camping-les-chalets-du-lac.webp\" alt=\"Map Aude Camping les Chalets du Lac\" class=\"wp-image-392\" srcset=\"https:\/\/www.camping-pyrenees-cathare.fr\/wp-content\/uploads\/2023\/05\/carte-aude-camping-les-chalets-du-lac.webp 1011w, https:\/\/www.camping-pyrenees-cathare.fr\/wp-content\/uploads\/2023\/05\/carte-aude-camping-les-chalets-du-lac-300x238.webp 300w, https:\/\/www.camping-pyrenees-cathare.fr\/wp-content\/uploads\/2023\/05\/carte-aude-camping-les-chalets-du-lac-768x609.webp 768w\" sizes=\"auto, (max-width: 1011px) 100vw, 1011px\" \/><\/a><\/figure>\n\n\r\n    <\/div>\r\n<\/section><section id=\"ls-section-block_0e211f1e89e1143949f7b373c1491322\" class=\"ls-section  actus\" >\r\n        <div class=\"container container--wide\">\r\n        \n\n<h2 class=\"ls__heading wp-block-heading has-text-align-center\">Our news<\/h2>\n\n\n\n<p class=\"ls-paragraph has-text-align-center\">Discover <strong>the latest news<\/strong> from Les Chalets du Lac Belcaire, a charming campsite in Belcaire.<strong> Stay up <\/strong>to date with our special offers, upcoming events and exciting activities in the heart of unspoilt nature. Enjoy an unforgettable holiday with family or friends. <\/p>\n\n\n<div id=\"ls-maillage-block_b4db27803a44e20e74ac7d60cc475598\" class=\"ls-maillage cta-style-normal\" data-rows=\"3\">\r\n    <div class=\"wp-block-columns\"><div class=\"wp-block-column\"><div class=\"ls-cta\">\n\n<a href=\"https:\/\/www.camping-pyrenees-cathare.fr\/en\/non-classifiee\/belcaire-station-verte\/\" target=\"\" rel=\"noopener\" class=\"ls-cta__link\">\n\n\t<div class=\"ls-cta__image\"><img decoding=\"async\" src=\"https:\/\/www.camping-pyrenees-cathare.fr\/wp-content\/uploads\/2024\/06\/station_verte_big.png\" alt=\"Big Green Station\"><\/div>\n\t<span class=\"chalets-cercle\">+<\/span>\n\n\t<div class=\"ls-cta__title\">\n\t\tBelcaire, Green Station\t<\/div>\n\n\t\t\n<\/a><\/div><\/div><div class=\"wp-block-column\"><div class=\"ls-cta\">\n\n<a href=\"https:\/\/www.camping-pyrenees-cathare.fr\/en\/news\/le-camping-les-chalets-du-lac-belcaire-un-havre-de-paix-dog-friendly-au-coeur-de-la-nature\/\" target=\"\" rel=\"noopener\" class=\"ls-cta__link\">\n\n\t<div class=\"ls-cta__image\"><img decoding=\"async\" src=\"https:\/\/www.camping-pyrenees-cathare.fr\/wp-content\/uploads\/2025\/03\/20250108_113443-768x576.jpg\" alt=\"20250108 113443\"><\/div>\n\t<span class=\"chalets-cercle\">+<\/span>\n\n\t<div class=\"ls-cta__title\">\n\t\tCamping Dog Frendly\t<\/div>\n\n\t\t\n<\/a><\/div><\/div><div class=\"wp-block-column\"><div class=\"ls-cta\">\n\n<a href=\"https:\/\/www.camping-pyrenees-cathare.fr\/en\/non-classifiee\/la-foire-despezel-edition-2023-21-et-22-ocotbre\/\" target=\"\" rel=\"noopener\" class=\"ls-cta__link\">\n\n\t<div class=\"ls-cta__image\"><img decoding=\"async\" src=\"https:\/\/www.camping-pyrenees-cathare.fr\/wp-content\/uploads\/2023\/09\/pexels-mark-stebnicki-2252618-1-768x512.jpg\" alt=\"\"><\/div>\n\t<span class=\"chalets-cercle\">+<\/span>\n\n\t<div class=\"ls-cta__title\">\n\t\tFoire d&#8217;Espezel &#8211; 21 22 Octobre\t<\/div>\n\n\t\t\n<\/a><\/div><\/div><\/div><div class=\"wp-block-columns\"><div class=\"wp-block-column\"><div class=\"ls-cta\">\n\n<a href=\"https:\/\/www.camping-pyrenees-cathare.fr\/en\/blog\/hotel-belcaire-camping\/\" target=\"\" rel=\"noopener\" class=\"ls-cta__link\">\n\n\t<div class=\"ls-cta__image\"><img decoding=\"async\" src=\"https:\/\/www.camping-pyrenees-cathare.fr\/wp-content\/uploads\/2023\/05\/chalet-location-camping-les-chalets-du-lac-768x432.webp\" alt=\"Chalet location Camping les Chalets du Lac\"><\/div>\n\t<span class=\"chalets-cercle\">+<\/span>\n\n\t<div class=\"ls-cta__title\">\n\t\tUn h\u00f4tel au camping \u00e0 Belcaire : une nouvelle fa\u00e7on de s\u00e9journer en pleine nature\t<\/div>\n\n\t\t\n<\/a><\/div><\/div><div class=\"wp-block-column\"><div class=\"ls-cta\">\n\n<a href=\"https:\/\/www.camping-pyrenees-cathare.fr\/en\/blog\/un-camping-avec-piscine-proche-des-stations-de-ski\/\" target=\"\" rel=\"noopener\" class=\"ls-cta__link\">\n\n\t<div class=\"ls-cta__image\"><img decoding=\"async\" src=\"https:\/\/www.camping-pyrenees-cathare.fr\/wp-content\/uploads\/2023\/06\/location-raquette-ski-chalet-du-lac-768x1074.webp\" alt=\"Snowshoe rental ski chalet du lac\"><\/div>\n\t<span class=\"chalets-cercle\">+<\/span>\n\n\t<div class=\"ls-cta__title\">\n\t\tcamping proche des stations de ski\t<\/div>\n\n\t\t\n<\/a><\/div><\/div><div class=\"wp-block-column\"><div class=\"ls-cta\">\n\n<a href=\"https:\/\/www.camping-pyrenees-cathare.fr\/en\/blog\/ouverture-des-reservations-2026\/\" target=\"\" rel=\"noopener\" class=\"ls-cta__link\">\n\n\t<div class=\"ls-cta__image\"><img decoding=\"async\" src=\"https:\/\/www.camping-pyrenees-cathare.fr\/wp-content\/uploads\/2025\/10\/Montage-photo-Album-camping-Evenement-Moderne-amoureux-beige-768x614.jpg\" alt=\"\"><\/div>\n\t<span class=\"chalets-cercle\">+<\/span>\n\n\t<div class=\"ls-cta__title\">\n\t\tR\u00e9servez vos futures vacances 2026!\t<\/div>\n\n\t\t\n<\/a><\/div><\/div><\/div><\/div>\n\n\n\n<a href=\"https:\/\/www.camping-pyrenees-cathare.fr\/en\/news\/\" id=\"ls-button-block_4175507be9be05bcc5b85fd51510d7e8\" target=\"\" rel=\"\" class=\"ls-button aligncenter\">\n\n    <span>All our news <\/span>\n\n<\/a>\n\n\n\r\n    <\/div>\r\n<\/section><section id=\"ls-section-block_d7e57384edd3f19a3f170e972a7cba1e\" class=\"ls-section  home-ninth\" >\r\n        <div class=\"container \">\r\n        \n\n<h2 class=\"ls__heading wp-block-heading\">Check out<strong> our FAQs<\/strong> <\/h2>\n\n\n\n<div class=\"wp-block-columns is-layout-flex wp-container-core-columns-is-layout-9d6595d7 wp-block-columns-is-layout-flex\">\n<div class=\"wp-block-column is-layout-flow wp-block-column-is-layout-flow\" style=\"flex-basis:66.66%\"><div id=\"faq\" class=\"faq-container\"><div itemscope=\"\" itemtype=\"https:\/\/schema.org\/FAQPage\"><div class=\"faq__box\"><div class=\"faq__container\"><div class=\"faq__block\" itemscope=\"\" itemprop=\"mainEntity\" itemtype=\"https:\/\/schema.org\/Question\"><details class=\"faq\"><summary class=\"faq-question\" itemprop=\"name\">How do I add additional options to my cottage reservation?<span class=\"faq-opener\"><\/span><\/summary><div class=\"content\" itemscope=\"\" itemprop=\"acceptedAnswer\" itemtype=\"https:\/\/schema.org\/Answer\"><div itemprop=\"text\"><em><p>No worries if you forgot to book options when you originally booked. You can add options such as bed linen rental, cleaning, or a baby kit when you arrive at the property.<\/p>\n<\/em><\/div><\/div><\/details><\/div><\/div><\/div><div class=\"faq__box\"><div class=\"faq__container\"><div class=\"faq__block\" itemscope=\"\" itemprop=\"mainEntity\" itemtype=\"https:\/\/schema.org\/Question\"><details class=\"faq\"><summary class=\"faq-question\" itemprop=\"name\">When can I pick up the keys to my cottage?<span class=\"faq-opener\"><\/span><\/summary><div class=\"content\" itemscope=\"\" itemprop=\"acceptedAnswer\" itemtype=\"https:\/\/schema.org\/Answer\"><div itemprop=\"text\"><em><p>To collect the keys to your chalet and check in, you must go to the reception from 4pm to 7pm in winter and from 4pm to 8pm in summer. Please bring an ID and your health pass.<\/p>\n<\/em><\/div><\/div><\/details><\/div><\/div><\/div><div class=\"faq__box\"><div class=\"faq__container\"><div class=\"faq__block\" itemscope=\"\" itemprop=\"mainEntity\" itemtype=\"https:\/\/schema.org\/Question\"><details class=\"faq\"><summary class=\"faq-question\" itemprop=\"name\">What are the obligations for the check-out of my chalet?<span class=\"faq-opener\"><\/span><\/summary><div class=\"content\" itemscope=\"\" itemprop=\"acceptedAnswer\" itemtype=\"https:\/\/schema.org\/Answer\"><div itemprop=\"text\"><em><p>On the day of your departure, you must return the keys before 10am so that our teams can prepare the chalet for the next arrivals. The cottage must be tidied and cleaned, unless you have chosen the cleaning option.<\/p>\n<\/em><\/div><\/div><\/details><\/div><\/div><\/div><div class=\"faq__box\"><div class=\"faq__container\"><div class=\"faq__block\" itemscope=\"\" itemprop=\"mainEntity\" itemtype=\"https:\/\/schema.org\/Question\"><details class=\"faq\"><summary class=\"faq-question\" itemprop=\"name\">When can I access my campsite?<span class=\"faq-opener\"><\/span><\/summary><div class=\"content\" itemscope=\"\" itemprop=\"acceptedAnswer\" itemtype=\"https:\/\/schema.org\/Answer\"><div itemprop=\"text\"><em><p>Your campsite is available from 2pm on the day of your arrival. On the day of departure, it must be vacated before 11am. Please remember your ID for check-in.<\/p>\n<\/em><\/div><\/div><\/details><\/div><\/div><\/div><div class=\"faq__box\"><div class=\"faq__container\"><div class=\"faq__block\" itemscope=\"\" itemprop=\"mainEntity\" itemtype=\"https:\/\/schema.org\/Question\"><details class=\"faq\"><summary class=\"faq-question\" itemprop=\"name\"> How does WiFi access work?<span class=\"faq-opener\"><\/span><\/summary><div class=\"content\" itemscope=\"\" itemprop=\"acceptedAnswer\" itemtype=\"https:\/\/schema.org\/Answer\"><div itemprop=\"text\"><em><p>WiFi is available throughout the property. Access is free and illimited. No further steps are required.<\/p>\n<\/em><\/div><\/div><\/details><\/div><\/div><\/div><div class=\"faq__box\"><div class=\"faq__container\"><div class=\"faq__block\" itemscope=\"\" itemprop=\"mainEntity\" itemtype=\"https:\/\/schema.org\/Question\"><details class=\"faq\"><summary class=\"faq-question\" itemprop=\"name\">Can I bring my pet?<span class=\"faq-opener\"><\/span><\/summary><div class=\"content\" itemscope=\"\" itemprop=\"acceptedAnswer\" itemtype=\"https:\/\/schema.org\/Answer\"><div itemprop=\"text\"><em><p>Yes, your pet can accompany you during your holiday, with a supplement, provided it is vaccinated. Category 1 &amp; 2 dogs or dogs assimilable by their morphology are however prohibited.<\/p>\n<\/em><\/div><\/div><\/details><\/div><\/div><\/div><div class=\"faq__box\"><div class=\"faq__container\"><div class=\"faq__block\" itemscope=\"\" itemprop=\"mainEntity\" itemtype=\"https:\/\/schema.org\/Question\"><details class=\"faq\"><summary class=\"faq-question\" itemprop=\"name\">How do I manage visits during my stay?<span class=\"faq-opener\"><\/span><\/summary><div class=\"content\" itemscope=\"\" itemprop=\"acceptedAnswer\" itemtype=\"https:\/\/schema.org\/Answer\"><div itemprop=\"text\"><em><p>Your visitors will have to go to the reception with their pass and pay a fee of 2 \u20ac per person. This fee allows them to access the campsite for the day but not to stay or access the pool areas. Visitors&#8217; vehicles and pets are not allowed.<\/p>\n<\/em><\/div><\/div><\/details><\/div><\/div><\/div><\/div><\/div><\/div>\n\n\n\n<div class=\"wp-block-column is-layout-flow wp-block-column-is-layout-flow\" style=\"flex-basis:33.33%\">\n<div id=\"ls-pdf-block_20c821c44395add796a4a94cc89c2526\" class=\"ls-pdf\">\n    <div class=\"ls-pdf__list\">\n                                    <a href=\"https:\/\/www.camping-pyrenees-cathare.fr\/wp-content\/uploads\/2023\/05\/A4-Plan-Les-chalets-du-lac-Belcaire_compressed.pdf\" title=\"Campsite map\" class=\"ls-pdf__list__item\" data-fancybox=\"pdf\">\n                    <div>Campsite map <span>+<\/span><\/div>\n                                            <i class=\"chalets-map\"><\/i>\n                                    <\/a>\n                            <a href=\"https:\/\/www.camping-pyrenees-cathare.fr\/wp-content\/uploads\/2023\/05\/CGV_v2026.pdf\" title=\"GTC\" class=\"ls-pdf__list__item\" data-fancybox=\"pdf\">\n                    <div>GTC <span>+<\/span><\/div>\n                                            <i class=\"chalets-contrat\"><\/i>\n                                    <\/a>\n                            <a href=\"https:\/\/www.camping-pyrenees-cathare.fr\/wp-content\/uploads\/2023\/06\/Les-chalets-du-lac-Belcaire-RI.pdf\" title=\"Regulations\" class=\"ls-pdf__list__item\" data-fancybox=\"pdf\">\n                    <div>Regulations <span>+<\/span><\/div>\n                                            <i class=\"chalets-reglement\"><\/i>\n                                    <\/a>\n                            <a href=\"https:\/\/www.camping-pyrenees-cathare.fr\/wp-content\/uploads\/2023\/05\/Tarifs-2026-8.pdf\" title=\"Rates\" class=\"ls-pdf__list__item\" data-fancybox=\"pdf\">\n                    <div>Rates <span>+<\/span><\/div>\n                                            <i class=\"chalets-tarifs\"><\/i>\n                                    <\/a>\n                        <\/div>\n<\/div><\/div>\n<\/div>\n\n\r\n    <\/div>\r\n<\/section><section id=\"ls-section-block_a3c39cca7d1f9f833abe75b3cca239e6\" class=\"ls-section  home-tenth has-background has-color-3-background-color\" >\r\n        <div class=\"container container--wide\">\r\n        \n\n<div id=\"ls-heading ls-titre-div-block_d15f393e56042e577035d98bc4147284\" class=\"ls-titre-div titre-deco h2-like\" >\n    They say it<br>best!<\/div>\n\n\n\n\r\n    <\/div>\r\n<\/section>\n<p class=\"ls-paragraph\"><\/p>\n","protected":false},"excerpt":{"rendered":"","protected":false},"author":1,"featured_media":5040,"parent":0,"menu_order":0,"comment_status":"closed","ping_status":"closed","template":"","meta":{"_acf_changed":false,"footnotes":""},"sujet":[],"class_list":["post-4222","page","type-page","status-publish","has-post-thumbnail","hentry"],"acf":[],"yoast_head":"<!-- This site is optimized with the Yoast SEO plugin v25.2 - https:\/\/yoast.com\/wordpress\/plugins\/seo\/ -->\n<title>4-star campground near Belcaire | Campground in the Aude<\/title>\n<meta name=\"description\" content=\"Les Chalets du Lac Campsite in the Cathar Pyrenees, Aude: chalet rentals by the swimming lake at Belcaire, open all year round, indoor swimming pool, hiking, skiing, campsite near Aix-les-Thermes, and a wide range of activities. Accommodation in wooden chalets, and pitches for tents, caravans and motorhomes.\" \/>\n<meta name=\"robots\" content=\"index, follow, max-snippet:-1, max-image-preview:large, max-video-preview:-1\" \/>\n<link rel=\"canonical\" href=\"https:\/\/www.camping-pyrenees-cathare.fr\/en\/\" \/>\n<meta property=\"og:locale\" content=\"en_US\" \/>\n<meta property=\"og:type\" content=\"article\" \/>\n<meta property=\"og:title\" content=\"The Belcaire Lake Cottages\" \/>\n<meta property=\"og:description\" content=\"The Belcaire Lake Cottages\" \/>\n<meta property=\"og:url\" content=\"https:\/\/www.camping-pyrenees-cathare.fr\/en\/\" \/>\n<meta property=\"og:site_name\" content=\"Les Chalets du Lac Belcaire\" \/>\n<meta property=\"article:publisher\" content=\"https:\/\/www.facebook.com\/campingbelcaire\/?locale=fr_FR\" \/>\n<meta property=\"article:modified_time\" content=\"2026-03-30T08:38:37+00:00\" \/>\n<meta property=\"og:image\" content=\"https:\/\/www.camping-pyrenees-cathare.fr\/wp-content\/uploads\/2023\/06\/chalet-location-camping-les-chalets-du-lac-768x432-1.webp\" \/>\n<meta name=\"twitter:card\" content=\"summary_large_image\" \/>\n<meta name=\"twitter:label1\" content=\"Est. reading time\" \/>\n\t<meta name=\"twitter:data1\" content=\"5 minutes\" \/>\n<script type=\"application\/ld+json\" class=\"yoast-schema-graph\">{\"@context\":\"https:\/\/schema.org\",\"@graph\":[{\"@type\":\"WebPage\",\"@id\":\"https:\/\/www.camping-pyrenees-cathare.fr\/en\/\",\"url\":\"https:\/\/www.camping-pyrenees-cathare.fr\/en\/\",\"name\":\"4-star campground near Belcaire | Campground in the Aude\",\"isPartOf\":{\"@id\":\"https:\/\/www.camping-pyrenees-cathare.fr\/#website\"},\"primaryImageOfPage\":{\"@id\":\"https:\/\/www.camping-pyrenees-cathare.fr\/en\/#primaryimage\"},\"image\":{\"@id\":\"https:\/\/www.camping-pyrenees-cathare.fr\/en\/#primaryimage\"},\"thumbnailUrl\":\"https:\/\/www.camping-pyrenees-cathare.fr\/wp-content\/uploads\/2025\/03\/Design-sans-titre-3.png\",\"datePublished\":\"2023-06-20T07:42:14+00:00\",\"dateModified\":\"2026-03-30T08:38:37+00:00\",\"description\":\"Les Chalets du Lac Campsite in the Cathar Pyrenees, Aude: chalet rentals by the swimming lake at Belcaire, open all year round, indoor swimming pool, hiking, skiing, campsite near Aix-les-Thermes, and a wide range of activities. Accommodation in wooden chalets, and pitches for tents, caravans and motorhomes.\",\"breadcrumb\":{\"@id\":\"https:\/\/www.camping-pyrenees-cathare.fr\/en\/#breadcrumb\"},\"inLanguage\":\"en-US\",\"potentialAction\":[{\"@type\":\"ReadAction\",\"target\":[\"https:\/\/www.camping-pyrenees-cathare.fr\/en\/\"]}]},{\"@type\":\"ImageObject\",\"inLanguage\":\"en-US\",\"@id\":\"https:\/\/www.camping-pyrenees-cathare.fr\/en\/#primaryimage\",\"url\":\"https:\/\/www.camping-pyrenees-cathare.fr\/wp-content\/uploads\/2025\/03\/Design-sans-titre-3.png\",\"contentUrl\":\"https:\/\/www.camping-pyrenees-cathare.fr\/wp-content\/uploads\/2025\/03\/Design-sans-titre-3.png\",\"width\":768,\"height\":432,\"caption\":\"Design sans titre (3)\"},{\"@type\":\"BreadcrumbList\",\"@id\":\"https:\/\/www.camping-pyrenees-cathare.fr\/en\/#breadcrumb\",\"itemListElement\":[{\"@type\":\"ListItem\",\"position\":1,\"name\":\"Camping Belcaire\",\"item\":\"https:\/\/www.camping-pyrenees-cathare.fr\/en\/\"},{\"@type\":\"ListItem\",\"position\":2,\"name\":\"Home\"}]},{\"@type\":\"WebSite\",\"@id\":\"https:\/\/www.camping-pyrenees-cathare.fr\/#website\",\"url\":\"https:\/\/www.camping-pyrenees-cathare.fr\/\",\"name\":\"Les chalets du lac Belcaire\",\"description\":\"\",\"publisher\":{\"@id\":\"https:\/\/www.camping-pyrenees-cathare.fr\/#organization\"},\"potentialAction\":[{\"@type\":\"SearchAction\",\"target\":{\"@type\":\"EntryPoint\",\"urlTemplate\":\"https:\/\/www.camping-pyrenees-cathare.fr\/?s={search_term_string}\"},\"query-input\":{\"@type\":\"PropertyValueSpecification\",\"valueRequired\":true,\"valueName\":\"search_term_string\"}}],\"inLanguage\":\"en-US\"},{\"@type\":\"Organization\",\"@id\":\"https:\/\/www.camping-pyrenees-cathare.fr\/#organization\",\"name\":\"Les chalets du lac Belcaire\",\"url\":\"https:\/\/www.camping-pyrenees-cathare.fr\/\",\"logo\":{\"@type\":\"ImageObject\",\"inLanguage\":\"en-US\",\"@id\":\"https:\/\/www.camping-pyrenees-cathare.fr\/#\/schema\/logo\/image\/\",\"url\":\"https:\/\/www.camping-pyrenees-cathare.fr\/wp-content\/uploads\/2023\/05\/logo-couleur-camping-les-chalets-du-lac.webp\",\"contentUrl\":\"https:\/\/www.camping-pyrenees-cathare.fr\/wp-content\/uploads\/2023\/05\/logo-couleur-camping-les-chalets-du-lac.webp\",\"width\":462,\"height\":252,\"caption\":\"Les chalets du lac Belcaire\"},\"image\":{\"@id\":\"https:\/\/www.camping-pyrenees-cathare.fr\/#\/schema\/logo\/image\/\"},\"sameAs\":[\"https:\/\/www.facebook.com\/campingbelcaire\/?locale=fr_FR\",\"https:\/\/www.tripadvisor.fr\/Hotel_Review-g1384321-d13748665-Reviews-Les_Chalets_du_Lac-Belcaire_Aude_Occitanie.html\",\"https:\/\/www.instagram.com\/leschaletsdulacbelcaire\/\"]}]}<\/script>\n<!-- \/ Yoast SEO plugin. -->","yoast_head_json":{"title":"4-star campground near Belcaire | Campground in the Aude","description":"Les Chalets du Lac Campsite in the Cathar Pyrenees, Aude: chalet rentals by the swimming lake at Belcaire, open all year round, indoor swimming pool, hiking, skiing, campsite near Aix-les-Thermes, and a wide range of activities. Accommodation in wooden chalets, and pitches for tents, caravans and motorhomes.","robots":{"index":"index","follow":"follow","max-snippet":"max-snippet:-1","max-image-preview":"max-image-preview:large","max-video-preview":"max-video-preview:-1"},"canonical":"https:\/\/www.camping-pyrenees-cathare.fr\/en\/","og_locale":"en_US","og_type":"article","og_title":"The Belcaire Lake Cottages","og_description":"The Belcaire Lake Cottages","og_url":"https:\/\/www.camping-pyrenees-cathare.fr\/en\/","og_site_name":"Les Chalets du Lac Belcaire","article_publisher":"https:\/\/www.facebook.com\/campingbelcaire\/?locale=fr_FR","article_modified_time":"2026-03-30T08:38:37+00:00","og_image":[{"url":"https:\/\/www.camping-pyrenees-cathare.fr\/wp-content\/uploads\/2023\/06\/chalet-location-camping-les-chalets-du-lac-768x432-1.webp","type":"","width":"","height":""}],"twitter_card":"summary_large_image","twitter_misc":{"Est. reading time":"5 minutes"},"schema":{"@context":"https:\/\/schema.org","@graph":[{"@type":"WebPage","@id":"https:\/\/www.camping-pyrenees-cathare.fr\/en\/","url":"https:\/\/www.camping-pyrenees-cathare.fr\/en\/","name":"4-star campground near Belcaire | Campground in the Aude","isPartOf":{"@id":"https:\/\/www.camping-pyrenees-cathare.fr\/#website"},"primaryImageOfPage":{"@id":"https:\/\/www.camping-pyrenees-cathare.fr\/en\/#primaryimage"},"image":{"@id":"https:\/\/www.camping-pyrenees-cathare.fr\/en\/#primaryimage"},"thumbnailUrl":"https:\/\/www.camping-pyrenees-cathare.fr\/wp-content\/uploads\/2025\/03\/Design-sans-titre-3.png","datePublished":"2023-06-20T07:42:14+00:00","dateModified":"2026-03-30T08:38:37+00:00","description":"Les Chalets du Lac Campsite in the Cathar Pyrenees, Aude: chalet rentals by the swimming lake at Belcaire, open all year round, indoor swimming pool, hiking, skiing, campsite near Aix-les-Thermes, and a wide range of activities. Accommodation in wooden chalets, and pitches for tents, caravans and motorhomes.","breadcrumb":{"@id":"https:\/\/www.camping-pyrenees-cathare.fr\/en\/#breadcrumb"},"inLanguage":"en-US","potentialAction":[{"@type":"ReadAction","target":["https:\/\/www.camping-pyrenees-cathare.fr\/en\/"]}]},{"@type":"ImageObject","inLanguage":"en-US","@id":"https:\/\/www.camping-pyrenees-cathare.fr\/en\/#primaryimage","url":"https:\/\/www.camping-pyrenees-cathare.fr\/wp-content\/uploads\/2025\/03\/Design-sans-titre-3.png","contentUrl":"https:\/\/www.camping-pyrenees-cathare.fr\/wp-content\/uploads\/2025\/03\/Design-sans-titre-3.png","width":768,"height":432,"caption":"Design sans titre (3)"},{"@type":"BreadcrumbList","@id":"https:\/\/www.camping-pyrenees-cathare.fr\/en\/#breadcrumb","itemListElement":[{"@type":"ListItem","position":1,"name":"Camping Belcaire","item":"https:\/\/www.camping-pyrenees-cathare.fr\/en\/"},{"@type":"ListItem","position":2,"name":"Home"}]},{"@type":"WebSite","@id":"https:\/\/www.camping-pyrenees-cathare.fr\/#website","url":"https:\/\/www.camping-pyrenees-cathare.fr\/","name":"Les chalets du lac Belcaire","description":"","publisher":{"@id":"https:\/\/www.camping-pyrenees-cathare.fr\/#organization"},"potentialAction":[{"@type":"SearchAction","target":{"@type":"EntryPoint","urlTemplate":"https:\/\/www.camping-pyrenees-cathare.fr\/?s={search_term_string}"},"query-input":{"@type":"PropertyValueSpecification","valueRequired":true,"valueName":"search_term_string"}}],"inLanguage":"en-US"},{"@type":"Organization","@id":"https:\/\/www.camping-pyrenees-cathare.fr\/#organization","name":"Les chalets du lac Belcaire","url":"https:\/\/www.camping-pyrenees-cathare.fr\/","logo":{"@type":"ImageObject","inLanguage":"en-US","@id":"https:\/\/www.camping-pyrenees-cathare.fr\/#\/schema\/logo\/image\/","url":"https:\/\/www.camping-pyrenees-cathare.fr\/wp-content\/uploads\/2023\/05\/logo-couleur-camping-les-chalets-du-lac.webp","contentUrl":"https:\/\/www.camping-pyrenees-cathare.fr\/wp-content\/uploads\/2023\/05\/logo-couleur-camping-les-chalets-du-lac.webp","width":462,"height":252,"caption":"Les chalets du lac Belcaire"},"image":{"@id":"https:\/\/www.camping-pyrenees-cathare.fr\/#\/schema\/logo\/image\/"},"sameAs":["https:\/\/www.facebook.com\/campingbelcaire\/?locale=fr_FR","https:\/\/www.tripadvisor.fr\/Hotel_Review-g1384321-d13748665-Reviews-Les_Chalets_du_Lac-Belcaire_Aude_Occitanie.html","https:\/\/www.instagram.com\/leschaletsdulacbelcaire\/"]}]}},"_links":{"self":[{"href":"https:\/\/www.camping-pyrenees-cathare.fr\/en\/wp-json\/wp\/v2\/pages\/4222","targetHints":{"allow":["GET"]}}],"collection":[{"href":"https:\/\/www.camping-pyrenees-cathare.fr\/en\/wp-json\/wp\/v2\/pages"}],"about":[{"href":"https:\/\/www.camping-pyrenees-cathare.fr\/en\/wp-json\/wp\/v2\/types\/page"}],"author":[{"embeddable":true,"href":"https:\/\/www.camping-pyrenees-cathare.fr\/en\/wp-json\/wp\/v2\/users\/1"}],"replies":[{"embeddable":true,"href":"https:\/\/www.camping-pyrenees-cathare.fr\/en\/wp-json\/wp\/v2\/comments?post=4222"}],"version-history":[{"count":19,"href":"https:\/\/www.camping-pyrenees-cathare.fr\/en\/wp-json\/wp\/v2\/pages\/4222\/revisions"}],"predecessor-version":[{"id":5714,"href":"https:\/\/www.camping-pyrenees-cathare.fr\/en\/wp-json\/wp\/v2\/pages\/4222\/revisions\/5714"}],"wp:featuredmedia":[{"embeddable":true,"href":"https:\/\/www.camping-pyrenees-cathare.fr\/en\/wp-json\/wp\/v2\/media\/5040"}],"wp:attachment":[{"href":"https:\/\/www.camping-pyrenees-cathare.fr\/en\/wp-json\/wp\/v2\/media?parent=4222"}],"wp:term":[{"taxonomy":"sujet","embeddable":true,"href":"https:\/\/www.camping-pyrenees-cathare.fr\/en\/wp-json\/wp\/v2\/sujet?post=4222"}],"curies":[{"name":"wp","href":"https:\/\/api.w.org\/{rel}","templated":true}]}}