{"id":5717,"date":"2026-03-30T11:07:48","date_gmt":"2026-03-30T09:07:48","guid":{"rendered":"https:\/\/www.camping-pyrenees-cathare.fr\/5376-2\/"},"modified":"2026-03-30T11:07:48","modified_gmt":"2026-03-30T09:07:48","slug":"5376-2","status":"publish","type":"page","link":"https:\/\/www.camping-pyrenees-cathare.fr\/en\/5376-2\/","title":{"rendered":"Your Wonderbox gift set"},"content":{"rendered":"<section id=\"ls-section-block_de3eb70d0f14ee32d0056dabc0b2a4ba\" class=\"ls-section  home-first page-one\" >\r\n        <div class=\"container container--full\">\r\n        \n\n<div class=\"wp-block-columns are-vertically-aligned-top is-layout-flex wp-container-core-columns-is-layout-9d6595d7 wp-block-columns-is-layout-flex\">\n<div class=\"wp-block-column is-vertically-aligned-top animated fadeInLeft slow is-layout-flow wp-block-column-is-layout-flow\" style=\"flex-basis:50%\">\n<figure class=\"wp-block-image size-full image-blob\"><img loading=\"lazy\" decoding=\"async\" width=\"816\" height=\"1456\" src=\"https:\/\/www.camping-pyrenees-cathare.fr\/wp-content\/uploads\/2025\/02\/famille-marche-dans-la-foter.webp\" alt=\"family walking in the forest\" class=\"wp-image-4941\" srcset=\"https:\/\/www.camping-pyrenees-cathare.fr\/wp-content\/uploads\/2025\/02\/famille-marche-dans-la-foter.webp 816w, https:\/\/www.camping-pyrenees-cathare.fr\/wp-content\/uploads\/2025\/02\/famille-marche-dans-la-foter-168x300.webp 168w, https:\/\/www.camping-pyrenees-cathare.fr\/wp-content\/uploads\/2025\/02\/famille-marche-dans-la-foter-574x1024.webp 574w, https:\/\/www.camping-pyrenees-cathare.fr\/wp-content\/uploads\/2025\/02\/famille-marche-dans-la-foter-768x1370.webp 768w\" sizes=\"auto, (max-width: 816px) 100vw, 816px\" \/><\/figure>\n\n\n\n<figure class=\"wp-block-image size-full image-secondaire\"><a href=\"https:\/\/www.camping-pyrenees-cathare.fr\/wp-content\/uploads\/2025\/05\/2366586-854x1067-1.jpg\"><img loading=\"lazy\" decoding=\"async\" width=\"854\" height=\"1067\" src=\"https:\/\/www.camping-pyrenees-cathare.fr\/wp-content\/uploads\/2025\/05\/2366586-854x1067-1.jpg\" alt=\"2366586 854x1067\" class=\"wp-image-5383\" srcset=\"https:\/\/www.camping-pyrenees-cathare.fr\/wp-content\/uploads\/2025\/05\/2366586-854x1067-1.jpg 854w, https:\/\/www.camping-pyrenees-cathare.fr\/wp-content\/uploads\/2025\/05\/2366586-854x1067-1-240x300.jpg 240w, https:\/\/www.camping-pyrenees-cathare.fr\/wp-content\/uploads\/2025\/05\/2366586-854x1067-1-820x1024.jpg 820w, https:\/\/www.camping-pyrenees-cathare.fr\/wp-content\/uploads\/2025\/05\/2366586-854x1067-1-768x960.jpg 768w\" sizes=\"auto, (max-width: 854px) 100vw, 854px\" \/><\/a><\/figure>\n<\/div>\n\n\n\n<div class=\"wp-block-column is-vertically-aligned-top has-color-4-background-color has-background is-layout-flow wp-block-column-is-layout-flow\" style=\"flex-basis:40%\">\n<div id=\"ls-heading ls-titre-div-block_216cb5699b60799be56c97cf97e6d02e\" class=\"ls-titre-div titre-deco h2-like has-text-color has-color-1-color\" >\n    Information and bookings<br>Wonderbox<\/div>\n\n\n\n<h1 class=\"ls__heading wp-block-heading\">YOUR wonderbox gift set<\/h1>\n\n\n\n<h2 class=\"ls__heading wp-block-heading\">How does it work? <\/h2>\n\n\n\n<p class=\"ls-paragraph\">A Wonderbox <strong>gift box<\/strong> is a gift that offers a <strong>unique experience<\/strong>: a dinner, a weekend away, a sporting activity, a spa treatment, and so on. There\u2019s something to suit every taste and budget! <\/p>\n\n\n\n<ol class=\"ls-list ls-list-undefined wp-block-list\">\n<li>You have been given a Wonderbox gift box.<\/li>\n\n\n\n<li>You can choose<strong> from hundreds of activities<\/strong> included in the box set.<\/li>\n\n\n\n<li>You book <strong>directly<\/strong> with the selected partner.<\/li>\n\n\n\n<li>All that\u2019s left to do is enjoy the experience!<\/li>\n<\/ol>\n\n\n\n<p class=\"ls-paragraph\">Each box is valid <strong>for several months<\/strong>, can often <strong>be extended free<\/strong> of charge, and can be <strong>easily exchanged<\/strong> if necessary.<\/p>\n\n\n\n<h2 class=\"ls__heading wp-block-heading\">Enter a booking request <\/h2>\n\n\n\n<blockquote class=\"wp-block-quote is-layout-flow wp-block-quote-is-layout-flow\">\n<p class=\"ls-paragraph\">Filling in this form <strong>does not constitute a firm booking<\/strong>. It is <strong>a booking request<\/strong>, subject to availability. <\/p>\n\n\n\n<p class=\"ls-paragraph has-text-align-left\">You will receive <strong>a booking proposal by email<\/strong>. The booking will only be confirmed once<strong> you have approved it and paid a deposit <\/strong>in accordance with the Terms and Conditions. <\/p>\n\n\n\n<p class=\"ls-paragraph\">Thank you for your enquiry; we will get back to you as soon as possible!<\/p>\n\n\n\n<p class=\"ls-paragraph has-text-align-center\"><strong>Please be advised that the contract between our campsite and Wonderbox is currently being renegotiated. Consequently, any Wonderbox gift vouchers you may have that specify a service at our campsite may be refused. <\/strong><\/p>\n<\/blockquote>\n\n\n\n\n<div class=\"wpcf7 no-js\" id=\"wpcf7-f5372-o1\" lang=\"fr-FR\" dir=\"ltr\" data-wpcf7-id=\"5372\">\n<div class=\"screen-reader-response\"><p role=\"status\" aria-live=\"polite\" aria-atomic=\"true\"><\/p> <ul><\/ul><\/div>\n<form action=\"\/en\/wp-json\/wp\/v2\/pages\/5717#wpcf7-f5372-o1\" method=\"post\" class=\"wpcf7-form init\" aria-label=\"Formulaire de contact\" novalidate=\"novalidate\" data-status=\"init\">\n<div style=\"display: none;\">\n<input type=\"hidden\" name=\"_wpcf7\" value=\"5372\" \/>\n<input type=\"hidden\" name=\"_wpcf7_version\" value=\"6.0.6\" \/>\n<input type=\"hidden\" name=\"_wpcf7_locale\" value=\"fr_FR\" \/>\n<input type=\"hidden\" name=\"_wpcf7_unit_tag\" value=\"wpcf7-f5372-o1\" \/>\n<input type=\"hidden\" name=\"_wpcf7_container_post\" value=\"0\" \/>\n<input type=\"hidden\" name=\"_wpcf7_posted_data_hash\" value=\"\" \/>\n<input type=\"hidden\" name=\"_wpcf7_recaptcha_response\" value=\"\" \/>\n<\/div>\n<p><label> Votre nom et pr\u00e9nom<br \/>\n<span class=\"wpcf7-form-control-wrap\" data-name=\"your-name\"><input size=\"40\" maxlength=\"400\" class=\"wpcf7-form-control wpcf7-text wpcf7-validates-as-required\" autocomplete=\"name\" aria-required=\"true\" aria-invalid=\"false\" value=\"\" type=\"text\" name=\"your-name\" \/><\/span> <\/label><br \/>\n<label> Votre e-mail<br \/>\n<span class=\"wpcf7-form-control-wrap\" data-name=\"your-email\"><input size=\"40\" maxlength=\"400\" class=\"wpcf7-form-control wpcf7-email wpcf7-validates-as-required wpcf7-text wpcf7-validates-as-email\" autocomplete=\"email\" aria-required=\"true\" aria-invalid=\"false\" value=\"\" type=\"email\" name=\"your-email\" \/><\/span> <\/label><br \/>\n<label> Num\u00e9ro de t\u00e9l\u00e9phone<br \/>\n<span class=\"wpcf7-form-control-wrap\" data-name=\"your-phone\"><input size=\"40\" maxlength=\"400\" class=\"wpcf7-form-control wpcf7-tel wpcf7-validates-as-required wpcf7-text wpcf7-validates-as-tel\" aria-required=\"true\" aria-invalid=\"false\" value=\"\" type=\"tel\" name=\"your-phone\" \/><\/span> <\/label><br \/>\n<label> Adresse<br \/>\n<span class=\"wpcf7-form-control-wrap\" data-name=\"Adresse\"><input size=\"40\" maxlength=\"400\" class=\"wpcf7-form-control wpcf7-text wpcf7-validates-as-required\" aria-required=\"true\" aria-invalid=\"false\" value=\"\" type=\"text\" name=\"Adresse\" \/><\/span> <\/label><br \/>\n<label> Code postal<br \/>\n<span class=\"wpcf7-form-control-wrap\" data-name=\"CodePostal\"><input class=\"wpcf7-form-control wpcf7-number wpcf7-validates-as-required wpcf7-validates-as-number\" aria-required=\"true\" aria-invalid=\"false\" value=\"\" type=\"number\" name=\"CodePostal\" \/><\/span> <\/label><br \/>\n<label> Ville<br \/>\n<span class=\"wpcf7-form-control-wrap\" data-name=\"Ville\"><input size=\"40\" maxlength=\"400\" class=\"wpcf7-form-control wpcf7-text wpcf7-validates-as-required\" aria-required=\"true\" aria-invalid=\"false\" value=\"\" type=\"text\" name=\"Ville\" \/><\/span> <\/label><br \/>\n<label> Num\u00e9ro du ch\u00e8que cadeau wonderbox<br \/>\n<span class=\"wpcf7-form-control-wrap\" data-name=\"NAVF\"><input size=\"40\" maxlength=\"400\" class=\"wpcf7-form-control wpcf7-text wpcf7-validates-as-required\" aria-required=\"true\" aria-invalid=\"false\" value=\"\" type=\"text\" name=\"NAVF\" \/><\/span> <\/label>\n<\/p>\n<p><label><strong> Informations concernant les autres participants <\/strong><\/label><br \/>\n<label> Participant 2 <span class=\"wpcf7-form-control-wrap\" data-name=\"Nom-Participant-2\"><input size=\"40\" maxlength=\"400\" class=\"wpcf7-form-control wpcf7-text wpcf7-validates-as-required\" aria-required=\"true\" aria-invalid=\"false\" value=\"\" type=\"text\" name=\"Nom-Participant-2\" \/><\/span><\/label><br \/>\n<span class=\"wpcf7-form-control-wrap\" data-name=\"checkbox-Participant2\"><span class=\"wpcf7-form-control wpcf7-checkbox wpcf7-exclusive-checkbox\"><span class=\"wpcf7-list-item first\"><label><input type=\"checkbox\" name=\"checkbox-Participant2\" value=\"Personne de + 18 ans\" \/><span class=\"wpcf7-list-item-label\">Personne de + 18 ans<\/span><\/label><\/span><span class=\"wpcf7-list-item last\"><label><input type=\"checkbox\" name=\"checkbox-Participant2\" value=\"Personne de - 18 ans\" \/><span class=\"wpcf7-list-item-label\">Personne de - 18 ans<\/span><\/label><\/span><\/span><\/span>\n<\/p>\n<p><label> Participant 3 <span class=\"wpcf7-form-control-wrap\" data-name=\"Nom-Participant-3\"><input size=\"40\" maxlength=\"400\" class=\"wpcf7-form-control wpcf7-text\" aria-invalid=\"false\" value=\"\" type=\"text\" name=\"Nom-Participant-3\" \/><\/span><\/label><br \/>\n<span class=\"wpcf7-form-control-wrap\" data-name=\"checkbox-Participant3\"><span class=\"wpcf7-form-control wpcf7-checkbox wpcf7-exclusive-checkbox\"><span class=\"wpcf7-list-item first\"><label><input type=\"checkbox\" name=\"checkbox-Participant3\" value=\"Personne de + 18ans\" \/><span class=\"wpcf7-list-item-label\">Personne de + 18ans<\/span><\/label><\/span><span class=\"wpcf7-list-item last\"><label><input type=\"checkbox\" name=\"checkbox-Participant3\" value=\"Personne de - 18 ans\" \/><span class=\"wpcf7-list-item-label\">Personne de - 18 ans<\/span><\/label><\/span><\/span><\/span>\n<\/p>\n<p><label> Participant 4 <span class=\"wpcf7-form-control-wrap\" data-name=\"Nom-Participant-3\"><input size=\"40\" maxlength=\"400\" class=\"wpcf7-form-control wpcf7-text\" aria-invalid=\"false\" value=\"\" type=\"text\" name=\"Nom-Participant-3\" \/><\/span><\/label><br \/>\n<span class=\"wpcf7-form-control-wrap\" data-name=\"checkbox-Participant3\"><span class=\"wpcf7-form-control wpcf7-checkbox wpcf7-exclusive-checkbox\"><span class=\"wpcf7-list-item first\"><label><input type=\"checkbox\" name=\"checkbox-Participant3\" value=\"Personne de + 18ans\" \/><span class=\"wpcf7-list-item-label\">Personne de + 18ans<\/span><\/label><\/span><span class=\"wpcf7-list-item last\"><label><input type=\"checkbox\" name=\"checkbox-Participant3\" value=\"Personne de - 18 ans\" \/><span class=\"wpcf7-list-item-label\">Personne de - 18 ans<\/span><\/label><\/span><\/span><\/span>\n<\/p>\n<p><label><strong> Informations concernant votre s\u00e9jour<\/strong> <\/label><br \/>\n<label>Date de d\u00e9but de s\u00e9jour<br \/>\n<span class=\"wpcf7-form-control-wrap\" data-name=\"Date-Debut\"><input class=\"wpcf7-form-control wpcf7-date wpcf7-validates-as-required wpcf7-validates-as-date\" aria-required=\"true\" aria-invalid=\"false\" value=\"\" type=\"date\" name=\"Date-Debut\" \/><\/span><\/label><br \/>\n<label>Date de fin de s\u00e9jour<br \/>\n<span class=\"wpcf7-form-control-wrap\" data-name=\"Date-Fin\"><input class=\"wpcf7-form-control wpcf7-date wpcf7-validates-as-required wpcf7-validates-as-date\" aria-required=\"true\" aria-invalid=\"false\" value=\"\" type=\"date\" name=\"Date-Fin\" \/><\/span><\/label>\n<\/p>\n<p><label><strong> Informations compl\u00e9mentaires que vous souhaitez transmettre au camping<\/strong> <\/label><br \/>\n<span class=\"wpcf7-form-control-wrap\" data-name=\"textarea-691\"><textarea cols=\"40\" rows=\"10\" maxlength=\"2000\" class=\"wpcf7-form-control wpcf7-textarea\" aria-invalid=\"false\" name=\"textarea-691\"><\/textarea><\/span>\n<\/p>\n<p><span class=\"wpcf7-form-control-wrap\" data-name=\"acceptance-553\"><span class=\"wpcf7-form-control wpcf7-acceptance\"><span class=\"wpcf7-list-item\"><label><input type=\"checkbox\" name=\"acceptance-553\" value=\"1\" aria-invalid=\"false\" \/><span class=\"wpcf7-list-item-label\">En cochant cette case, j'accepte la <a href=\"\/politique-de-confidentialite\/\" rel=\"nofollow\" target=\"_blank\">Politique de confidentialit\u00e9<\/a> de ce site.<\/span><\/label><\/span><\/span><\/span>\n<\/p>\n<p><input class=\"wpcf7-form-control wpcf7-submit has-spinner\" type=\"submit\" value=\"Envoyer ma demande de devis\" \/>\n<\/p><div class=\"wpcf7-response-output\" aria-hidden=\"true\"><\/div>\n<\/form>\n<\/div>\n\n\n\n\n<p class=\"ls-paragraph\"><\/p>\n<\/div>\n<\/div>\n\n\r\n    <\/div>\r\n<\/section>","protected":false},"excerpt":{"rendered":"","protected":false},"author":3,"featured_media":0,"parent":0,"menu_order":0,"comment_status":"closed","ping_status":"closed","template":"","meta":{"_acf_changed":false,"footnotes":""},"sujet":[],"class_list":["post-5717","page","type-page","status-publish","hentry"],"acf":[],"yoast_head":"<!-- This site is optimized with the Yoast SEO plugin v25.2 - https:\/\/yoast.com\/wordpress\/plugins\/seo\/ -->\n<title>Your Wonderbox gift set - Les Chalets du Lac Belcaire<\/title>\n<meta name=\"robots\" content=\"index, follow, max-snippet:-1, max-image-preview:large, max-video-preview:-1\" \/>\n<link rel=\"canonical\" href=\"https:\/\/www.camping-pyrenees-cathare.fr\/en\/5376-2\/\" \/>\n<meta property=\"og:locale\" content=\"en_US\" \/>\n<meta property=\"og:type\" content=\"article\" \/>\n<meta property=\"og:title\" content=\"Your Wonderbox gift set - Les Chalets du Lac Belcaire\" \/>\n<meta property=\"og:url\" content=\"https:\/\/www.camping-pyrenees-cathare.fr\/en\/5376-2\/\" \/>\n<meta property=\"og:site_name\" content=\"Les Chalets du Lac Belcaire\" \/>\n<meta property=\"article:publisher\" content=\"https:\/\/www.facebook.com\/campingbelcaire\/?locale=fr_FR\" \/>\n<meta property=\"og:image\" content=\"https:\/\/www.camping-pyrenees-cathare.fr\/wp-content\/uploads\/2025\/02\/famille-marche-dans-la-foter.webp\" \/>\n\t<meta property=\"og:image:width\" content=\"816\" \/>\n\t<meta property=\"og:image:height\" content=\"1456\" \/>\n\t<meta property=\"og:image:type\" content=\"image\/webp\" \/>\n<meta name=\"twitter:card\" content=\"summary_large_image\" \/>\n<meta name=\"twitter:label1\" content=\"Est. reading time\" \/>\n\t<meta name=\"twitter:data1\" content=\"1 minute\" \/>\n<script type=\"application\/ld+json\" class=\"yoast-schema-graph\">{\"@context\":\"https:\/\/schema.org\",\"@graph\":[{\"@type\":\"WebPage\",\"@id\":\"https:\/\/www.camping-pyrenees-cathare.fr\/en\/5376-2\/\",\"url\":\"https:\/\/www.camping-pyrenees-cathare.fr\/en\/5376-2\/\",\"name\":\"Your Wonderbox gift set - Les Chalets du Lac Belcaire\",\"isPartOf\":{\"@id\":\"https:\/\/www.camping-pyrenees-cathare.fr\/#website\"},\"primaryImageOfPage\":{\"@id\":\"https:\/\/www.camping-pyrenees-cathare.fr\/en\/5376-2\/#primaryimage\"},\"image\":{\"@id\":\"https:\/\/www.camping-pyrenees-cathare.fr\/en\/5376-2\/#primaryimage\"},\"thumbnailUrl\":\"https:\/\/www.camping-pyrenees-cathare.fr\/wp-content\/uploads\/2025\/02\/famille-marche-dans-la-foter.webp\",\"datePublished\":\"2026-03-30T09:07:48+00:00\",\"breadcrumb\":{\"@id\":\"https:\/\/www.camping-pyrenees-cathare.fr\/en\/5376-2\/#breadcrumb\"},\"inLanguage\":\"en-US\",\"potentialAction\":[{\"@type\":\"ReadAction\",\"target\":[\"https:\/\/www.camping-pyrenees-cathare.fr\/en\/5376-2\/\"]}]},{\"@type\":\"ImageObject\",\"inLanguage\":\"en-US\",\"@id\":\"https:\/\/www.camping-pyrenees-cathare.fr\/en\/5376-2\/#primaryimage\",\"url\":\"https:\/\/www.camping-pyrenees-cathare.fr\/wp-content\/uploads\/2025\/02\/famille-marche-dans-la-foter.webp\",\"contentUrl\":\"https:\/\/www.camping-pyrenees-cathare.fr\/wp-content\/uploads\/2025\/02\/famille-marche-dans-la-foter.webp\"},{\"@type\":\"BreadcrumbList\",\"@id\":\"https:\/\/www.camping-pyrenees-cathare.fr\/en\/5376-2\/#breadcrumb\",\"itemListElement\":[{\"@type\":\"ListItem\",\"position\":1,\"name\":\"Camping Belcaire\",\"item\":\"https:\/\/www.camping-pyrenees-cathare.fr\/en\/\"},{\"@type\":\"ListItem\",\"position\":2,\"name\":\"Your Wonderbox gift set\"}]},{\"@type\":\"WebSite\",\"@id\":\"https:\/\/www.camping-pyrenees-cathare.fr\/#website\",\"url\":\"https:\/\/www.camping-pyrenees-cathare.fr\/\",\"name\":\"Les chalets du lac Belcaire\",\"description\":\"\",\"publisher\":{\"@id\":\"https:\/\/www.camping-pyrenees-cathare.fr\/#organization\"},\"potentialAction\":[{\"@type\":\"SearchAction\",\"target\":{\"@type\":\"EntryPoint\",\"urlTemplate\":\"https:\/\/www.camping-pyrenees-cathare.fr\/?s={search_term_string}\"},\"query-input\":{\"@type\":\"PropertyValueSpecification\",\"valueRequired\":true,\"valueName\":\"search_term_string\"}}],\"inLanguage\":\"en-US\"},{\"@type\":\"Organization\",\"@id\":\"https:\/\/www.camping-pyrenees-cathare.fr\/#organization\",\"name\":\"Les chalets du lac Belcaire\",\"url\":\"https:\/\/www.camping-pyrenees-cathare.fr\/\",\"logo\":{\"@type\":\"ImageObject\",\"inLanguage\":\"en-US\",\"@id\":\"https:\/\/www.camping-pyrenees-cathare.fr\/#\/schema\/logo\/image\/\",\"url\":\"https:\/\/www.camping-pyrenees-cathare.fr\/wp-content\/uploads\/2023\/05\/logo-couleur-camping-les-chalets-du-lac.webp\",\"contentUrl\":\"https:\/\/www.camping-pyrenees-cathare.fr\/wp-content\/uploads\/2023\/05\/logo-couleur-camping-les-chalets-du-lac.webp\",\"width\":462,\"height\":252,\"caption\":\"Les chalets du lac Belcaire\"},\"image\":{\"@id\":\"https:\/\/www.camping-pyrenees-cathare.fr\/#\/schema\/logo\/image\/\"},\"sameAs\":[\"https:\/\/www.facebook.com\/campingbelcaire\/?locale=fr_FR\",\"https:\/\/www.tripadvisor.fr\/Hotel_Review-g1384321-d13748665-Reviews-Les_Chalets_du_Lac-Belcaire_Aude_Occitanie.html\",\"https:\/\/www.instagram.com\/leschaletsdulacbelcaire\/\"]}]}<\/script>\n<!-- \/ Yoast SEO plugin. -->","yoast_head_json":{"title":"Your Wonderbox gift set - Les Chalets du Lac Belcaire","robots":{"index":"index","follow":"follow","max-snippet":"max-snippet:-1","max-image-preview":"max-image-preview:large","max-video-preview":"max-video-preview:-1"},"canonical":"https:\/\/www.camping-pyrenees-cathare.fr\/en\/5376-2\/","og_locale":"en_US","og_type":"article","og_title":"Your Wonderbox gift set - Les Chalets du Lac Belcaire","og_url":"https:\/\/www.camping-pyrenees-cathare.fr\/en\/5376-2\/","og_site_name":"Les Chalets du Lac Belcaire","article_publisher":"https:\/\/www.facebook.com\/campingbelcaire\/?locale=fr_FR","og_image":[{"width":816,"height":1456,"url":"https:\/\/www.camping-pyrenees-cathare.fr\/wp-content\/uploads\/2025\/02\/famille-marche-dans-la-foter.webp","type":"image\/webp"}],"twitter_card":"summary_large_image","twitter_misc":{"Est. reading time":"1 minute"},"schema":{"@context":"https:\/\/schema.org","@graph":[{"@type":"WebPage","@id":"https:\/\/www.camping-pyrenees-cathare.fr\/en\/5376-2\/","url":"https:\/\/www.camping-pyrenees-cathare.fr\/en\/5376-2\/","name":"Your Wonderbox gift set - Les Chalets du Lac Belcaire","isPartOf":{"@id":"https:\/\/www.camping-pyrenees-cathare.fr\/#website"},"primaryImageOfPage":{"@id":"https:\/\/www.camping-pyrenees-cathare.fr\/en\/5376-2\/#primaryimage"},"image":{"@id":"https:\/\/www.camping-pyrenees-cathare.fr\/en\/5376-2\/#primaryimage"},"thumbnailUrl":"https:\/\/www.camping-pyrenees-cathare.fr\/wp-content\/uploads\/2025\/02\/famille-marche-dans-la-foter.webp","datePublished":"2026-03-30T09:07:48+00:00","breadcrumb":{"@id":"https:\/\/www.camping-pyrenees-cathare.fr\/en\/5376-2\/#breadcrumb"},"inLanguage":"en-US","potentialAction":[{"@type":"ReadAction","target":["https:\/\/www.camping-pyrenees-cathare.fr\/en\/5376-2\/"]}]},{"@type":"ImageObject","inLanguage":"en-US","@id":"https:\/\/www.camping-pyrenees-cathare.fr\/en\/5376-2\/#primaryimage","url":"https:\/\/www.camping-pyrenees-cathare.fr\/wp-content\/uploads\/2025\/02\/famille-marche-dans-la-foter.webp","contentUrl":"https:\/\/www.camping-pyrenees-cathare.fr\/wp-content\/uploads\/2025\/02\/famille-marche-dans-la-foter.webp"},{"@type":"BreadcrumbList","@id":"https:\/\/www.camping-pyrenees-cathare.fr\/en\/5376-2\/#breadcrumb","itemListElement":[{"@type":"ListItem","position":1,"name":"Camping Belcaire","item":"https:\/\/www.camping-pyrenees-cathare.fr\/en\/"},{"@type":"ListItem","position":2,"name":"Your Wonderbox gift set"}]},{"@type":"WebSite","@id":"https:\/\/www.camping-pyrenees-cathare.fr\/#website","url":"https:\/\/www.camping-pyrenees-cathare.fr\/","name":"Les chalets du lac Belcaire","description":"","publisher":{"@id":"https:\/\/www.camping-pyrenees-cathare.fr\/#organization"},"potentialAction":[{"@type":"SearchAction","target":{"@type":"EntryPoint","urlTemplate":"https:\/\/www.camping-pyrenees-cathare.fr\/?s={search_term_string}"},"query-input":{"@type":"PropertyValueSpecification","valueRequired":true,"valueName":"search_term_string"}}],"inLanguage":"en-US"},{"@type":"Organization","@id":"https:\/\/www.camping-pyrenees-cathare.fr\/#organization","name":"Les chalets du lac Belcaire","url":"https:\/\/www.camping-pyrenees-cathare.fr\/","logo":{"@type":"ImageObject","inLanguage":"en-US","@id":"https:\/\/www.camping-pyrenees-cathare.fr\/#\/schema\/logo\/image\/","url":"https:\/\/www.camping-pyrenees-cathare.fr\/wp-content\/uploads\/2023\/05\/logo-couleur-camping-les-chalets-du-lac.webp","contentUrl":"https:\/\/www.camping-pyrenees-cathare.fr\/wp-content\/uploads\/2023\/05\/logo-couleur-camping-les-chalets-du-lac.webp","width":462,"height":252,"caption":"Les chalets du lac Belcaire"},"image":{"@id":"https:\/\/www.camping-pyrenees-cathare.fr\/#\/schema\/logo\/image\/"},"sameAs":["https:\/\/www.facebook.com\/campingbelcaire\/?locale=fr_FR","https:\/\/www.tripadvisor.fr\/Hotel_Review-g1384321-d13748665-Reviews-Les_Chalets_du_Lac-Belcaire_Aude_Occitanie.html","https:\/\/www.instagram.com\/leschaletsdulacbelcaire\/"]}]}},"_links":{"self":[{"href":"https:\/\/www.camping-pyrenees-cathare.fr\/en\/wp-json\/wp\/v2\/pages\/5717","targetHints":{"allow":["GET"]}}],"collection":[{"href":"https:\/\/www.camping-pyrenees-cathare.fr\/en\/wp-json\/wp\/v2\/pages"}],"about":[{"href":"https:\/\/www.camping-pyrenees-cathare.fr\/en\/wp-json\/wp\/v2\/types\/page"}],"author":[{"embeddable":true,"href":"https:\/\/www.camping-pyrenees-cathare.fr\/en\/wp-json\/wp\/v2\/users\/3"}],"replies":[{"embeddable":true,"href":"https:\/\/www.camping-pyrenees-cathare.fr\/en\/wp-json\/wp\/v2\/comments?post=5717"}],"version-history":[{"count":1,"href":"https:\/\/www.camping-pyrenees-cathare.fr\/en\/wp-json\/wp\/v2\/pages\/5717\/revisions"}],"predecessor-version":[{"id":5718,"href":"https:\/\/www.camping-pyrenees-cathare.fr\/en\/wp-json\/wp\/v2\/pages\/5717\/revisions\/5718"}],"wp:attachment":[{"href":"https:\/\/www.camping-pyrenees-cathare.fr\/en\/wp-json\/wp\/v2\/media?parent=5717"}],"wp:term":[{"taxonomy":"sujet","embeddable":true,"href":"https:\/\/www.camping-pyrenees-cathare.fr\/en\/wp-json\/wp\/v2\/sujet?post=5717"}],"curies":[{"name":"wp","href":"https:\/\/api.w.org\/{rel}","templated":true}]}}