{"id":2893,"date":"2023-06-15T13:37:05","date_gmt":"2023-06-15T11:37:05","guid":{"rendered":"https:\/\/www.camping-pyrenees-cathare.fr\/actividades-aude\/"},"modified":"2026-03-30T17:10:02","modified_gmt":"2026-03-30T15:10:02","slug":"actividades-aude-region","status":"publish","type":"page","link":"https:\/\/www.camping-pyrenees-cathare.fr\/es\/actividades-aude-region\/","title":{"rendered":"Actividades deportivas"},"content":{"rendered":"<section id=\"ls-section-block_8eadcb3d1e2fbe5db322989de4cc67c8\" class=\"ls-section  home-first page-one\" >\r\n        <div class=\"container container--full\">\r\n        \n\n<div class=\"wp-block-columns is-layout-flex wp-container-core-columns-is-layout-9d6595d7 wp-block-columns-is-layout-flex\">\n<div class=\"wp-block-column is-vertically-aligned-center animated fadeInLeft slow is-layout-flow wp-block-column-is-layout-flow\" style=\"flex-basis:50%\">\n<figure class=\"wp-block-image size-full image-blob\"><img loading=\"lazy\" decoding=\"async\" width=\"1024\" height=\"683\" src=\"https:\/\/www.camping-pyrenees-cathare.fr\/wp-content\/uploads\/2023\/06\/vtt-belcaire.webp\" alt=\"Bicicleta de monta&#xF1;a Belcaire\" class=\"wp-image-2206\" srcset=\"https:\/\/www.camping-pyrenees-cathare.fr\/wp-content\/uploads\/2023\/06\/vtt-belcaire.webp 1024w, https:\/\/www.camping-pyrenees-cathare.fr\/wp-content\/uploads\/2023\/06\/vtt-belcaire-300x200.webp 300w, https:\/\/www.camping-pyrenees-cathare.fr\/wp-content\/uploads\/2023\/06\/vtt-belcaire-768x512.webp 768w\" sizes=\"auto, (max-width: 1024px) 100vw, 1024px\" \/><\/figure>\n\n\n\n<figure class=\"wp-block-image size-full image-secondaire\"><a href=\"&lt;!--[CDATA[https:\/\/www.camping-pyrenees-cathare.fr\/wp-content\/uploads\/2023\/06\/rando-vtt-aude.webp]]--&gt;\"><img loading=\"lazy\" decoding=\"async\" width=\"600\" height=\"700\" src=\"https:\/\/www.camping-pyrenees-cathare.fr\/wp-content\/uploads\/2023\/06\/rando-vtt-aude.webp\" alt=\"Excursi&#xF3;n en bicicleta de monta&#xF1;a por el Aude\" class=\"wp-image-4242\" srcset=\"https:\/\/www.camping-pyrenees-cathare.fr\/wp-content\/uploads\/2023\/06\/rando-vtt-aude.webp 600w, https:\/\/www.camping-pyrenees-cathare.fr\/wp-content\/uploads\/2023\/06\/rando-vtt-aude-257x300.webp 257w\" sizes=\"auto, (max-width: 600px) 100vw, 600px\" \/><\/a><\/figure>\n<\/div>\n\n\n\n<div class=\"wp-block-column has-color-4-background-color has-background is-layout-flow wp-block-column-is-layout-flow\" style=\"flex-basis:50%\">\n<div id=\"ls-heading ls-titre-div-block_c5a89a461e6699c06fad7a068bff64a6\" class=\"ls-titre-div titre-deco h2-like has-text-color has-color-1-color\" >\n    Ciclismo de monta\u00f1a<br>sensaciones vertiginosas.<\/div>\n\n\n\n<h1 class=\"ls__heading wp-block-heading\">El ciclismo de monta\u00f1a: el deporte por excelencia<\/h1>\n\n\n\n<h2 class=\"ls__heading wp-block-heading\">Ciclismo de monta\u00f1a en Belcaire: en el coraz\u00f3n de los Pirineos c\u00e1taros<\/h2>\n\n\n\n<p class=\"ls-paragraph has-text-align-center\">Situado a 1000 metros de altitud, Belcaire es un punto de partida ideal para descubrir el ciclismo de monta\u00f1a en un entorno natural bien conservado. Enclavado en el coraz\u00f3n del Pays de Sault, el pueblo ofrece un acceso privilegiado a amplios espacios perfectos para practicar el ciclismo de monta\u00f1a, entre bosques, mesetas y panor\u00e1micas de los Pirineos. <\/p>\n\n\n\n<p class=\"ls-paragraph has-text-align-center\">En el coraz\u00f3n del pa\u00eds c\u00e1taro, el espacio de BTT-FFC del Aude en los Pirineos est\u00e1 formado por cinco territorios diferentes pero complementarios. Profundas gargantas, vi\u00f1edos dorados, bosques de abetos sombreados y colinas verdes conforman un paisaje variado y excepcional para los amantes de la BTT. Con m\u00e1s de 890 km de senderos se\u00f1alizados, este espacio VTT-FFC es el mayor recinto de ciclismo de monta\u00f1a de los Pirineos.  <\/p>\n\n\n\n<p class=\"ls-paragraph has-text-align-center\">Hay nueve circuitos de BTT que parten de los municipios de los alrededores, dos de los cuales atraviesan directamente el pueblo de Belcaire, lo que permite acceder directamente a las rutas desde el centro del pueblo. Estos circuitos se adaptan a todos los niveles, desde el ocio hasta la pr\u00e1ctica m\u00e1s deportiva. <\/p>\n\n\n\n<p class=\"ls-paragraph has-text-align-center\">Las rutas est\u00e1n disponibles de forma gratuita en recepci\u00f3n y en la Oficina de Turismo, para que puedas organizar f\u00e1cilmente tus salidas y descubrir este territorio \u00fanico en bicicleta de monta\u00f1a. <\/p>\n\n\n\n<p class=\"ls-paragraph has-text-align-center\">Cada a\u00f1o, el Festival de la Bicicleta de Camurac anima los senderos durante dos jornadas deportivas y distendidas abiertas a todo el mundo. Este evento imprescindible invita a grandes y peque\u00f1os a descubrir la pr\u00e1ctica de la bicicleta de monta\u00f1a a trav\u00e9s de salidas guiadas, el descubrimiento de rutas locales y momentos para compartir. Una magn\u00edfica ocasi\u00f3n para vivir la bicicleta de otra manera, en un ambiente festivo y accesible para todos.  <\/p>\n\n\n\n<p class=\"ls-paragraph has-text-align-center\">Bicicletas de monta\u00f1a<strong>, bicicletas de monta\u00f1a asistidas el\u00e9ctricamente y alquiler de material en<\/strong> el camping. <\/p>\n<\/div>\n<\/div>\n\n\r\n    <\/div>\r\n<\/section><section id=\"ls-section-block_4dfb3f8da8be3782d48b409ab16cfa8f\" class=\"ls-section  home-sixth page-two\" >\r\n        <div class=\"container container--full\">\r\n        \n\n<div class=\"wp-block-columns is-layout-flex wp-container-core-columns-is-layout-9d6595d7 wp-block-columns-is-layout-flex\">\n<div class=\"wp-block-column has-color-4-background-color has-background is-layout-flow wp-block-column-is-layout-flow\" style=\"flex-basis:50%\">\n<h2 class=\"ls__heading wp-block-heading\">Escalada en Belcaire<\/h2>\n\n\n\n<p class=\"ls-paragraph has-text-align-center\"><strong>Los entusiastas del deporte o los buscadores de emociones<\/strong>, toman la altura y escalan los picos pirenaicos. En la tierra de las monta\u00f1as, Belcaire es el lugar ideal para <strong>practicar escalada<\/strong>.  <\/p>\n\n\n\n<p class=\"ls-paragraph has-text-align-center\">Sea cual sea tu nivel, <strong>principiante o confirmado<\/strong> y sea cual sea tu grado de t\u00e9cnica, descubre <strong>muchas rutas de escalada<\/strong> desde las m\u00e1s directas hasta las m\u00e1s atrevidas.  <\/p>\n\n\n\n<p class=\"ls-paragraph has-text-align-center\">Varios lugares le esperan, incluido el acantilado del Pic des Sarrasis. Sitio de piedra caliza, orientado al sur y resguardado del viento, incluye unos <strong>quince carriles de 20 a 25 metros de calificaci\u00f3n 5b+a 7b<\/strong>.<\/p>\n\n\n\n<p class=\"ls-paragraph has-text-align-center\">Para principiantes, vaya por el <a href=\"https:\/\/belcairescalade.fr\/\" target=\"_blank\" rel=\"noreferrer noopener\">gimnasio de escalada Daniel Du Lac<\/a>. Con una <strong>superficie de escalada<\/strong> de 680 metros cuadrados, la <strong>gran sala<\/strong> se compone de 2 lados con innumerables pendientes y voladizos.  <br\/><br\/>La sala tiene m\u00e1s de cuarenta canales de 4c a 8a+. Este <strong>complejo deportivo<\/strong> ofrece un entorno seguro y accesible para que todos <strong>aprendan este deporte con su familia<\/strong> durante todo el a\u00f1o.  <\/p>\n<\/div>\n\n\n\n<div class=\"wp-block-column is-vertically-aligned-center animated fadeInRight slow is-layout-flow wp-block-column-is-layout-flow\" style=\"flex-basis:50%\">\n<div id=\"ls-heading ls-titre-div-block_5e23ccf2eb15ee9457d3af39941d775b\" class=\"ls-titre-div titre-deco h2-like has-text-color has-color-1-color\" >\n    Escalada en los Pirineos,<br>emociones fuertes y superaci\u00f3n personal<\/div>\n\n\n\n<figure class=\"wp-block-image size-full image-blob\"><img loading=\"lazy\" decoding=\"async\" width=\"1024\" height=\"768\" src=\"https:\/\/www.camping-pyrenees-cathare.fr\/wp-content\/uploads\/2023\/06\/salle-escalade-belcaire.webp\" alt=\"Sala de escalada Belcaire\" class=\"wp-image-2178\" srcset=\"https:\/\/www.camping-pyrenees-cathare.fr\/wp-content\/uploads\/2023\/06\/salle-escalade-belcaire.webp 1024w, https:\/\/www.camping-pyrenees-cathare.fr\/wp-content\/uploads\/2023\/06\/salle-escalade-belcaire-300x225.webp 300w, https:\/\/www.camping-pyrenees-cathare.fr\/wp-content\/uploads\/2023\/06\/salle-escalade-belcaire-768x576.webp 768w\" sizes=\"auto, (max-width: 1024px) 100vw, 1024px\" \/><\/figure>\n\n\n\n<figure class=\"wp-block-image size-full image-secondaire\"><a href=\"https:\/\/www.camping-pyrenees-cathare.fr\/wp-content\/uploads\/2023\/06\/escalade-belcaire.webp\"><img loading=\"lazy\" decoding=\"async\" width=\"1024\" height=\"768\" src=\"https:\/\/www.camping-pyrenees-cathare.fr\/wp-content\/uploads\/2023\/06\/escalade-belcaire.webp\" alt=\"Escalada Belcaire\" class=\"wp-image-2167\" srcset=\"https:\/\/www.camping-pyrenees-cathare.fr\/wp-content\/uploads\/2023\/06\/escalade-belcaire.webp 1024w, https:\/\/www.camping-pyrenees-cathare.fr\/wp-content\/uploads\/2023\/06\/escalade-belcaire-300x225.webp 300w, https:\/\/www.camping-pyrenees-cathare.fr\/wp-content\/uploads\/2023\/06\/escalade-belcaire-768x576.webp 768w\" sizes=\"auto, (max-width: 1024px) 100vw, 1024px\" \/><\/a><\/figure>\n<\/div>\n<\/div>\n\n\r\n    <\/div>\r\n<\/section>\n<div class=\"wp-block-columns is-layout-flex wp-container-core-columns-is-layout-9d6595d7 wp-block-columns-is-layout-flex\">\n<div class=\"wp-block-column is-layout-flow wp-block-column-is-layout-flow\" style=\"flex-basis:100%\"><section id=\"ls-section-block_f6e4c1d6f3eb583fdda2d00e8f98063e\" class=\"ls-section  home-fifth page-three has-background-image has-parallax\" >\r\n    <div class=\"ls-section__background-image opacity-100\"><img decoding=\"async\" src=\"https:\/\/www.camping-pyrenees-cathare.fr\/wp-content\/uploads\/2023\/06\/activites-vtt-aude.webp\" alt=\"Actividades en bicicleta de monta\u00f1a Aude regi\u00f3n\"><\/div>    <div class=\"container container--small\">\r\n        \n\n<div id=\"ls-heading ls-titre-div-block_127290abc287a08c617559e9f94570b0\" class=\"ls-titre-div titre-deco h2-like\" >\n    Una estancia en el camping,<br>recuerdos inolvidables.<\/div>\n\n\n\n<h2 class=\"ls__heading wp-block-heading has-text-align-center has-color-white-color has-text-color\">Senderismo en Belcaire: rutas en el coraz\u00f3n de un territorio protegido<\/h2>\n\n\n\n<p class=\"ls-paragraph has-text-align-center has-color-white-color has-text-color\">El pueblo de Belcaire est\u00e1 rodeado de una red de senderos que permiten descubrir la monta\u00f1a de otra manera, a trav\u00e9s de paseos aptos para todos. Entre caminos forestales, mesetas abiertas y tramos m\u00e1s salvajes, los itinerarios ofrecen una gran variedad de paisajes durante todo el a\u00f1o.  Ataca los relieves pirenaicos gracias a los numerosos senderos de Belcaire , como la caminata del Pic des Rives , que ofrece un magn\u00edfico panorama de los picos pirenaicos y el pico de Bugarach. Desde Belcaire se ofrecen nada menos que seis rutas de diferente nivel de dificultad: la vuelta a Palagnac, la vuelta al colmenar, la vuelta al Picou\u2026 Participa en la carrera de monta\u00f1a del Pays de Sault en mayo o en la Ronde des Sapins en agosto, supera tus l\u00edmites y reconecta con la naturaleza.<\/p>\n\n\n\n<p class=\"ls-paragraph has-text-align-center\">Caminar por esta zona resulta especialmente agradable, gracias a la tranquilidad del lugar y a la riqueza natural del Pays de Sault. Cada ruta ofrece un ambiente diferente, entre la sombra de los abetos, los claros del bosque y las vistas panor\u00e1micas de los relieves circundantes. <\/p>\n\n\n\n<p class=\"ls-paragraph has-text-align-center has-color-white-color has-text-color\">Ya sea para dar un paseo corto o para hacer una excursi\u00f3n m\u00e1s deportiva, el senderismo en Belcaire es una invitaci\u00f3n a tomarse su tiempo y disfrutar plenamente de la naturaleza que nos rodea.<\/p>\n\n\r\n    <\/div>\r\n<\/section><\/div>\n<\/div>\n\n<div class=\"wp-block-columns is-layout-flex wp-container-core-columns-is-layout-9d6595d7 wp-block-columns-is-layout-flex\">\n<div class=\"wp-block-column is-layout-flow wp-block-column-is-layout-flow\" style=\"flex-basis:100%\"><section id=\"ls-section-block_f730a7d42a46907652571c18cde1507d\" class=\"ls-section  home-third page-four\" >\r\n        <div class=\"container container--wide\">\r\n        \n\n<div class=\"wp-block-columns is-layout-flex wp-container-core-columns-is-layout-9d6595d7 wp-block-columns-is-layout-flex\">\n<div class=\"wp-block-column is-layout-flow wp-block-column-is-layout-flow\" style=\"flex-basis:60%\">\n<figure class=\"wp-block-gallery has-nested-images columns-default is-cropped grid wp-block-gallery-1 is-layout-flex wp-block-gallery-is-layout-flex\">\n<figure class=\"wp-block-image size-large image-1 animated fadeIn slow\"><a href=\"https:\/\/www.camping-pyrenees-cathare.fr\/wp-content\/uploads\/2026\/03\/haute-vallee-2020-09-rafting-gorges-cr-r-kann-adt-aude-02-525x700-1.avif\"><img loading=\"lazy\" decoding=\"async\" width=\"525\" height=\"700\" data-id=\"5761\" src=\"https:\/\/www.camping-pyrenees-cathare.fr\/wp-content\/uploads\/2026\/03\/haute-vallee-2020-09-rafting-gorges-cr-r-kann-adt-aude-02-525x700-1.avif\" alt=\"rafting, deporte de aguas bravas\" class=\"wp-image-5761\" srcset=\"https:\/\/www.camping-pyrenees-cathare.fr\/wp-content\/uploads\/2026\/03\/haute-vallee-2020-09-rafting-gorges-cr-r-kann-adt-aude-02-525x700-1.avif 525w, https:\/\/www.camping-pyrenees-cathare.fr\/wp-content\/uploads\/2026\/03\/haute-vallee-2020-09-rafting-gorges-cr-r-kann-adt-aude-02-525x700-1-225x300.avif 225w\" sizes=\"auto, (max-width: 525px) 100vw, 525px\" \/><\/a><\/figure>\n\n\n\n<figure class=\"wp-block-image size-large image-2 animated fadeIn delay-100ms slow\"><a href=\"https:\/\/www.camping-pyrenees-cathare.fr\/wp-content\/uploads\/2026\/03\/haute-vallee-2016-07-rafting-mise-a-eau-gorge-cr-s-dossin-ot-pyrenees-audoises-rj3yszzzh475pxffdsr0bi4vh0kqbj5g6yd79avtj4.jpg\"><img loading=\"lazy\" decoding=\"async\" width=\"600\" height=\"800\" data-id=\"5767\" src=\"https:\/\/www.camping-pyrenees-cathare.fr\/wp-content\/uploads\/2026\/03\/haute-vallee-2016-07-rafting-mise-a-eau-gorge-cr-s-dossin-ot-pyrenees-audoises-rj3yszzzh475pxffdsr0bi4vh0kqbj5g6yd79avtj4.jpg\" alt=\"rafting, deporte de aguas bravas\" class=\"wp-image-5767\" srcset=\"https:\/\/www.camping-pyrenees-cathare.fr\/wp-content\/uploads\/2026\/03\/haute-vallee-2016-07-rafting-mise-a-eau-gorge-cr-s-dossin-ot-pyrenees-audoises-rj3yszzzh475pxffdsr0bi4vh0kqbj5g6yd79avtj4.jpg 600w, https:\/\/www.camping-pyrenees-cathare.fr\/wp-content\/uploads\/2026\/03\/haute-vallee-2016-07-rafting-mise-a-eau-gorge-cr-s-dossin-ot-pyrenees-audoises-rj3yszzzh475pxffdsr0bi4vh0kqbj5g6yd79avtj4-225x300.jpg 225w\" sizes=\"auto, (max-width: 600px) 100vw, 600px\" \/><\/a><\/figure>\n\n\n\n<figure class=\"wp-block-image size-large image-3 animated fadeIn delay-200ms slow\"><a href=\"https:\/\/www.camping-pyrenees-cathare.fr\/wp-content\/uploads\/2026\/03\/haute-vallee-2020-08-rafting-instruction-cr-s-dossin-ot-pyrenees-audoises-01-700x525-1.avif\"><img loading=\"lazy\" decoding=\"async\" width=\"700\" height=\"525\" data-id=\"5764\" src=\"https:\/\/www.camping-pyrenees-cathare.fr\/wp-content\/uploads\/2026\/03\/haute-vallee-2020-08-rafting-instruction-cr-s-dossin-ot-pyrenees-audoises-01-700x525-1.avif\" alt=\"rafting, deporte de aguas bravas\" class=\"wp-image-5764\" srcset=\"https:\/\/www.camping-pyrenees-cathare.fr\/wp-content\/uploads\/2026\/03\/haute-vallee-2020-08-rafting-instruction-cr-s-dossin-ot-pyrenees-audoises-01-700x525-1.avif 700w, https:\/\/www.camping-pyrenees-cathare.fr\/wp-content\/uploads\/2026\/03\/haute-vallee-2020-08-rafting-instruction-cr-s-dossin-ot-pyrenees-audoises-01-700x525-1-300x225.avif 300w\" sizes=\"auto, (max-width: 700px) 100vw, 700px\" \/><\/a><\/figure>\n<\/figure>\n<\/div>\n\n\n\n<div class=\"wp-block-column is-vertically-aligned-bottom is-layout-flow wp-block-column-is-layout-flow\" style=\"flex-basis:40%\">\n<h2 class=\"ls__heading wp-block-heading\">Deportes de aguas bravas en las gargantas del Aude <\/h2>\n\n\n\n<p class=\"ls-paragraph has-text-align-center\">A pocos kil\u00f3metros de Belcaire, las gargantas del Aude, en la zona de Axat, ofrecen un escenario excepcional para los amantes de los deportes de aguas bravas. En un espectacular entorno de monta\u00f1as y acantilados, el r\u00edo Aude serpentea y ofrece recorridos ideales para vivir emociones fuertes en plena naturaleza. <\/p>\n\n\n\n<p class=\"ls-paragraph has-text-align-center\">El rafting es la actividad estrella de esta zona. Se puede practicar en familia o con amigos, dependiendo del nivel del agua y del recorrido elegido, y permite descender el r\u00edo en equipo, guiados por monitores titulados. Entre r\u00e1pidos, tramos m\u00e1s tranquilos y risas aseguradas, la experiencia combina aventura y buen ambiente.  <\/p>\n\n\n\n<p class=\"ls-paragraph has-text-align-center\">Otras actividades, como el hidrospeed o el pirag\u00fcismo, tambi\u00e9n permiten descubrir el r\u00edo de otra manera, siempre en medio de un entorno salvaje y protegido.<\/p>\n\n\n\n<p class=\"ls-paragraph has-text-align-center\">Las gargantas del Aude en Axat son, por tanto, un destino imprescindible para vivir una refrescante aventura deportiva en plena naturaleza. <\/p>\n\n\n\n<div id=\"ls-heading ls-titre-div-block_b2b3afab4e6fe3e6ec4259e4fcdab5f5\" class=\"ls-titre-div titre-deco h2-like\" >\n    En el camping,<br>\u00a1vive la aventura!<\/div>\n<\/div>\n<\/div>\n\n\r\n    <\/div>\r\n<\/section><\/div>\n<\/div>\n<section id=\"ls-section-block_bbdd05809769ac94300a0249541d4b09\" class=\"ls-section  page-cta\" >\r\n        <div class=\"container container--wide\">\r\n        \n\n<div id=\"ls-heading ls-titre-div-block_6733c540551c74a7aa8695d80a08c224\" class=\"ls-titre-div aligncenter h2-like\" >\n    Nuestros sitios para visitar, nuestras animaciones y nuestro restaurante<\/div>\n\n\n<div id=\"ls-maillage-block_2a1e1a2f66feb90b2504d2cd52fe1dd8\" class=\"ls-maillage cta-style-normal\" data-rows=\"3\">\r\n    <div class=\"wp-block-columns\"><div class=\"wp-block-column\"><div class=\"ls-cta\">\n\n<a href=\"https:\/\/www.camping-pyrenees-cathare.fr\/es\/turismo-aude\/\" target=\"\" rel=\"noopener\" class=\"ls-cta__link\">\n\n\t<div class=\"ls-cta__image\"><img decoding=\"async\" src=\"https:\/\/www.camping-pyrenees-cathare.fr\/wp-content\/uploads\/2023\/06\/tourisme-aude.webp\" alt=\"Aude Turismo\"><\/div>\n\t<span class=\"chalets-cercle\">+<\/span>\n\n\t<div class=\"ls-cta__title\">\n\t\tVisitas\t<\/div>\n\n\t\t\n<\/a><\/div><\/div><div class=\"wp-block-column\"><div class=\"ls-cta\">\n\n<a href=\"https:\/\/www.camping-pyrenees-cathare.fr\/es\/bar-restaurante-belcaire\/\" target=\"\" rel=\"noopener\" class=\"ls-cta__link\">\n\n\t<div class=\"ls-cta__image\"><img decoding=\"async\" src=\"https:\/\/www.camping-pyrenees-cathare.fr\/wp-content\/uploads\/2023\/06\/pexels-nataliya-vaitkevich-5792325_resultat.webp\" alt=\"cortar pizza con una ruedecita\"><\/div>\n\t<span class=\"chalets-cercle\">+<\/span>\n\n\t<div class=\"ls-cta__title\">\n\t\tBar y restaurante\t<\/div>\n\n\t\t\n<\/a><\/div><\/div><div class=\"wp-block-column\"><div class=\"ls-cta\">\n\n<a href=\"https:\/\/www.camping-pyrenees-cathare.fr\/es\/camping-actividades-belcaire\/\" target=\"\" rel=\"noopener\" class=\"ls-cta__link\">\n\n\t<div class=\"ls-cta__image\"><img decoding=\"async\" src=\"https:\/\/www.camping-pyrenees-cathare.fr\/wp-content\/uploads\/2023\/06\/camping-anaimations-belcaire.webp\" alt=\"camping con actividades en Belcaire\"><\/div>\n\t<span class=\"chalets-cercle\">+<\/span>\n\n\t<div class=\"ls-cta__title\">\n\t\tAnimaciones y actividades\t<\/div>\n\n\t\t\n<\/a><\/div><\/div><\/div><\/div>\n\r\n    <\/div>\r\n<\/section>","protected":false},"excerpt":{"rendered":"","protected":false},"author":1,"featured_media":2909,"parent":0,"menu_order":0,"comment_status":"closed","ping_status":"closed","template":"","meta":{"_acf_changed":false,"footnotes":""},"sujet":[],"class_list":["post-2893","page","type-page","status-publish","has-post-thumbnail","hentry"],"acf":[],"yoast_head":"<!-- This site is optimized with the Yoast SEO plugin v25.2 - https:\/\/yoast.com\/wordpress\/plugins\/seo\/ -->\n<title>Actividades para hacer en Aude regi\u00f3n | Ocio y actividades en Aude regi\u00f3n<\/title>\n<meta name=\"description\" content=\"Muchas actividades desde el inicio del camping\" \/>\n<meta name=\"robots\" content=\"index, follow, max-snippet:-1, max-image-preview:large, max-video-preview:-1\" \/>\n<link rel=\"canonical\" href=\"https:\/\/www.camping-pyrenees-cathare.fr\/es\/actividades-aude-region\/\" \/>\n<meta property=\"og:locale\" content=\"es_ES\" \/>\n<meta property=\"og:type\" content=\"article\" \/>\n<meta property=\"og:title\" content=\"Actividades para hacer en Aude regi\u00f3n | Ocio y actividades en Aude regi\u00f3n\" \/>\n<meta property=\"og:description\" content=\"Muchas actividades desde el inicio del camping\" \/>\n<meta property=\"og:url\" content=\"https:\/\/www.camping-pyrenees-cathare.fr\/es\/actividades-aude-region\/\" \/>\n<meta property=\"og:site_name\" content=\"Les Chalets du Lac Belcaire\" \/>\n<meta property=\"article:publisher\" content=\"https:\/\/www.facebook.com\/campingbelcaire\/?locale=fr_FR\" \/>\n<meta property=\"article:modified_time\" content=\"2026-03-30T15:10:02+00:00\" \/>\n<meta property=\"og:image\" content=\"https:\/\/www.camping-pyrenees-cathare.fr\/wp-content\/uploads\/2023\/06\/activites-vtt-aude.webp\" \/>\n\t<meta property=\"og:image:width\" content=\"1903\" \/>\n\t<meta property=\"og:image:height\" content=\"450\" \/>\n\t<meta property=\"og:image:type\" content=\"image\/webp\" \/>\n<meta name=\"twitter:card\" content=\"summary_large_image\" \/>\n<meta name=\"twitter:label1\" content=\"Tiempo de lectura\" \/>\n\t<meta name=\"twitter:data1\" content=\"5 minutos\" \/>\n<script type=\"application\/ld+json\" class=\"yoast-schema-graph\">{\"@context\":\"https:\/\/schema.org\",\"@graph\":[{\"@type\":\"WebPage\",\"@id\":\"https:\/\/www.camping-pyrenees-cathare.fr\/es\/actividades-aude-region\/\",\"url\":\"https:\/\/www.camping-pyrenees-cathare.fr\/es\/actividades-aude-region\/\",\"name\":\"Actividades para hacer en Aude regi\u00f3n | Ocio y actividades en Aude regi\u00f3n\",\"isPartOf\":{\"@id\":\"https:\/\/www.camping-pyrenees-cathare.fr\/#website\"},\"primaryImageOfPage\":{\"@id\":\"https:\/\/www.camping-pyrenees-cathare.fr\/es\/actividades-aude-region\/#primaryimage\"},\"image\":{\"@id\":\"https:\/\/www.camping-pyrenees-cathare.fr\/es\/actividades-aude-region\/#primaryimage\"},\"thumbnailUrl\":\"https:\/\/www.camping-pyrenees-cathare.fr\/wp-content\/uploads\/2023\/06\/activites-vtt-aude.webp\",\"datePublished\":\"2023-06-15T11:37:05+00:00\",\"dateModified\":\"2026-03-30T15:10:02+00:00\",\"description\":\"Muchas actividades desde el inicio del camping\",\"breadcrumb\":{\"@id\":\"https:\/\/www.camping-pyrenees-cathare.fr\/es\/actividades-aude-region\/#breadcrumb\"},\"inLanguage\":\"es\",\"potentialAction\":[{\"@type\":\"ReadAction\",\"target\":[\"https:\/\/www.camping-pyrenees-cathare.fr\/es\/actividades-aude-region\/\"]}]},{\"@type\":\"ImageObject\",\"inLanguage\":\"es\",\"@id\":\"https:\/\/www.camping-pyrenees-cathare.fr\/es\/actividades-aude-region\/#primaryimage\",\"url\":\"https:\/\/www.camping-pyrenees-cathare.fr\/wp-content\/uploads\/2023\/06\/activites-vtt-aude.webp\",\"contentUrl\":\"https:\/\/www.camping-pyrenees-cathare.fr\/wp-content\/uploads\/2023\/06\/activites-vtt-aude.webp\",\"width\":1903,\"height\":450,\"caption\":\"Actividades en bicicleta de monta\u00f1a Aude regi\u00f3n\"},{\"@type\":\"BreadcrumbList\",\"@id\":\"https:\/\/www.camping-pyrenees-cathare.fr\/es\/actividades-aude-region\/#breadcrumb\",\"itemListElement\":[{\"@type\":\"ListItem\",\"position\":1,\"name\":\"Camping Belcaire\",\"item\":\"https:\/\/www.camping-pyrenees-cathare.fr\/es\/\"},{\"@type\":\"ListItem\",\"position\":2,\"name\":\"Actividades para hacer en Aude regi\u00f3n\"}]},{\"@type\":\"WebSite\",\"@id\":\"https:\/\/www.camping-pyrenees-cathare.fr\/#website\",\"url\":\"https:\/\/www.camping-pyrenees-cathare.fr\/\",\"name\":\"Les chalets du lac Belcaire\",\"description\":\"\",\"publisher\":{\"@id\":\"https:\/\/www.camping-pyrenees-cathare.fr\/#organization\"},\"potentialAction\":[{\"@type\":\"SearchAction\",\"target\":{\"@type\":\"EntryPoint\",\"urlTemplate\":\"https:\/\/www.camping-pyrenees-cathare.fr\/?s={search_term_string}\"},\"query-input\":{\"@type\":\"PropertyValueSpecification\",\"valueRequired\":true,\"valueName\":\"search_term_string\"}}],\"inLanguage\":\"es\"},{\"@type\":\"Organization\",\"@id\":\"https:\/\/www.camping-pyrenees-cathare.fr\/#organization\",\"name\":\"Les chalets du lac Belcaire\",\"url\":\"https:\/\/www.camping-pyrenees-cathare.fr\/\",\"logo\":{\"@type\":\"ImageObject\",\"inLanguage\":\"es\",\"@id\":\"https:\/\/www.camping-pyrenees-cathare.fr\/#\/schema\/logo\/image\/\",\"url\":\"https:\/\/www.camping-pyrenees-cathare.fr\/wp-content\/uploads\/2023\/05\/logo-couleur-camping-les-chalets-du-lac.webp\",\"contentUrl\":\"https:\/\/www.camping-pyrenees-cathare.fr\/wp-content\/uploads\/2023\/05\/logo-couleur-camping-les-chalets-du-lac.webp\",\"width\":462,\"height\":252,\"caption\":\"Les chalets du lac Belcaire\"},\"image\":{\"@id\":\"https:\/\/www.camping-pyrenees-cathare.fr\/#\/schema\/logo\/image\/\"},\"sameAs\":[\"https:\/\/www.facebook.com\/campingbelcaire\/?locale=fr_FR\",\"https:\/\/www.tripadvisor.fr\/Hotel_Review-g1384321-d13748665-Reviews-Les_Chalets_du_Lac-Belcaire_Aude_Occitanie.html\",\"https:\/\/www.instagram.com\/leschaletsdulacbelcaire\/\"]}]}<\/script>\n<!-- \/ Yoast SEO plugin. -->","yoast_head_json":{"title":"Actividades para hacer en Aude regi\u00f3n | Ocio y actividades en Aude regi\u00f3n","description":"Muchas actividades desde el inicio del camping","robots":{"index":"index","follow":"follow","max-snippet":"max-snippet:-1","max-image-preview":"max-image-preview:large","max-video-preview":"max-video-preview:-1"},"canonical":"https:\/\/www.camping-pyrenees-cathare.fr\/es\/actividades-aude-region\/","og_locale":"es_ES","og_type":"article","og_title":"Actividades para hacer en Aude regi\u00f3n | Ocio y actividades en Aude regi\u00f3n","og_description":"Muchas actividades desde el inicio del camping","og_url":"https:\/\/www.camping-pyrenees-cathare.fr\/es\/actividades-aude-region\/","og_site_name":"Les Chalets du Lac Belcaire","article_publisher":"https:\/\/www.facebook.com\/campingbelcaire\/?locale=fr_FR","article_modified_time":"2026-03-30T15:10:02+00:00","og_image":[{"width":1903,"height":450,"url":"https:\/\/www.camping-pyrenees-cathare.fr\/wp-content\/uploads\/2023\/06\/activites-vtt-aude.webp","type":"image\/webp"}],"twitter_card":"summary_large_image","twitter_misc":{"Tiempo de lectura":"5 minutos"},"schema":{"@context":"https:\/\/schema.org","@graph":[{"@type":"WebPage","@id":"https:\/\/www.camping-pyrenees-cathare.fr\/es\/actividades-aude-region\/","url":"https:\/\/www.camping-pyrenees-cathare.fr\/es\/actividades-aude-region\/","name":"Actividades para hacer en Aude regi\u00f3n | Ocio y actividades en Aude regi\u00f3n","isPartOf":{"@id":"https:\/\/www.camping-pyrenees-cathare.fr\/#website"},"primaryImageOfPage":{"@id":"https:\/\/www.camping-pyrenees-cathare.fr\/es\/actividades-aude-region\/#primaryimage"},"image":{"@id":"https:\/\/www.camping-pyrenees-cathare.fr\/es\/actividades-aude-region\/#primaryimage"},"thumbnailUrl":"https:\/\/www.camping-pyrenees-cathare.fr\/wp-content\/uploads\/2023\/06\/activites-vtt-aude.webp","datePublished":"2023-06-15T11:37:05+00:00","dateModified":"2026-03-30T15:10:02+00:00","description":"Muchas actividades desde el inicio del camping","breadcrumb":{"@id":"https:\/\/www.camping-pyrenees-cathare.fr\/es\/actividades-aude-region\/#breadcrumb"},"inLanguage":"es","potentialAction":[{"@type":"ReadAction","target":["https:\/\/www.camping-pyrenees-cathare.fr\/es\/actividades-aude-region\/"]}]},{"@type":"ImageObject","inLanguage":"es","@id":"https:\/\/www.camping-pyrenees-cathare.fr\/es\/actividades-aude-region\/#primaryimage","url":"https:\/\/www.camping-pyrenees-cathare.fr\/wp-content\/uploads\/2023\/06\/activites-vtt-aude.webp","contentUrl":"https:\/\/www.camping-pyrenees-cathare.fr\/wp-content\/uploads\/2023\/06\/activites-vtt-aude.webp","width":1903,"height":450,"caption":"Actividades en bicicleta de monta\u00f1a Aude regi\u00f3n"},{"@type":"BreadcrumbList","@id":"https:\/\/www.camping-pyrenees-cathare.fr\/es\/actividades-aude-region\/#breadcrumb","itemListElement":[{"@type":"ListItem","position":1,"name":"Camping Belcaire","item":"https:\/\/www.camping-pyrenees-cathare.fr\/es\/"},{"@type":"ListItem","position":2,"name":"Actividades para hacer en Aude regi\u00f3n"}]},{"@type":"WebSite","@id":"https:\/\/www.camping-pyrenees-cathare.fr\/#website","url":"https:\/\/www.camping-pyrenees-cathare.fr\/","name":"Les chalets du lac Belcaire","description":"","publisher":{"@id":"https:\/\/www.camping-pyrenees-cathare.fr\/#organization"},"potentialAction":[{"@type":"SearchAction","target":{"@type":"EntryPoint","urlTemplate":"https:\/\/www.camping-pyrenees-cathare.fr\/?s={search_term_string}"},"query-input":{"@type":"PropertyValueSpecification","valueRequired":true,"valueName":"search_term_string"}}],"inLanguage":"es"},{"@type":"Organization","@id":"https:\/\/www.camping-pyrenees-cathare.fr\/#organization","name":"Les chalets du lac Belcaire","url":"https:\/\/www.camping-pyrenees-cathare.fr\/","logo":{"@type":"ImageObject","inLanguage":"es","@id":"https:\/\/www.camping-pyrenees-cathare.fr\/#\/schema\/logo\/image\/","url":"https:\/\/www.camping-pyrenees-cathare.fr\/wp-content\/uploads\/2023\/05\/logo-couleur-camping-les-chalets-du-lac.webp","contentUrl":"https:\/\/www.camping-pyrenees-cathare.fr\/wp-content\/uploads\/2023\/05\/logo-couleur-camping-les-chalets-du-lac.webp","width":462,"height":252,"caption":"Les chalets du lac Belcaire"},"image":{"@id":"https:\/\/www.camping-pyrenees-cathare.fr\/#\/schema\/logo\/image\/"},"sameAs":["https:\/\/www.facebook.com\/campingbelcaire\/?locale=fr_FR","https:\/\/www.tripadvisor.fr\/Hotel_Review-g1384321-d13748665-Reviews-Les_Chalets_du_Lac-Belcaire_Aude_Occitanie.html","https:\/\/www.instagram.com\/leschaletsdulacbelcaire\/"]}]}},"_links":{"self":[{"href":"https:\/\/www.camping-pyrenees-cathare.fr\/es\/wp-json\/wp\/v2\/pages\/2893","targetHints":{"allow":["GET"]}}],"collection":[{"href":"https:\/\/www.camping-pyrenees-cathare.fr\/es\/wp-json\/wp\/v2\/pages"}],"about":[{"href":"https:\/\/www.camping-pyrenees-cathare.fr\/es\/wp-json\/wp\/v2\/types\/page"}],"author":[{"embeddable":true,"href":"https:\/\/www.camping-pyrenees-cathare.fr\/es\/wp-json\/wp\/v2\/users\/1"}],"replies":[{"embeddable":true,"href":"https:\/\/www.camping-pyrenees-cathare.fr\/es\/wp-json\/wp\/v2\/comments?post=2893"}],"version-history":[{"count":6,"href":"https:\/\/www.camping-pyrenees-cathare.fr\/es\/wp-json\/wp\/v2\/pages\/2893\/revisions"}],"predecessor-version":[{"id":5782,"href":"https:\/\/www.camping-pyrenees-cathare.fr\/es\/wp-json\/wp\/v2\/pages\/2893\/revisions\/5782"}],"wp:featuredmedia":[{"embeddable":true,"href":"https:\/\/www.camping-pyrenees-cathare.fr\/es\/wp-json\/wp\/v2\/media\/2909"}],"wp:attachment":[{"href":"https:\/\/www.camping-pyrenees-cathare.fr\/es\/wp-json\/wp\/v2\/media?parent=2893"}],"wp:term":[{"taxonomy":"sujet","embeddable":true,"href":"https:\/\/www.camping-pyrenees-cathare.fr\/es\/wp-json\/wp\/v2\/sujet?post=2893"}],"curies":[{"name":"wp","href":"https:\/\/api.w.org\/{rel}","templated":true}]}}