{"id":3019,"date":"2023-06-15T13:37:09","date_gmt":"2023-06-15T11:37:09","guid":{"rendered":"https:\/\/www.camping-pyrenees-cathare.fr\/alquiler-chalet-belcaire\/"},"modified":"2023-06-19T16:17:56","modified_gmt":"2023-06-19T14:17:56","slug":"alquiler-chalet-belcaire","status":"publish","type":"page","link":"https:\/\/www.camping-pyrenees-cathare.fr\/es\/alquiler-chalet-belcaire\/","title":{"rendered":"Alquiler"},"content":{"rendered":"<section id=\"ls-section-block_ad719ac919756fb46f33a0ba5750a37e\" class=\"ls-section  p-t-0 h1-bis\" >\r\n        <div class=\"container container--wide\">\r\n        \n\n<h1 class=\"ls__heading wp-block-heading has-text-align-center h1-bis\">Nuestro alojamiento at\u00edpico en alquiler en Belcaire<\/h1>\n\n\n\n<div id=\"ls-hebergements-block_fd78c3cd766be278e64d1a60169ce14e\" class=\"ls-hebergements m-t-4\" >\n    \n    <div class=\"ls-customizer\">\n\n    <div class=\"ls-customizer__filters\">\n        <div class=\"ls-customizer__filters__close\">\n            <i class=\"fas fa-times\"><\/i>\n        <\/div>\n\n        <div class=\"ls-customizer__filters__title\">\n            <b>Filtros<\/b>\n            <span class=\"ls-customizer__filters__clear\"><i class=\"fas fa-times\"><\/i> Borrar filtros<\/span>\n        <\/div>\n\n                \n        <!-- Filtres ACF fields -->\n        \n                                <!-- Filtre nombre_de_personnes -->\n                        <div class=\"filter\" id=\"filter-nombre_de_personnes\">\n                <div class=\"filter__title\">Capacidad m\u00e1xima<i class=\"fas fa-angle-down\"><\/i><\/div>\n                <fieldset data-filter=\"nombre_de_personnes\" data-operator=\"<=\" class=\"input\">\n                    \n                    <div><input type=\"radio\" name=\"nombre_de_personnes\" id=\"nombre_de_personnes-all\"  class=\"checkbox\" \/><label for='nombre_de_personnes-all'>todos<\/label><\/div><div><input type=\"radio\" name=\"nombre_de_personnes\" id=\"nombre_de_personnes-2\" value=\"2\" class=\"checkbox\"  \/><label for='nombre_de_personnes-2'>Hasta 2 Pers.<\/label><\/div><div><input type=\"radio\" name=\"nombre_de_personnes\" id=\"nombre_de_personnes-3\" value=\"3\" class=\"checkbox\"  \/><label for='nombre_de_personnes-3'>Hasta 3 Pers.<\/label><\/div><div><input type=\"radio\" name=\"nombre_de_personnes\" id=\"nombre_de_personnes-4\" value=\"4\" class=\"checkbox\"  \/><label for='nombre_de_personnes-4'>Hasta 4 Pers.<\/label><\/div><div><input type=\"radio\" name=\"nombre_de_personnes\" id=\"nombre_de_personnes-4-6\" value=\"4-6\" class=\"checkbox\"  \/><label for='nombre_de_personnes-4-6'>Hasta 4-6 Pers.<\/label><\/div><div><input type=\"radio\" name=\"nombre_de_personnes\" id=\"nombre_de_personnes-4-5\" value=\"4-5\" class=\"checkbox\"  \/><label for='nombre_de_personnes-4-5'>Hasta 4\/5 Pers.<\/label><\/div><div><input type=\"radio\" name=\"nombre_de_personnes\" id=\"nombre_de_personnes-5\" value=\"5\" class=\"checkbox\"  \/><label for='nombre_de_personnes-5'>Hasta 5 Pers.<\/label><\/div><div><input type=\"radio\" name=\"nombre_de_personnes\" id=\"nombre_de_personnes-6\" value=\"6\" class=\"checkbox\"  \/><label for='nombre_de_personnes-6'>Hasta 6 Pers.<\/label><\/div>                <\/fieldset>\n            <\/div>\n                                <!-- Filtre nombre_de_chambres -->\n                        <div class=\"filter\" id=\"filter-nombre_de_chambres\">\n                <div class=\"filter__title\">N\u00famero de habitaciones<i class=\"fas fa-angle-down\"><\/i><\/div>\n                <fieldset data-filter=\"nombre_de_chambres\" data-operator=\"==\" class=\"input\">\n                    \n                    <div><input type=\"radio\" name=\"nombre_de_chambres\" id=\"nombre_de_chambres-all\"  class=\"checkbox\" \/><label for='nombre_de_chambres-all'>todos<\/label><\/div><div><input type=\"radio\" name=\"nombre_de_chambres\" id=\"nombre_de_chambres-1\" value=\"1\" class=\"checkbox\"  \/><label for='nombre_de_chambres-1'>1<\/label><\/div><div><input type=\"radio\" name=\"nombre_de_chambres\" id=\"nombre_de_chambres-2\" value=\"2\" class=\"checkbox\"  \/><label for='nombre_de_chambres-2'>2<\/label><\/div><div><input type=\"radio\" name=\"nombre_de_chambres\" id=\"nombre_de_chambres-3\" value=\"3\" class=\"checkbox\"  \/><label for='nombre_de_chambres-3'>3<\/label><\/div>                <\/fieldset>\n            <\/div>\n                    \n        \n    <\/div>\n\n<\/div><div class=\"ls-hebergements__results\" data-row=\"3\" data-campings=\"false\" data-types=\"[15]\"><div class=\"ls-hebergement\" data-postid='4193' data-id-reservation='72965' data-id-site='' data-id1='' data-nombre_de_personnes='2' data-nombre_de_chambres='1' data-last-update='' data-type='cabane location'>\n\t<div class=\"ls-hebergement__thumb\">\n\t\t\t\t<div class=\"ls-hebergement__img-wrapper\">\n\t\t\t<img decoding=\"async\" src=\"https:\/\/www.camping-pyrenees-cathare.fr\/wp-content\/uploads\/2023\/05\/cabane-refuge-camping-les-chalets-du-lac.webp\" alt=\"Caba\u00f1a-refugio\" \/>\n\t\t<\/div>\n\t\t<span class=\"chalets-cercle\">+<\/span>\n\t\t<div class=\"ls-hebergement__icons\">\n\t\t\t\t\t\t\t<span class=\"ls-hebergement__icon\">\n\t\t\t\t\t<i class=\"chalets-personne\"><\/i>\n\t\t\t\t\t2\t\t\t\t<\/span>\n\t\t\t\n\t\t\t\t\t\t\t<span class=\"ls-nombre_de_chambres\">\n\t\t\t\t\t<i class=\"chalets-porte-ouverte\"><\/i>\n\t\t\t\t\t1\t\t\t\t<\/span>\n\t\t\t\n\t\t\t\n\t\t\t\t\t\t\t<span class=\"ls-hebergement__icon\">\n\t\t\t\t\t<i class=\"chalets-surface\"><\/i>\n\t\t\t\t\t5m\u00b2\n\t\t\t\t<\/span>\n\t\t\t\t\t<\/div>\n\t<\/div>\n\t<div class=\"ls-hebergement__content\">\n\n\n\t\t<div class=\"ls-hebergement__title titre-deco\">\n\t\t\tCaba\u00f1a-refugio\t\t<\/div>\n\n\n\n\n\t\t<div class=\"ls-button\">Desc\u00fabrelo <strong>+<\/strong><\/div>\n\t<\/div>\n<\/div><div class=\"ls-hebergement\" data-postid='4187' data-id-reservation='72989' data-id-site='' data-id1='' data-nombre_de_personnes='6' data-nombre_de_chambres='3' data-last-update='' data-type='chalet location'>\n\t<div class=\"ls-hebergement__thumb\">\n\t\t\t\t<div class=\"ls-hebergement__img-wrapper\">\n\t\t\t<img decoding=\"async\" src=\"https:\/\/www.camping-pyrenees-cathare.fr\/wp-content\/uploads\/2023\/05\/chateau-camping-les-chalets-du-lac.webp\" alt=\"Chalet Castillo\" \/>\n\t\t<\/div>\n\t\t<span class=\"chalets-cercle\">+<\/span>\n\t\t<div class=\"ls-hebergement__icons\">\n\t\t\t\t\t\t\t<span class=\"ls-hebergement__icon\">\n\t\t\t\t\t<i class=\"chalets-personne\"><\/i>\n\t\t\t\t\t6\t\t\t\t<\/span>\n\t\t\t\n\t\t\t\t\t\t\t<span class=\"ls-nombre_de_chambres\">\n\t\t\t\t\t<i class=\"chalets-porte-ouverte\"><\/i>\n\t\t\t\t\t3\t\t\t\t<\/span>\n\t\t\t\n\t\t\t\t\t\t\t<span class=\"ls-hebergement__icon\">\n\t\t\t\t\t<i class=\"chalets-douche\"><\/i>\n\t\t\t\t\t1\t\t\t\t<\/span>\n\t\t\t\n\t\t\t\t\t\t\t<span class=\"ls-hebergement__icon\">\n\t\t\t\t\t<i class=\"chalets-surface\"><\/i>\n\t\t\t\t\t35m\u00b2\n\t\t\t\t<\/span>\n\t\t\t\t\t<\/div>\n\t<\/div>\n\t<div class=\"ls-hebergement__content\">\n\n\n\t\t<div class=\"ls-hebergement__title titre-deco\">\n\t\t\tChalet Castillo\t\t<\/div>\n\n\n\n\n\t\t<div class=\"ls-button\">Desc\u00fabrelo <strong>+<\/strong><\/div>\n\t<\/div>\n<\/div><div class=\"ls-hebergement\" data-postid='4118' data-id-reservation='72983' data-id-site='' data-id1='' data-nombre_de_personnes='4\/5' data-nombre_de_chambres='2' data-last-update='' data-type='chalet location'>\n\t<div class=\"ls-hebergement__thumb\">\n\t\t\t\t<div class=\"ls-hebergement__img-wrapper\">\n\t\t\t<img decoding=\"async\" src=\"https:\/\/www.camping-pyrenees-cathare.fr\/wp-content\/uploads\/2023\/06\/00000695723.webp\" alt=\"Chalet Ibex\" \/>\n\t\t<\/div>\n\t\t<span class=\"chalets-cercle\">+<\/span>\n\t\t<div class=\"ls-hebergement__icons\">\n\t\t\t\t\t\t\t<span class=\"ls-hebergement__icon\">\n\t\t\t\t\t<i class=\"chalets-personne\"><\/i>\n\t\t\t\t\t4\/5\t\t\t\t<\/span>\n\t\t\t\n\t\t\t\t\t\t\t<span class=\"ls-nombre_de_chambres\">\n\t\t\t\t\t<i class=\"chalets-porte-ouverte\"><\/i>\n\t\t\t\t\t2\t\t\t\t<\/span>\n\t\t\t\n\t\t\t\t\t\t\t<span class=\"ls-hebergement__icon\">\n\t\t\t\t\t<i class=\"chalets-douche\"><\/i>\n\t\t\t\t\t1\t\t\t\t<\/span>\n\t\t\t\n\t\t\t\t\t\t\t<span class=\"ls-hebergement__icon\">\n\t\t\t\t\t<i class=\"chalets-surface\"><\/i>\n\t\t\t\t\t26m\u00b2\n\t\t\t\t<\/span>\n\t\t\t\t\t<\/div>\n\t<\/div>\n\t<div class=\"ls-hebergement__content\">\n\n\n\t\t<div class=\"ls-hebergement__title titre-deco\">\n\t\t\tChalet Ibex\t\t<\/div>\n\n\n\n\n\t\t<div class=\"ls-button\">Desc\u00fabrelo <strong>+<\/strong><\/div>\n\t<\/div>\n<\/div><div class=\"ls-hebergement\" data-postid='4111' data-id-reservation='72986' data-id-site='' data-id1='' data-nombre_de_personnes='4' data-nombre_de_chambres='1' data-last-update='' data-type='chalet location'>\n\t<div class=\"ls-hebergement__thumb\">\n\t\t\t\t<div class=\"ls-hebergement__img-wrapper\">\n\t\t\t<img decoding=\"async\" src=\"https:\/\/www.camping-pyrenees-cathare.fr\/wp-content\/uploads\/2023\/06\/00000666999.webp\" alt=\"Chalet escandinavo\" \/>\n\t\t<\/div>\n\t\t<span class=\"chalets-cercle\">+<\/span>\n\t\t<div class=\"ls-hebergement__icons\">\n\t\t\t\t\t\t\t<span class=\"ls-hebergement__icon\">\n\t\t\t\t\t<i class=\"chalets-personne\"><\/i>\n\t\t\t\t\t4\t\t\t\t<\/span>\n\t\t\t\n\t\t\t\t\t\t\t<span class=\"ls-nombre_de_chambres\">\n\t\t\t\t\t<i class=\"chalets-porte-ouverte\"><\/i>\n\t\t\t\t\t1\t\t\t\t<\/span>\n\t\t\t\n\t\t\t\t\t\t\t<span class=\"ls-hebergement__icon\">\n\t\t\t\t\t<i class=\"chalets-douche\"><\/i>\n\t\t\t\t\t1\t\t\t\t<\/span>\n\t\t\t\n\t\t\t\t\t\t\t<span class=\"ls-hebergement__icon\">\n\t\t\t\t\t<i class=\"chalets-surface\"><\/i>\n\t\t\t\t\t24m\u00b2\n\t\t\t\t<\/span>\n\t\t\t\t\t<\/div>\n\t<\/div>\n\t<div class=\"ls-hebergement__content\">\n\n\n\t\t<div class=\"ls-hebergement__title titre-deco\">\n\t\t\tChalet escandinavo\t\t<\/div>\n\n\n\n\n\t\t<div class=\"ls-button\">Desc\u00fabrelo <strong>+<\/strong><\/div>\n\t<\/div>\n<\/div><div class=\"ls-hebergement\" data-postid='4113' data-id-reservation='72977' data-id-site='' data-id1='' data-nombre_de_personnes='5' data-nombre_de_chambres='2' data-last-update='' data-type='location lodge'>\n\t<div class=\"ls-hebergement__thumb\">\n\t\t\t\t<div class=\"ls-hebergement__img-wrapper\">\n\t\t\t<img decoding=\"async\" src=\"https:\/\/www.camping-pyrenees-cathare.fr\/wp-content\/uploads\/2023\/06\/00000541602.webp\" alt=\"Comfort Lodge (con instalaciones sanitarias)\" \/>\n\t\t<\/div>\n\t\t<span class=\"chalets-cercle\">+<\/span>\n\t\t<div class=\"ls-hebergement__icons\">\n\t\t\t\t\t\t\t<span class=\"ls-hebergement__icon\">\n\t\t\t\t\t<i class=\"chalets-personne\"><\/i>\n\t\t\t\t\t5\t\t\t\t<\/span>\n\t\t\t\n\t\t\t\t\t\t\t<span class=\"ls-nombre_de_chambres\">\n\t\t\t\t\t<i class=\"chalets-porte-ouverte\"><\/i>\n\t\t\t\t\t2\t\t\t\t<\/span>\n\t\t\t\n\t\t\t\t\t\t\t<span class=\"ls-hebergement__icon\">\n\t\t\t\t\t<i class=\"chalets-douche\"><\/i>\n\t\t\t\t\t1\t\t\t\t<\/span>\n\t\t\t\n\t\t\t\t\t\t\t<span class=\"ls-hebergement__icon\">\n\t\t\t\t\t<i class=\"chalets-surface\"><\/i>\n\t\t\t\t\t25m\u00b2\n\t\t\t\t<\/span>\n\t\t\t\t\t<\/div>\n\t<\/div>\n\t<div class=\"ls-hebergement__content\">\n\n\n\t\t<div class=\"ls-hebergement__title titre-deco\">\n\t\t\tComfort Lodge (con instalaciones sanitarias)\t\t<\/div>\n\n\n\n\n\t\t<div class=\"ls-button\">Desc\u00fabrelo <strong>+<\/strong><\/div>\n\t<\/div>\n<\/div><div class=\"ls-hebergement\" data-postid='4100' data-id-reservation='93105' data-id-site='' data-id1='' data-nombre_de_personnes='6' data-nombre_de_chambres='3' data-last-update='' data-type='chalet location'>\n\t<div class=\"ls-hebergement__thumb\">\n\t\t\t\t<div class=\"ls-hebergement__img-wrapper\">\n\t\t\t<img decoding=\"async\" src=\"https:\/\/www.camping-pyrenees-cathare.fr\/wp-content\/uploads\/2023\/06\/00000715935.webp\" alt=\"Chalet Les Tr\u00e8fles\" \/>\n\t\t<\/div>\n\t\t<span class=\"chalets-cercle\">+<\/span>\n\t\t<div class=\"ls-hebergement__icons\">\n\t\t\t\t\t\t\t<span class=\"ls-hebergement__icon\">\n\t\t\t\t\t<i class=\"chalets-personne\"><\/i>\n\t\t\t\t\t6\t\t\t\t<\/span>\n\t\t\t\n\t\t\t\t\t\t\t<span class=\"ls-nombre_de_chambres\">\n\t\t\t\t\t<i class=\"chalets-porte-ouverte\"><\/i>\n\t\t\t\t\t3\t\t\t\t<\/span>\n\t\t\t\n\t\t\t\t\t\t\t<span class=\"ls-hebergement__icon\">\n\t\t\t\t\t<i class=\"chalets-douche\"><\/i>\n\t\t\t\t\t1\t\t\t\t<\/span>\n\t\t\t\n\t\t\t\t\t\t\t<span class=\"ls-hebergement__icon\">\n\t\t\t\t\t<i class=\"chalets-surface\"><\/i>\n\t\t\t\t\t32m\u00b2\n\t\t\t\t<\/span>\n\t\t\t\t\t<\/div>\n\t<\/div>\n\t<div class=\"ls-hebergement__content\">\n\n\n\t\t<div class=\"ls-hebergement__title titre-deco\">\n\t\t\tChalet Les Tr\u00e8fles\t\t<\/div>\n\n\n\n\n\t\t<div class=\"ls-button\">Desc\u00fabrelo <strong>+<\/strong><\/div>\n\t<\/div>\n<\/div><div class=\"ls-hebergement\" data-postid='4102' data-id-reservation='107752' data-id-site='' data-id1='' data-nombre_de_personnes='6' data-nombre_de_chambres='3' data-last-update='' data-type='chalet location'>\n\t<div class=\"ls-hebergement__thumb\">\n\t\t\t\t<div class=\"ls-hebergement__img-wrapper\">\n\t\t\t<img decoding=\"async\" src=\"https:\/\/www.camping-pyrenees-cathare.fr\/wp-content\/uploads\/2023\/06\/00000900911.webp\" alt=\"Chalet Les C\u00e8dres\" \/>\n\t\t<\/div>\n\t\t<span class=\"chalets-cercle\">+<\/span>\n\t\t<div class=\"ls-hebergement__icons\">\n\t\t\t\t\t\t\t<span class=\"ls-hebergement__icon\">\n\t\t\t\t\t<i class=\"chalets-personne\"><\/i>\n\t\t\t\t\t6\t\t\t\t<\/span>\n\t\t\t\n\t\t\t\t\t\t\t<span class=\"ls-nombre_de_chambres\">\n\t\t\t\t\t<i class=\"chalets-porte-ouverte\"><\/i>\n\t\t\t\t\t3\t\t\t\t<\/span>\n\t\t\t\n\t\t\t\t\t\t\t<span class=\"ls-hebergement__icon\">\n\t\t\t\t\t<i class=\"chalets-douche\"><\/i>\n\t\t\t\t\t1\t\t\t\t<\/span>\n\t\t\t\n\t\t\t\t\t\t\t<span class=\"ls-hebergement__icon\">\n\t\t\t\t\t<i class=\"chalets-surface\"><\/i>\n\t\t\t\t\t32m\u00b2\n\t\t\t\t<\/span>\n\t\t\t\t\t<\/div>\n\t<\/div>\n\t<div class=\"ls-hebergement__content\">\n\n\n\t\t<div class=\"ls-hebergement__title titre-deco\">\n\t\t\tChalet Les C\u00e8dres\t\t<\/div>\n\n\n\n\n\t\t<div class=\"ls-button\">Desc\u00fabrelo <strong>+<\/strong><\/div>\n\t<\/div>\n<\/div><div class=\"ls-hebergement\" data-postid='4106' data-id-reservation='72970' data-id-site='' data-id1='' data-nombre_de_personnes='4' data-nombre_de_chambres='2' data-last-update='' data-type='cabane location'>\n\t<div class=\"ls-hebergement__thumb\">\n\t\t\t\t<div class=\"ls-hebergement__img-wrapper\">\n\t\t\t<img decoding=\"async\" src=\"https:\/\/www.camping-pyrenees-cathare.fr\/wp-content\/uploads\/2023\/06\/00000541598.webp\" alt=\"Eco Lodge (sin sanitarios)\" \/>\n\t\t<\/div>\n\t\t<span class=\"chalets-cercle\">+<\/span>\n\t\t<div class=\"ls-hebergement__icons\">\n\t\t\t\t\t\t\t<span class=\"ls-hebergement__icon\">\n\t\t\t\t\t<i class=\"chalets-personne\"><\/i>\n\t\t\t\t\t4\t\t\t\t<\/span>\n\t\t\t\n\t\t\t\t\t\t\t<span class=\"ls-nombre_de_chambres\">\n\t\t\t\t\t<i class=\"chalets-porte-ouverte\"><\/i>\n\t\t\t\t\t2\t\t\t\t<\/span>\n\t\t\t\n\t\t\t\n\t\t\t\t\t\t\t<span class=\"ls-hebergement__icon\">\n\t\t\t\t\t<i class=\"chalets-surface\"><\/i>\n\t\t\t\t\t20m\u00b2\n\t\t\t\t<\/span>\n\t\t\t\t\t<\/div>\n\t<\/div>\n\t<div class=\"ls-hebergement__content\">\n\n\n\t\t<div class=\"ls-hebergement__title titre-deco\">\n\t\t\tEco Lodge (sin sanitarios)\t\t<\/div>\n\n\n\n\n\t\t<div class=\"ls-button\">Desc\u00fabrelo <strong>+<\/strong><\/div>\n\t<\/div>\n<\/div><div class=\"ls-hebergement\" data-postid='4104' data-id-reservation='73456' data-id-site='' data-id1='' data-nombre_de_personnes='4' data-nombre_de_chambres='2' data-last-update='' data-type='chalet location'>\n\t<div class=\"ls-hebergement__thumb\">\n\t\t\t\t<div class=\"ls-hebergement__img-wrapper\">\n\t\t\t<img decoding=\"async\" src=\"https:\/\/www.camping-pyrenees-cathare.fr\/wp-content\/uploads\/2023\/06\/le-isard.jpg\" alt=\"Chalet Isard\" \/>\n\t\t<\/div>\n\t\t<span class=\"chalets-cercle\">+<\/span>\n\t\t<div class=\"ls-hebergement__icons\">\n\t\t\t\t\t\t\t<span class=\"ls-hebergement__icon\">\n\t\t\t\t\t<i class=\"chalets-personne\"><\/i>\n\t\t\t\t\t4\t\t\t\t<\/span>\n\t\t\t\n\t\t\t\t\t\t\t<span class=\"ls-nombre_de_chambres\">\n\t\t\t\t\t<i class=\"chalets-porte-ouverte\"><\/i>\n\t\t\t\t\t2\t\t\t\t<\/span>\n\t\t\t\n\t\t\t\t\t\t\t<span class=\"ls-hebergement__icon\">\n\t\t\t\t\t<i class=\"chalets-douche\"><\/i>\n\t\t\t\t\t1\t\t\t\t<\/span>\n\t\t\t\n\t\t\t\t\t\t\t<span class=\"ls-hebergement__icon\">\n\t\t\t\t\t<i class=\"chalets-surface\"><\/i>\n\t\t\t\t\t24m\u00b2\n\t\t\t\t<\/span>\n\t\t\t\t\t<\/div>\n\t<\/div>\n\t<div class=\"ls-hebergement__content\">\n\n\n\t\t<div class=\"ls-hebergement__title titre-deco\">\n\t\t\tChalet Isard\t\t<\/div>\n\n\n\n\n\t\t<div class=\"ls-button\">Desc\u00fabrelo <strong>+<\/strong><\/div>\n\t<\/div>\n<\/div><div class=\"ls-hebergement\" data-postid='4107' data-id-reservation='108195' data-id-site='' data-id1='' data-nombre_de_personnes='4' data-nombre_de_chambres='2' data-last-update='' data-type='chalet location'>\n\t<div class=\"ls-hebergement__thumb\">\n\t\t\t\t<div class=\"ls-hebergement__img-wrapper\">\n\t\t\t<img decoding=\"async\" src=\"https:\/\/www.camping-pyrenees-cathare.fr\/wp-content\/uploads\/2023\/06\/00000901291.webp\" alt=\"Chalet Marmotte\" \/>\n\t\t<\/div>\n\t\t<span class=\"chalets-cercle\">+<\/span>\n\t\t<div class=\"ls-hebergement__icons\">\n\t\t\t\t\t\t\t<span class=\"ls-hebergement__icon\">\n\t\t\t\t\t<i class=\"chalets-personne\"><\/i>\n\t\t\t\t\t4\t\t\t\t<\/span>\n\t\t\t\n\t\t\t\t\t\t\t<span class=\"ls-nombre_de_chambres\">\n\t\t\t\t\t<i class=\"chalets-porte-ouverte\"><\/i>\n\t\t\t\t\t2\t\t\t\t<\/span>\n\t\t\t\n\t\t\t\t\t\t\t<span class=\"ls-hebergement__icon\">\n\t\t\t\t\t<i class=\"chalets-douche\"><\/i>\n\t\t\t\t\t1\t\t\t\t<\/span>\n\t\t\t\n\t\t\t\t\t\t\t<span class=\"ls-hebergement__icon\">\n\t\t\t\t\t<i class=\"chalets-surface\"><\/i>\n\t\t\t\t\t26m\u00b2\n\t\t\t\t<\/span>\n\t\t\t\t\t<\/div>\n\t<\/div>\n\t<div class=\"ls-hebergement__content\">\n\n\n\t\t<div class=\"ls-hebergement__title titre-deco\">\n\t\t\tChalet Marmotte\t\t<\/div>\n\n\n\n\n\t\t<div class=\"ls-button\">Desc\u00fabrelo <strong>+<\/strong><\/div>\n\t<\/div>\n<\/div><div class=\"ls-hebergement\" data-postid='4098' data-id-reservation='72973' data-id-site='' data-id1='' data-nombre_de_personnes='4' data-nombre_de_chambres='1' data-last-update='' data-type='cabane location'>\n\t<div class=\"ls-hebergement__thumb\">\n\t\t\t\t<div class=\"ls-hebergement__img-wrapper\">\n\t\t\t<img decoding=\"async\" src=\"https:\/\/www.camping-pyrenees-cathare.fr\/wp-content\/uploads\/2023\/06\/00000447257.webp\" alt=\"Caba\u00f1a Trapper (sin instalaciones sanitarias)\" \/>\n\t\t<\/div>\n\t\t<span class=\"chalets-cercle\">+<\/span>\n\t\t<div class=\"ls-hebergement__icons\">\n\t\t\t\t\t\t\t<span class=\"ls-hebergement__icon\">\n\t\t\t\t\t<i class=\"chalets-personne\"><\/i>\n\t\t\t\t\t4\t\t\t\t<\/span>\n\t\t\t\n\t\t\t\t\t\t\t<span class=\"ls-nombre_de_chambres\">\n\t\t\t\t\t<i class=\"chalets-porte-ouverte\"><\/i>\n\t\t\t\t\t1\t\t\t\t<\/span>\n\t\t\t\n\t\t\t\n\t\t\t\t\t\t\t<span class=\"ls-hebergement__icon\">\n\t\t\t\t\t<i class=\"chalets-surface\"><\/i>\n\t\t\t\t\t20m\u00b2\n\t\t\t\t<\/span>\n\t\t\t\t\t<\/div>\n\t<\/div>\n\t<div class=\"ls-hebergement__content\">\n\n\n\t\t<div class=\"ls-hebergement__title titre-deco\">\n\t\t\tCaba\u00f1a Trapper (sin instalaciones sanitarias)\t\t<\/div>\n\n\n\n\n\t\t<div class=\"ls-button\">Desc\u00fabrelo <strong>+<\/strong><\/div>\n\t<\/div>\n<\/div><div class=\"ls-hebergement\" data-postid='4093' data-id-reservation='113966' data-id-site='' data-id1='' data-nombre_de_personnes='3' data-nombre_de_chambres='1' data-last-update='' data-type='cabane location'>\n\t<div class=\"ls-hebergement__thumb\">\n\t\t\t\t<div class=\"ls-hebergement__img-wrapper\">\n\t\t\t<img decoding=\"async\" src=\"https:\/\/www.camping-pyrenees-cathare.fr\/wp-content\/uploads\/2023\/06\/00000904469.webp\" alt=\"Cabane Cahute (sin instalaciones sanitarias)\" \/>\n\t\t<\/div>\n\t\t<span class=\"chalets-cercle\">+<\/span>\n\t\t<div class=\"ls-hebergement__icons\">\n\t\t\t\t\t\t\t<span class=\"ls-hebergement__icon\">\n\t\t\t\t\t<i class=\"chalets-personne\"><\/i>\n\t\t\t\t\t3\t\t\t\t<\/span>\n\t\t\t\n\t\t\t\t\t\t\t<span class=\"ls-nombre_de_chambres\">\n\t\t\t\t\t<i class=\"chalets-porte-ouverte\"><\/i>\n\t\t\t\t\t1\t\t\t\t<\/span>\n\t\t\t\n\t\t\t\n\t\t\t\t\t\t\t<span class=\"ls-hebergement__icon\">\n\t\t\t\t\t<i class=\"chalets-surface\"><\/i>\n\t\t\t\t\t9m\u00b2\n\t\t\t\t<\/span>\n\t\t\t\t\t<\/div>\n\t<\/div>\n\t<div class=\"ls-hebergement__content\">\n\n\n\t\t<div class=\"ls-hebergement__title titre-deco\">\n\t\t\tCabane Cahute (sin instalaciones sanitarias)\t\t<\/div>\n\n\n\n\n\t\t<div class=\"ls-button\">Desc\u00fabrelo <strong>+<\/strong><\/div>\n\t<\/div>\n<\/div><div class=\"ls-hebergement\" data-postid='4096' data-id-reservation='108233' data-id-site='' data-id1='' data-nombre_de_personnes='4' data-nombre_de_chambres='1' data-last-update='' data-type='cabane location'>\n\t<div class=\"ls-hebergement__thumb\">\n\t\t\t\t<div class=\"ls-hebergement__img-wrapper\">\n\t\t\t<img decoding=\"async\" src=\"https:\/\/www.camping-pyrenees-cathare.fr\/wp-content\/uploads\/2023\/06\/00000904469.webp\" alt=\"Cabane Cahute (sin instalaciones sanitarias)\" \/>\n\t\t<\/div>\n\t\t<span class=\"chalets-cercle\">+<\/span>\n\t\t<div class=\"ls-hebergement__icons\">\n\t\t\t\t\t\t\t<span class=\"ls-hebergement__icon\">\n\t\t\t\t\t<i class=\"chalets-personne\"><\/i>\n\t\t\t\t\t4\t\t\t\t<\/span>\n\t\t\t\n\t\t\t\t\t\t\t<span class=\"ls-nombre_de_chambres\">\n\t\t\t\t\t<i class=\"chalets-porte-ouverte\"><\/i>\n\t\t\t\t\t1\t\t\t\t<\/span>\n\t\t\t\n\t\t\t\n\t\t\t\t\t\t\t<span class=\"ls-hebergement__icon\">\n\t\t\t\t\t<i class=\"chalets-surface\"><\/i>\n\t\t\t\t\t9m\u00b2\n\t\t\t\t<\/span>\n\t\t\t\t\t<\/div>\n\t<\/div>\n\t<div class=\"ls-hebergement__content\">\n\n\n\t\t<div class=\"ls-hebergement__title titre-deco\">\n\t\t\tCabane Cahute (sin instalaciones sanitarias)\t\t<\/div>\n\n\n\n\n\t\t<div class=\"ls-button\">Desc\u00fabrelo <strong>+<\/strong><\/div>\n\t<\/div>\n<\/div><div class=\"ls-hebergement\" data-postid='4119' data-id-reservation='72988' data-id-site='' data-id1='' data-nombre_de_personnes='4-6' data-nombre_de_chambres='2' data-last-update='' data-type='chalet location'>\n\t<div class=\"ls-hebergement__thumb\">\n\t\t\t\t<div class=\"ls-hebergement__img-wrapper\">\n\t\t\t<img decoding=\"async\" src=\"https:\/\/www.camping-pyrenees-cathare.fr\/wp-content\/uploads\/2023\/05\/00000666979.webp\" alt=\"Chalet Grand Isard\" \/>\n\t\t<\/div>\n\t\t<span class=\"chalets-cercle\">+<\/span>\n\t\t<div class=\"ls-hebergement__icons\">\n\t\t\t\t\t\t\t<span class=\"ls-hebergement__icon\">\n\t\t\t\t\t<i class=\"chalets-personne\"><\/i>\n\t\t\t\t\t4-6\t\t\t\t<\/span>\n\t\t\t\n\t\t\t\t\t\t\t<span class=\"ls-nombre_de_chambres\">\n\t\t\t\t\t<i class=\"chalets-porte-ouverte\"><\/i>\n\t\t\t\t\t2\t\t\t\t<\/span>\n\t\t\t\n\t\t\t\t\t\t\t<span class=\"ls-hebergement__icon\">\n\t\t\t\t\t<i class=\"chalets-douche\"><\/i>\n\t\t\t\t\t1\t\t\t\t<\/span>\n\t\t\t\n\t\t\t\t\t\t\t<span class=\"ls-hebergement__icon\">\n\t\t\t\t\t<i class=\"chalets-surface\"><\/i>\n\t\t\t\t\t35m\u00b2\n\t\t\t\t<\/span>\n\t\t\t\t\t<\/div>\n\t<\/div>\n\t<div class=\"ls-hebergement__content\">\n\n\n\t\t<div class=\"ls-hebergement__title titre-deco\">\n\t\t\tChalet Grand Isard\t\t<\/div>\n\n\n\n\n\t\t<div class=\"ls-button\">Desc\u00fabrelo <strong>+<\/strong><\/div>\n\t<\/div>\n<\/div><div class=\"ls-hebergement\" data-postid='4097' data-id-reservation='73384' data-id-site='' data-id1='' data-nombre_de_personnes='2' data-nombre_de_chambres='' data-last-update='' data-type='caravane location'>\n\t<div class=\"ls-hebergement__thumb\">\n\t\t\t\t<div class=\"ls-hebergement__img-wrapper\">\n\t\t\t<img decoding=\"async\" src=\"https:\/\/www.camping-pyrenees-cathare.fr\/wp-content\/uploads\/2023\/06\/00000447252-1.webp\" alt=\"Caravana (sin instalaciones sanitarias)\" \/>\n\t\t<\/div>\n\t\t<span class=\"chalets-cercle\">+<\/span>\n\t\t<div class=\"ls-hebergement__icons\">\n\t\t\t\t\t\t\t<span class=\"ls-hebergement__icon\">\n\t\t\t\t\t<i class=\"chalets-personne\"><\/i>\n\t\t\t\t\t2\t\t\t\t<\/span>\n\t\t\t\n\t\t\t\n\t\t\t\n\t\t\t\t\t<\/div>\n\t<\/div>\n\t<div class=\"ls-hebergement__content\">\n\n\n\t\t<div class=\"ls-hebergement__title titre-deco\">\n\t\t\tCaravana (sin instalaciones sanitarias)\t\t<\/div>\n\n\n\n\n\t\t<div class=\"ls-button\">Desc\u00fabrelo <strong>+<\/strong><\/div>\n\t<\/div>\n<\/div><\/div><\/div>\n\r\n    <\/div>\r\n<\/section>\n\n<section id=\"ls-section-block_5d6a47c69a342ff1abf24f74cfc04ec9\" class=\"ls-section  home-first page-one\" >\r\n        <div class=\"container container--full\">\r\n        \n\n<div class=\"wp-block-columns is-layout-flex wp-container-core-columns-is-layout-9d6595d7 wp-block-columns-is-layout-flex\">\n<div class=\"wp-block-column is-vertically-aligned-center animated fadeInLeft slow is-layout-flow wp-block-column-is-layout-flow\" style=\"flex-basis:50%\">\n<figure class=\"wp-block-image size-full image-blob\"><img loading=\"lazy\" decoding=\"async\" width=\"1024\" height=\"768\" src=\"https:\/\/www.camping-pyrenees-cathare.fr\/wp-content\/uploads\/2023\/06\/location-chalet-pyrenees.webp\" alt=\"Chalet Alquiler Pirineos\" class=\"wp-image-1563\" srcset=\"https:\/\/www.camping-pyrenees-cathare.fr\/wp-content\/uploads\/2023\/06\/location-chalet-pyrenees.webp 1024w, https:\/\/www.camping-pyrenees-cathare.fr\/wp-content\/uploads\/2023\/06\/location-chalet-pyrenees-300x225.webp 300w, https:\/\/www.camping-pyrenees-cathare.fr\/wp-content\/uploads\/2023\/06\/location-chalet-pyrenees-768x576.webp 768w\" sizes=\"auto, (max-width: 1024px) 100vw, 1024px\" \/><\/figure>\n\n\n\n<figure class=\"wp-block-image size-full image-secondaire\"><a href=\"https:\/\/www.camping-pyrenees-cathare.fr\/wp-content\/uploads\/2023\/06\/louer-chalet-belcaire.webp\"><img loading=\"lazy\" decoding=\"async\" width=\"1024\" height=\"768\" src=\"https:\/\/www.camping-pyrenees-cathare.fr\/wp-content\/uploads\/2023\/06\/louer-chalet-belcaire.webp\" alt=\"Alquiler chalet Belcaire\" class=\"wp-image-1571\" srcset=\"https:\/\/www.camping-pyrenees-cathare.fr\/wp-content\/uploads\/2023\/06\/louer-chalet-belcaire.webp 1024w, https:\/\/www.camping-pyrenees-cathare.fr\/wp-content\/uploads\/2023\/06\/louer-chalet-belcaire-300x225.webp 300w, https:\/\/www.camping-pyrenees-cathare.fr\/wp-content\/uploads\/2023\/06\/louer-chalet-belcaire-768x576.webp 768w\" sizes=\"auto, (max-width: 1024px) 100vw, 1024px\" \/><\/a><\/figure>\n<\/div>\n\n\n\n<div class=\"wp-block-column has-color-4-background-color has-background is-layout-flow wp-block-column-is-layout-flow\" style=\"flex-basis:50%\">\n<div id=\"ls-heading ls-titre-div-block_3386d7c5f996219cb5b2cead5e0755a6\" class=\"ls-titre-div titre-deco h2-like has-text-color has-color-1-color\" >\n    Alojamientos con encanto  <br>  frente a los Pirineos!<\/div>\n\n\n\n<h2 class=\"ls__heading wp-block-heading\">  Alquile un c\u00f3modo chalet en el coraz\u00f3n de la monta\u00f1a<\/h2>\n\n\n\n<p class=\"ls-paragraph\">Para su estancia, opte por nuestros chalets. <strong>Todos hechos de madera<\/strong>, se mezclan perfectamente con la naturaleza circundante. Verdaderas casas de vacaciones, estas <strong>caba\u00f1as <\/strong>combinan car\u00e1cter, autenticidad y encanto en las monta\u00f1as. El Camping Les chalets du lac Belcaire dispone de <a href=\"https:\/\/www.camping-pyrenees-cathare.fr\/es\/ubicacion-belcaire\/\">parcelas para alquilar<\/a> varios <strong>alojamientos diferentes<\/strong>. Desde el castillo c\u00e1taro hasta el chalet escandinavo y la caba\u00f1a de paja, habr\u00e1 algo para todos. Desde lo m\u00e1s <strong>cl\u00e1sico hasta lo m\u00e1s inusual<\/strong>.  <\/p>\n\n\n\n<p class=\"ls-paragraph\">Estos <strong>alojamientos r\u00fasticos<\/strong> son perfectos para familias. Con 2 o 3 dormitorios, pueden alojar <strong>de 4 a 6 personas<\/strong>. Para familias numerosas, se pueden alquilar habitaciones anexas para 2 o 3 personas por un suplemento.  <\/p>\n\n\n\n<p class=\"ls-paragraph\">D\u00e9jate seducir por estas <strong>encantadoras casas<\/strong> que ofrecen vol\u00famenes interesantes. De <strong>20 a 35 m\u00b2<\/strong>, contienen agradables salas de estar y un equipamiento muy apreciable.  <\/p>\n\n\n\n<p class=\"ls-paragraph\">Nuestras <strong>caba\u00f1as<\/strong> combinan <strong>modernidad y autenticidad<\/strong>. En verano y dependiendo del alojamiento, los veraneantes apreciar\u00e1n el aire acondicionado o las terrazas semicubiertas con persianas. En invierno, a los campistas les encantar\u00e1 la estufa de pellets en castillos o terrazas soleadas.  <\/p>\n\n\n\n<p class=\"ls-paragraph\">Pr\u00e1cticos, nuestros chalets tienen mucho espacio de almacenamiento para que se sienta como en casa. <strong>Decoradas con cuidado<\/strong>, estas caba\u00f1as son <strong>c\u00e1lidas y acogedoras<\/strong>.  <\/p>\n\n\n\n<p class=\"ls-paragraph\">  As\u00ed que no lo dudes m\u00e1s y reserva tus futuros avances con nosotros.  <\/p>\n<\/div>\n<\/div>\n\n\r\n    <\/div>\r\n<\/section>\n\n<section id=\"section-cabane\" class=\"ls-section  home-sixth page-two\" >\r\n        <div class=\"container container--full\">\r\n        \n\n<div class=\"wp-block-columns is-layout-flex wp-container-core-columns-is-layout-9d6595d7 wp-block-columns-is-layout-flex\">\n<div class=\"wp-block-column has-color-4-background-color has-background is-layout-flow wp-block-column-is-layout-flow\" style=\"flex-basis:50%\">\n<h2 class=\"ls__heading wp-block-heading\">Al\u00f3jate en una caba\u00f1a en Belcaire<\/h2>\n\n\n\n<p class=\"ls-paragraph\"><strong>Nuevo concepto de alojamiento<\/strong> ideal para campistas en movimiento, nuestras caba\u00f1as le dan la bienvenida por una o m\u00e1s <strong>noches <\/strong>. Estas <strong>peque\u00f1as caba\u00f1as de madera son perfectas<\/strong> para los excursionistas que durante sus viajes por el sendero c\u00e1taro o GR10 desean la comodidad de una cama acogedora. Los ciclistas que se dirijan a Pas-de-la-Casa tambi\u00e9n estar\u00e1n encantados <strong>de disfrutar de estas caba\u00f1as tan pr\u00e1cticas como aut\u00e9nticas<\/strong>. No olvidemos a los ciclistas y jinetes que estar\u00e1n satisfechos con el<strong> encanto de estos alojamientos<\/strong>.  <\/p>\n\n\n\n<p class=\"ls-paragraph\">Simple pero funcional, el <strong>caban&#8217;\u00e9tape<\/strong> re\u00fane lo esencial para <strong>pasar una noche en el refugio.<\/strong> Con el refugio encontrar\u00e1s un colch\u00f3n para 2 personas, una toma de corriente para recargar tel\u00e9fono y bater\u00edas. <strong>En el exterior<\/strong>, un <strong>comedor<\/strong> le permitir\u00e1 descansar en completa serenidad. La cahute ofrece el mismo equipamiento para 3 o 4 personas. La <strong>caba\u00f1a del trampero <\/strong>tiene una zona de estar con zona de cocina, zona de estar y mesa de comedor. Un dormitorio con 4 camas completa el dise\u00f1o. Servicios y un punto de agua est\u00e1n cerca.  <\/p>\n<\/div>\n\n\n\n<div class=\"wp-block-column is-vertically-aligned-center animated fadeInRight slow is-layout-flow wp-block-column-is-layout-flow\" style=\"flex-basis:50%\">\n<div id=\"ls-heading ls-titre-div-block_e0e1a7e7fab4c51d520737010b75a139\" class=\"ls-titre-div titre-deco h2-like has-text-color has-color-1-color\" >\n    Reservar ahora  <br>  todas las estaciones!<\/div>\n\n\n\n<figure class=\"wp-block-image size-full image-blob\"><img loading=\"lazy\" decoding=\"async\" width=\"1024\" height=\"768\" src=\"https:\/\/www.camping-pyrenees-cathare.fr\/wp-content\/uploads\/2023\/06\/location-cabane-pyrenees.webp\" alt=\"Alquiler caba\u00f1a pirineos\" class=\"wp-image-1559\" srcset=\"https:\/\/www.camping-pyrenees-cathare.fr\/wp-content\/uploads\/2023\/06\/location-cabane-pyrenees.webp 1024w, https:\/\/www.camping-pyrenees-cathare.fr\/wp-content\/uploads\/2023\/06\/location-cabane-pyrenees-300x225.webp 300w, https:\/\/www.camping-pyrenees-cathare.fr\/wp-content\/uploads\/2023\/06\/location-cabane-pyrenees-768x576.webp 768w\" sizes=\"auto, (max-width: 1024px) 100vw, 1024px\" \/><\/figure>\n\n\n\n<figure class=\"wp-block-image size-full image-secondaire\"><a href=\"https:\/\/www.camping-pyrenees-cathare.fr\/wp-content\/uploads\/2023\/06\/location-insolite-belcaire.webp\"><img loading=\"lazy\" decoding=\"async\" width=\"1024\" height=\"768\" src=\"https:\/\/www.camping-pyrenees-cathare.fr\/wp-content\/uploads\/2023\/06\/location-insolite-belcaire.webp\" alt=\"Alquiler inusual Belcaire\" class=\"wp-image-1542\" srcset=\"https:\/\/www.camping-pyrenees-cathare.fr\/wp-content\/uploads\/2023\/06\/location-insolite-belcaire.webp 1024w, https:\/\/www.camping-pyrenees-cathare.fr\/wp-content\/uploads\/2023\/06\/location-insolite-belcaire-300x225.webp 300w, https:\/\/www.camping-pyrenees-cathare.fr\/wp-content\/uploads\/2023\/06\/location-insolite-belcaire-768x576.webp 768w\" sizes=\"auto, (max-width: 1024px) 100vw, 1024px\" \/><\/a><\/figure>\n<\/div>\n<\/div>\n\n\r\n    <\/div>\r\n<\/section>\n\n<section id=\"ls-section-block_6c236dd29d308a0af21a6d8f603cb58a\" class=\"ls-section  home-fifth page-three has-background-image has-parallax\" >\r\n    <div class=\"ls-section__background-image opacity-100\"><img decoding=\"async\" src=\"https:\/\/www.camping-pyrenees-cathare.fr\/wp-content\/uploads\/2023\/06\/louer-lodge-belcaire-1.webp\" alt=\"Alquiler Lodge Belcaire\"><\/div>    <div class=\"container container--small\">\r\n        \n\n<div id=\"ls-heading ls-titre-div-block_1256c2eb6161444c0aa99d7b7d39e526\" class=\"ls-titre-div titre-deco h2-like\" >\n    Glamping en el coraz\u00f3n  <br> de la naturaleza<\/div>\n\n\n\n<h2 class=\"ls__heading wp-block-heading has-text-align-center m-t-4 has-color-white-color has-text-color\">Nuestros lodges en alquiler para tus vacaciones<\/h2>\n\n\n\n<p class=\"ls-paragraph has-text-align-center has-color-white-color has-text-color\">Las <strong>tiendas de campa\u00f1a<\/strong> compuestas por una <strong>estructura <\/strong>y un <strong>piso de madera<\/strong> son ideales para pasar unas vacaciones econ\u00f3micas cerca de la naturaleza con facilidad. Desde <strong>el glamping <\/strong>hasta el camping.  <\/p>\n\n\n\n<p class=\"ls-paragraph has-text-align-center has-color-white-color has-text-color\">Si est\u00e1 buscando <strong>un alojamiento asequible<\/strong> durante sus vacaciones, la tienda de campa\u00f1a es la soluci\u00f3n ideal. Este es el compromiso correcto si desea tener todas las ventajas de un alquiler mientras disfruta de <strong>un<\/strong> <strong>precio atractivo<\/strong>. Equipadas y amuebladas, le permiten descubrir las alegr\u00edas de <a href=\"https:\/\/www.camping-pyrenees-cathare.fr\/es\/camping-barato-belcaire\/\">acampar a un precio bajo<\/a> al aire libre mientras mantiene su comodidad.  <\/p>\n\n\n\n<p class=\"ls-paragraph has-text-align-center has-color-white-color has-text-color\">De 16 a 25 m\u00b2, nuestros <strong>bungatoiles <\/strong>se componen de dos dormitorios y, por lo tanto, pueden alojar <strong>de 4 a 5 personas<\/strong>. La <strong>amplia sala de estar<\/strong> incluye una zona de cocina y un comedor que da a una <strong>terraza de madera<\/strong>. Los <strong>bungalows de lona<\/strong> se instalan en un entorno tranquilo y sombreado que no se pasa por alto. La <strong>gama eco<\/strong> no tiene lavabo ni ba\u00f1o. Sin embargo, tiene acceso a las instalaciones sanitarias del camping. Las <strong>tiendas confort lodge<\/strong> disponen de ba\u00f1o.  <\/p>\n\n\r\n    <\/div>\r\n<\/section>\n\n<section id=\"ls-section-block_beab6643fe47c4b5c9d32c15cf479387\" class=\"ls-section  page-cta\" >\r\n        <div class=\"container container--wide\">\r\n        \n\n<div id=\"ls-heading ls-titre-div-block_c6398ac052413b617acfe77eb0ca5d00\" class=\"ls-titre-div aligncenter h2-like\" >\n    Nuestras ubicaciones, tarifas y piscinas<\/div>\n\n\n<div id=\"ls-maillage-block_bf3b1f5ec5e82605d81e15b29ca7ae25\" class=\"ls-maillage cta-style-normal\" data-rows=\"3\">\r\n    <div class=\"wp-block-columns\"><div class=\"wp-block-column\"><div class=\"ls-cta\">\n\n<a href=\"https:\/\/www.camping-pyrenees-cathare.fr\/es\/ubicacion-belcaire\/\" target=\"\" rel=\"noopener\" class=\"ls-cta__link\">\n\n\t<div class=\"ls-cta__image\"><img decoding=\"async\" src=\"https:\/\/www.camping-pyrenees-cathare.fr\/wp-content\/uploads\/2023\/06\/location-emplacement-tente-belcaire.webp\" alt=\"Alquiler de carpas Belcaire\"><\/div>\n\t<span class=\"chalets-cercle\">+<\/span>\n\n\t<div class=\"ls-cta__title\">\n\t\tUbicaciones\t<\/div>\n\n\t\t\n<\/a><\/div><\/div><div class=\"wp-block-column\"><div class=\"ls-cta\">\n\n<a href=\"https:\/\/www.camping-pyrenees-cathare.fr\/es\/camping-piscina-climatizada-belcaire\/\" target=\"\" rel=\"noopener\" class=\"ls-cta__link\">\n\n\t<div class=\"ls-cta__image\"><img decoding=\"async\" src=\"https:\/\/www.camping-pyrenees-cathare.fr\/wp-content\/uploads\/2023\/06\/61950806_2080973532008456_5853319866374684672_n_resultat-768x576.webp\" alt=\"Piscinas los chalets del lago Belcaire\"><\/div>\n\t<span class=\"chalets-cercle\">+<\/span>\n\n\t<div class=\"ls-cta__title\">\n\t\tPiscinas\t<\/div>\n\n\t\t\n<\/a><\/div><\/div><div class=\"wp-block-column\"><div class=\"ls-cta\">\n\n<a href=\"https:\/\/www.camping-pyrenees-cathare.fr\/es\/camping-barato-belcaire\/\" target=\"\" rel=\"noopener\" class=\"ls-cta__link\">\n\n\t<div class=\"ls-cta__image\"><img decoding=\"async\" src=\"https:\/\/www.camping-pyrenees-cathare.fr\/wp-content\/uploads\/2023\/06\/camping-pas-cher-aude.webp\" alt=\"Camping Aude barato\"><\/div>\n\t<span class=\"chalets-cercle\">+<\/span>\n\n\t<div class=\"ls-cta__title\">\n\t\tTarifas\t<\/div>\n\n\t\t\n<\/a><\/div><\/div><\/div><\/div>\n\r\n    <\/div>\r\n<\/section>","protected":false},"excerpt":{"rendered":"","protected":false},"author":1,"featured_media":3030,"parent":0,"menu_order":0,"comment_status":"closed","ping_status":"closed","template":"","meta":{"_acf_changed":false,"footnotes":""},"sujet":[],"class_list":["post-3019","page","type-page","status-publish","has-post-thumbnail","hentry"],"acf":[],"yoast_head":"<!-- This site is optimized with the Yoast SEO plugin v25.2 - https:\/\/yoast.com\/wordpress\/plugins\/seo\/ -->\n<title>Alquiler at\u00edpico en Belcaire | Alquilar chalet en Aude regi\u00f3n<\/title>\n<meta name=\"robots\" content=\"index, follow, max-snippet:-1, max-image-preview:large, max-video-preview:-1\" \/>\n<link rel=\"canonical\" href=\"https:\/\/www.camping-pyrenees-cathare.fr\/es\/alquiler-chalet-belcaire\/\" \/>\n<meta property=\"og:locale\" content=\"es_ES\" \/>\n<meta property=\"og:type\" content=\"article\" \/>\n<meta property=\"og:title\" content=\"Alquiler at\u00edpico en Belcaire | Alquilar chalet en Aude regi\u00f3n\" \/>\n<meta property=\"og:url\" content=\"https:\/\/www.camping-pyrenees-cathare.fr\/es\/alquiler-chalet-belcaire\/\" \/>\n<meta property=\"og:site_name\" content=\"Les Chalets du Lac Belcaire\" \/>\n<meta property=\"article:publisher\" content=\"https:\/\/www.facebook.com\/campingbelcaire\/?locale=fr_FR\" \/>\n<meta property=\"article:modified_time\" content=\"2023-06-19T14:17:56+00:00\" \/>\n<meta property=\"og:image\" content=\"https:\/\/www.camping-pyrenees-cathare.fr\/wp-content\/uploads\/2023\/06\/hebergement-atypique-belcaire.webp\" \/>\n\t<meta property=\"og:image:width\" content=\"1903\" \/>\n\t<meta property=\"og:image:height\" content=\"450\" \/>\n\t<meta property=\"og:image:type\" content=\"image\/webp\" \/>\n<meta name=\"twitter:card\" content=\"summary_large_image\" \/>\n<meta name=\"twitter:label1\" content=\"Tiempo de lectura\" \/>\n\t<meta name=\"twitter:data1\" content=\"4 minutos\" \/>\n<script type=\"application\/ld+json\" class=\"yoast-schema-graph\">{\"@context\":\"https:\/\/schema.org\",\"@graph\":[{\"@type\":\"WebPage\",\"@id\":\"https:\/\/www.camping-pyrenees-cathare.fr\/es\/alquiler-chalet-belcaire\/\",\"url\":\"https:\/\/www.camping-pyrenees-cathare.fr\/es\/alquiler-chalet-belcaire\/\",\"name\":\"Alquiler at\u00edpico en Belcaire | Alquilar chalet en Aude regi\u00f3n\",\"isPartOf\":{\"@id\":\"https:\/\/www.camping-pyrenees-cathare.fr\/#website\"},\"primaryImageOfPage\":{\"@id\":\"https:\/\/www.camping-pyrenees-cathare.fr\/es\/alquiler-chalet-belcaire\/#primaryimage\"},\"image\":{\"@id\":\"https:\/\/www.camping-pyrenees-cathare.fr\/es\/alquiler-chalet-belcaire\/#primaryimage\"},\"thumbnailUrl\":\"https:\/\/www.camping-pyrenees-cathare.fr\/wp-content\/uploads\/2023\/06\/hebergement-atypique-belcaire.webp\",\"datePublished\":\"2023-06-15T11:37:09+00:00\",\"dateModified\":\"2023-06-19T14:17:56+00:00\",\"breadcrumb\":{\"@id\":\"https:\/\/www.camping-pyrenees-cathare.fr\/es\/alquiler-chalet-belcaire\/#breadcrumb\"},\"inLanguage\":\"es\",\"potentialAction\":[{\"@type\":\"ReadAction\",\"target\":[\"https:\/\/www.camping-pyrenees-cathare.fr\/es\/alquiler-chalet-belcaire\/\"]}]},{\"@type\":\"ImageObject\",\"inLanguage\":\"es\",\"@id\":\"https:\/\/www.camping-pyrenees-cathare.fr\/es\/alquiler-chalet-belcaire\/#primaryimage\",\"url\":\"https:\/\/www.camping-pyrenees-cathare.fr\/wp-content\/uploads\/2023\/06\/hebergement-atypique-belcaire.webp\",\"contentUrl\":\"https:\/\/www.camping-pyrenees-cathare.fr\/wp-content\/uploads\/2023\/06\/hebergement-atypique-belcaire.webp\",\"width\":1903,\"height\":450,\"caption\":\"Alojamiento at\u00edpico Belcaire\"},{\"@type\":\"BreadcrumbList\",\"@id\":\"https:\/\/www.camping-pyrenees-cathare.fr\/es\/alquiler-chalet-belcaire\/#breadcrumb\",\"itemListElement\":[{\"@type\":\"ListItem\",\"position\":1,\"name\":\"Camping Belcaire\",\"item\":\"https:\/\/www.camping-pyrenees-cathare.fr\/es\/\"},{\"@type\":\"ListItem\",\"position\":2,\"name\":\"Alquilar un chalet en Aude regi\u00f3n\"}]},{\"@type\":\"WebSite\",\"@id\":\"https:\/\/www.camping-pyrenees-cathare.fr\/#website\",\"url\":\"https:\/\/www.camping-pyrenees-cathare.fr\/\",\"name\":\"Les chalets du lac Belcaire\",\"description\":\"\",\"publisher\":{\"@id\":\"https:\/\/www.camping-pyrenees-cathare.fr\/#organization\"},\"potentialAction\":[{\"@type\":\"SearchAction\",\"target\":{\"@type\":\"EntryPoint\",\"urlTemplate\":\"https:\/\/www.camping-pyrenees-cathare.fr\/?s={search_term_string}\"},\"query-input\":{\"@type\":\"PropertyValueSpecification\",\"valueRequired\":true,\"valueName\":\"search_term_string\"}}],\"inLanguage\":\"es\"},{\"@type\":\"Organization\",\"@id\":\"https:\/\/www.camping-pyrenees-cathare.fr\/#organization\",\"name\":\"Les chalets du lac Belcaire\",\"url\":\"https:\/\/www.camping-pyrenees-cathare.fr\/\",\"logo\":{\"@type\":\"ImageObject\",\"inLanguage\":\"es\",\"@id\":\"https:\/\/www.camping-pyrenees-cathare.fr\/#\/schema\/logo\/image\/\",\"url\":\"https:\/\/www.camping-pyrenees-cathare.fr\/wp-content\/uploads\/2023\/05\/logo-couleur-camping-les-chalets-du-lac.webp\",\"contentUrl\":\"https:\/\/www.camping-pyrenees-cathare.fr\/wp-content\/uploads\/2023\/05\/logo-couleur-camping-les-chalets-du-lac.webp\",\"width\":462,\"height\":252,\"caption\":\"Les chalets du lac Belcaire\"},\"image\":{\"@id\":\"https:\/\/www.camping-pyrenees-cathare.fr\/#\/schema\/logo\/image\/\"},\"sameAs\":[\"https:\/\/www.facebook.com\/campingbelcaire\/?locale=fr_FR\",\"https:\/\/www.tripadvisor.fr\/Hotel_Review-g1384321-d13748665-Reviews-Les_Chalets_du_Lac-Belcaire_Aude_Occitanie.html\",\"https:\/\/www.instagram.com\/leschaletsdulacbelcaire\/\"]}]}<\/script>\n<!-- \/ Yoast SEO plugin. -->","yoast_head_json":{"title":"Alquiler at\u00edpico en Belcaire | Alquilar chalet en Aude regi\u00f3n","robots":{"index":"index","follow":"follow","max-snippet":"max-snippet:-1","max-image-preview":"max-image-preview:large","max-video-preview":"max-video-preview:-1"},"canonical":"https:\/\/www.camping-pyrenees-cathare.fr\/es\/alquiler-chalet-belcaire\/","og_locale":"es_ES","og_type":"article","og_title":"Alquiler at\u00edpico en Belcaire | Alquilar chalet en Aude regi\u00f3n","og_url":"https:\/\/www.camping-pyrenees-cathare.fr\/es\/alquiler-chalet-belcaire\/","og_site_name":"Les Chalets du Lac Belcaire","article_publisher":"https:\/\/www.facebook.com\/campingbelcaire\/?locale=fr_FR","article_modified_time":"2023-06-19T14:17:56+00:00","og_image":[{"width":1903,"height":450,"url":"https:\/\/www.camping-pyrenees-cathare.fr\/wp-content\/uploads\/2023\/06\/hebergement-atypique-belcaire.webp","type":"image\/webp"}],"twitter_card":"summary_large_image","twitter_misc":{"Tiempo de lectura":"4 minutos"},"schema":{"@context":"https:\/\/schema.org","@graph":[{"@type":"WebPage","@id":"https:\/\/www.camping-pyrenees-cathare.fr\/es\/alquiler-chalet-belcaire\/","url":"https:\/\/www.camping-pyrenees-cathare.fr\/es\/alquiler-chalet-belcaire\/","name":"Alquiler at\u00edpico en Belcaire | Alquilar chalet en Aude regi\u00f3n","isPartOf":{"@id":"https:\/\/www.camping-pyrenees-cathare.fr\/#website"},"primaryImageOfPage":{"@id":"https:\/\/www.camping-pyrenees-cathare.fr\/es\/alquiler-chalet-belcaire\/#primaryimage"},"image":{"@id":"https:\/\/www.camping-pyrenees-cathare.fr\/es\/alquiler-chalet-belcaire\/#primaryimage"},"thumbnailUrl":"https:\/\/www.camping-pyrenees-cathare.fr\/wp-content\/uploads\/2023\/06\/hebergement-atypique-belcaire.webp","datePublished":"2023-06-15T11:37:09+00:00","dateModified":"2023-06-19T14:17:56+00:00","breadcrumb":{"@id":"https:\/\/www.camping-pyrenees-cathare.fr\/es\/alquiler-chalet-belcaire\/#breadcrumb"},"inLanguage":"es","potentialAction":[{"@type":"ReadAction","target":["https:\/\/www.camping-pyrenees-cathare.fr\/es\/alquiler-chalet-belcaire\/"]}]},{"@type":"ImageObject","inLanguage":"es","@id":"https:\/\/www.camping-pyrenees-cathare.fr\/es\/alquiler-chalet-belcaire\/#primaryimage","url":"https:\/\/www.camping-pyrenees-cathare.fr\/wp-content\/uploads\/2023\/06\/hebergement-atypique-belcaire.webp","contentUrl":"https:\/\/www.camping-pyrenees-cathare.fr\/wp-content\/uploads\/2023\/06\/hebergement-atypique-belcaire.webp","width":1903,"height":450,"caption":"Alojamiento at\u00edpico Belcaire"},{"@type":"BreadcrumbList","@id":"https:\/\/www.camping-pyrenees-cathare.fr\/es\/alquiler-chalet-belcaire\/#breadcrumb","itemListElement":[{"@type":"ListItem","position":1,"name":"Camping Belcaire","item":"https:\/\/www.camping-pyrenees-cathare.fr\/es\/"},{"@type":"ListItem","position":2,"name":"Alquilar un chalet en Aude regi\u00f3n"}]},{"@type":"WebSite","@id":"https:\/\/www.camping-pyrenees-cathare.fr\/#website","url":"https:\/\/www.camping-pyrenees-cathare.fr\/","name":"Les chalets du lac Belcaire","description":"","publisher":{"@id":"https:\/\/www.camping-pyrenees-cathare.fr\/#organization"},"potentialAction":[{"@type":"SearchAction","target":{"@type":"EntryPoint","urlTemplate":"https:\/\/www.camping-pyrenees-cathare.fr\/?s={search_term_string}"},"query-input":{"@type":"PropertyValueSpecification","valueRequired":true,"valueName":"search_term_string"}}],"inLanguage":"es"},{"@type":"Organization","@id":"https:\/\/www.camping-pyrenees-cathare.fr\/#organization","name":"Les chalets du lac Belcaire","url":"https:\/\/www.camping-pyrenees-cathare.fr\/","logo":{"@type":"ImageObject","inLanguage":"es","@id":"https:\/\/www.camping-pyrenees-cathare.fr\/#\/schema\/logo\/image\/","url":"https:\/\/www.camping-pyrenees-cathare.fr\/wp-content\/uploads\/2023\/05\/logo-couleur-camping-les-chalets-du-lac.webp","contentUrl":"https:\/\/www.camping-pyrenees-cathare.fr\/wp-content\/uploads\/2023\/05\/logo-couleur-camping-les-chalets-du-lac.webp","width":462,"height":252,"caption":"Les chalets du lac Belcaire"},"image":{"@id":"https:\/\/www.camping-pyrenees-cathare.fr\/#\/schema\/logo\/image\/"},"sameAs":["https:\/\/www.facebook.com\/campingbelcaire\/?locale=fr_FR","https:\/\/www.tripadvisor.fr\/Hotel_Review-g1384321-d13748665-Reviews-Les_Chalets_du_Lac-Belcaire_Aude_Occitanie.html","https:\/\/www.instagram.com\/leschaletsdulacbelcaire\/"]}]}},"_links":{"self":[{"href":"https:\/\/www.camping-pyrenees-cathare.fr\/es\/wp-json\/wp\/v2\/pages\/3019","targetHints":{"allow":["GET"]}}],"collection":[{"href":"https:\/\/www.camping-pyrenees-cathare.fr\/es\/wp-json\/wp\/v2\/pages"}],"about":[{"href":"https:\/\/www.camping-pyrenees-cathare.fr\/es\/wp-json\/wp\/v2\/types\/page"}],"author":[{"embeddable":true,"href":"https:\/\/www.camping-pyrenees-cathare.fr\/es\/wp-json\/wp\/v2\/users\/1"}],"replies":[{"embeddable":true,"href":"https:\/\/www.camping-pyrenees-cathare.fr\/es\/wp-json\/wp\/v2\/comments?post=3019"}],"version-history":[{"count":6,"href":"https:\/\/www.camping-pyrenees-cathare.fr\/es\/wp-json\/wp\/v2\/pages\/3019\/revisions"}],"predecessor-version":[{"id":4182,"href":"https:\/\/www.camping-pyrenees-cathare.fr\/es\/wp-json\/wp\/v2\/pages\/3019\/revisions\/4182"}],"wp:featuredmedia":[{"embeddable":true,"href":"https:\/\/www.camping-pyrenees-cathare.fr\/es\/wp-json\/wp\/v2\/media\/3030"}],"wp:attachment":[{"href":"https:\/\/www.camping-pyrenees-cathare.fr\/es\/wp-json\/wp\/v2\/media?parent=3019"}],"wp:term":[{"taxonomy":"sujet","embeddable":true,"href":"https:\/\/www.camping-pyrenees-cathare.fr\/es\/wp-json\/wp\/v2\/sujet?post=3019"}],"curies":[{"name":"wp","href":"https:\/\/api.w.org\/{rel}","templated":true}]}}