{"id":3048,"date":"2023-06-15T13:37:11","date_gmt":"2023-06-15T11:37:11","guid":{"rendered":"https:\/\/www.camping-pyrenees-cathare.fr\/camping-pas-cher-belcaire\/"},"modified":"2025-05-08T22:04:43","modified_gmt":"2025-05-08T20:04:43","slug":"camping-barato-belcaire","status":"publish","type":"page","link":"https:\/\/www.camping-pyrenees-cathare.fr\/es\/camping-barato-belcaire\/","title":{"rendered":"Tarifas"},"content":{"rendered":"<section id=\"ls-section-block_9f90d9260760103ce30581fdc108cb43\" class=\"ls-section  home-first page-one h1-bis m-t-0\" >\r\n        <div class=\"container \">\r\n        \n\n<h1 class=\"ls__heading wp-block-heading has-text-align-left  p-t-0 h1-bis\">Camping barato en Aude regi\u00f3n<\/h1>\n\n\n\n<p class=\"ls-paragraph has-text-align-left  p-t-4\">Descubre nuestros <strong>alojamientos al mejor precio<\/strong>, pensados para ofrecerte una experiencia de camping inolvidable. Disfrute de nuestra amplia selecci\u00f3n de chalets y parcelas a precios bajos. Ya sea que est\u00e9 con su familia o con amigos, nuestro camping le promete unas <strong>vacaciones a un precio bajo<\/strong> sin comprometer la comodidad y la calidad.  <\/p>\n\n\r\n    <\/div>\r\n<\/section><section id=\"ls-section-block_17a248b35141116bae0ad9c05985592c\" class=\"ls-section   p-t-0 hebergement\" >\r\n        <div class=\"container \">\r\n        \n\n<script>\n    window.ctoutvert = {\n\t\tid: 13287, \n\t\tlang: 'auto', \n\t\turl: 'https:\/\/bookingpremium.secureholiday.net\/widgets\/'\n    };\n\n    (function (w, d, s, ctv, r, js, fjs) {\n        r=new XMLHttpRequest();r.open('GET',w[ctv].url+'js\/src.json');\n        r.responseType='json';r.json=true;r.send();\n        r.onload=function(){w[ctv].src=r.responseType=='json'?r.response:JSON.parse(r.response);\n        js.src=w[ctv].src[0];fjs.parentNode.insertBefore(js, fjs);}\n        js=d.createElement(s),fjs=d.getElementsByTagName(s)[0];\n        js.id='ctvwidget';js.async=1;\n    }(window, document, 'script', 'ctoutvert'));\n<\/script>\n<ctv-availability data-background-color=\"#FFFFFFFF\"><\/ctv-availability>\n\n\r\n    <\/div>\r\n<\/section><section id=\"ls-section-block_c4995519e5ded8e5b4dc16e2fd5913eb\" class=\"ls-section  home-first page-one\" >\r\n        <div class=\"container container--full\">\r\n        \n\n<div class=\"wp-block-columns is-layout-flex wp-container-core-columns-is-layout-9d6595d7 wp-block-columns-is-layout-flex\">\n<div class=\"wp-block-column is-vertically-aligned-center animated fadeInLeft slow is-layout-flow wp-block-column-is-layout-flow\" style=\"flex-basis:50%\">\n<figure class=\"wp-block-image size-full image-blob\"><img loading=\"lazy\" decoding=\"async\" width=\"1024\" height=\"768\" src=\"https:\/\/www.camping-pyrenees-cathare.fr\/wp-content\/uploads\/2023\/06\/location-pas-cher-pyrenees.webp\" alt=\"Alquiler barato pirineos\" class=\"wp-image-1703\" srcset=\"https:\/\/www.camping-pyrenees-cathare.fr\/wp-content\/uploads\/2023\/06\/location-pas-cher-pyrenees.webp 1024w, https:\/\/www.camping-pyrenees-cathare.fr\/wp-content\/uploads\/2023\/06\/location-pas-cher-pyrenees-300x225.webp 300w, https:\/\/www.camping-pyrenees-cathare.fr\/wp-content\/uploads\/2023\/06\/location-pas-cher-pyrenees-768x576.webp 768w\" sizes=\"auto, (max-width: 1024px) 100vw, 1024px\" \/><\/figure>\n\n\n\n<figure class=\"wp-block-image size-full image-secondaire\"><a href=\"https:\/\/www.camping-pyrenees-cathare.fr\/wp-content\/uploads\/2023\/06\/camping-petit-prix-pyrenees.webp\"><img loading=\"lazy\" decoding=\"async\" width=\"1024\" height=\"768\" src=\"https:\/\/www.camping-pyrenees-cathare.fr\/wp-content\/uploads\/2023\/06\/camping-petit-prix-pyrenees.webp\" alt=\"CAMPING PIRINEOS BARATO\" class=\"wp-image-1683\" srcset=\"https:\/\/www.camping-pyrenees-cathare.fr\/wp-content\/uploads\/2023\/06\/camping-petit-prix-pyrenees.webp 1024w, https:\/\/www.camping-pyrenees-cathare.fr\/wp-content\/uploads\/2023\/06\/camping-petit-prix-pyrenees-300x225.webp 300w, https:\/\/www.camping-pyrenees-cathare.fr\/wp-content\/uploads\/2023\/06\/camping-petit-prix-pyrenees-768x576.webp 768w\" sizes=\"auto, (max-width: 1024px) 100vw, 1024px\" \/><\/a><\/figure>\n<\/div>\n\n\n\n<div class=\"wp-block-column has-color-4-background-color has-background is-layout-flow wp-block-column-is-layout-flow\" style=\"flex-basis:50%\">\n<div id=\"ls-heading ls-titre-div-block_77ba222505b58b0f46ab19530e1ed48d\" class=\"ls-titre-div titre-deco h2-like has-text-color has-color-1-color\" >\n    Precio bajo,<br>Calidad de 4 estrellas en Belcaire<\/div>\n\n\n\n<h2 class=\"ls__heading wp-block-heading\">Nuestro alojamiento con la mejor relaci\u00f3n calidad-precio en Belcaire<\/h2>\n\n\n\n<p class=\"ls-paragraph\">Encuentra el plano adecuado en el <a href=\"https:\/\/www.camping-pyrenees-cathare.fr\/es\/\">camping del Aude regi\u00f3n<\/a> y disfruta de un <strong>equipamiento de 4 estrellas a un precio inmejorable<\/strong>. Si quieres unas vacaciones baratas mientras disfrutas de un camping de calidad, tienes muchas <strong>opciones<\/strong> para elegir. Con nuestra amplia gama de alojamientos, ofrecemos una <strong>oferta de precios progresiva<\/strong> adaptada a cada familia sea cual sea su <strong>presupuesto<\/strong>. Al\u00f3jese en nuestras <strong>tiendas o caba\u00f1as eco lodge<\/strong> y disfrute de unas <strong>vacaciones inolvidables a un precio bajo<\/strong>.<strong><\/strong> <\/p>\n\n\n\n<p class=\"ls-paragraph\">Viaja barato al camping en Belcaire. <strong>Aprobado VACAF,<\/strong> nos esforzamos por hacer que nuestro camping de 4 estrellas a un precio bajo sea accesible para todos. Aceptamos <strong>vales de vacaciones ANCV y ANCV connect.<\/strong> <\/p>\n<\/div>\n<\/div>\n\n\r\n    <\/div>\r\n<\/section><section id=\"ls-section-block_b79140a573d74f7d4702f6f5287a2105\" class=\"ls-section  home-sixth page-two\" >\r\n        <div class=\"container container--full\">\r\n        \n\n<div class=\"wp-block-columns is-layout-flex wp-container-core-columns-is-layout-9d6595d7 wp-block-columns-is-layout-flex\">\n<div class=\"wp-block-column has-color-4-background-color has-background is-layout-flow wp-block-column-is-layout-flow\" style=\"flex-basis:50%\">\n<h2 class=\"ls__heading wp-block-heading\">Aprovecha nuestras ofertas promocionales en el camping<\/h2>\n\n\n\n<p class=\"ls-paragraph\">\u00bfQuieres irte de vacaciones a un precio bajo? Benef\u00edciese de <strong>ofertas promocionales durante todo el a\u00f1o<\/strong>. Con nuestras ofertas de reserva anticipada, aprovecha descuentos excepcionales para tus vacaciones de verano. Aprovecha tambi\u00e9n los precios bajos para tus fines de semana en la monta\u00f1a.  <\/p>\n\n\n\n<p class=\"ls-paragraph\">\u00bfQuieres unas<strong> vacaciones a un precio reducido<\/strong> ? Dependiendo de la disponibilidad restante, reserva tus <strong>vacaciones a \u00faltima hora<\/strong> y aprovecha las <strong>mejores ofertas<\/strong>.  <\/p>\n\n\n\n<p class=\"ls-paragraph\">\u00bfEres bastante cauteloso y quieres tener el <strong>mejor precio<\/strong> sin esperar al \u00faltimo momento? Consulte nuestras <strong>ofertas de reserva anticipada<\/strong> y planifique sus vacaciones con anticipaci\u00f3n para ahorrar <strong>dinero<\/strong>.<\/p>\n<\/div>\n\n\n\n<div class=\"wp-block-column is-vertically-aligned-center animated fadeInRight slow is-layout-flow wp-block-column-is-layout-flow\" style=\"flex-basis:50%\">\n<div id=\"ls-heading ls-titre-div-block_698592c25363f7659d30f42792b8d6db\" class=\"ls-titre-div titre-deco h2-like has-text-color has-color-1-color\" >\n    Buenas ofertas,<br>\u00a1Diversi\u00f3n en camping garantizada!<\/div>\n\n\n\n<figure class=\"wp-block-image size-full image-blob\"><img loading=\"lazy\" decoding=\"async\" width=\"1024\" height=\"768\" src=\"https:\/\/www.camping-pyrenees-cathare.fr\/wp-content\/uploads\/2023\/06\/camping-pas-cher-pyrenees.webp\" alt=\"Camping pirineos baratos\" class=\"wp-image-1669\" srcset=\"https:\/\/www.camping-pyrenees-cathare.fr\/wp-content\/uploads\/2023\/06\/camping-pas-cher-pyrenees.webp 1024w, https:\/\/www.camping-pyrenees-cathare.fr\/wp-content\/uploads\/2023\/06\/camping-pas-cher-pyrenees-300x225.webp 300w, https:\/\/www.camping-pyrenees-cathare.fr\/wp-content\/uploads\/2023\/06\/camping-pas-cher-pyrenees-768x576.webp 768w\" sizes=\"auto, (max-width: 1024px) 100vw, 1024px\" \/><\/figure>\n\n\n\n<figure class=\"wp-block-image size-full image-secondaire\"><a href=\"https:\/\/www.camping-pyrenees-cathare.fr\/wp-content\/uploads\/2023\/06\/camping-meilleur-prix-belcaire.webp\"><img loading=\"lazy\" decoding=\"async\" width=\"1024\" height=\"768\" src=\"https:\/\/www.camping-pyrenees-cathare.fr\/wp-content\/uploads\/2023\/06\/camping-meilleur-prix-belcaire.webp\" alt=\"Camping Mejor precio Belcaire\" class=\"wp-image-1712\" srcset=\"https:\/\/www.camping-pyrenees-cathare.fr\/wp-content\/uploads\/2023\/06\/camping-meilleur-prix-belcaire.webp 1024w, https:\/\/www.camping-pyrenees-cathare.fr\/wp-content\/uploads\/2023\/06\/camping-meilleur-prix-belcaire-300x225.webp 300w, https:\/\/www.camping-pyrenees-cathare.fr\/wp-content\/uploads\/2023\/06\/camping-meilleur-prix-belcaire-768x576.webp 768w\" sizes=\"auto, (max-width: 1024px) 100vw, 1024px\" \/><\/a><\/figure>\n<\/div>\n<\/div>\n\n\r\n    <\/div>\r\n<\/section><section id=\"ls-section-block_97bfea3fcfeeecf7fb7cd6b6107e1700\" class=\"ls-section  home-third page-four\" >\r\n        <div class=\"container container--wide\">\r\n        \n\n<div class=\"wp-block-columns is-layout-flex wp-container-core-columns-is-layout-9d6595d7 wp-block-columns-is-layout-flex\">\n<div class=\"wp-block-column is-layout-flow wp-block-column-is-layout-flow\" style=\"flex-basis:60%\">\n<figure class=\"wp-block-gallery has-nested-images columns-default is-cropped grid wp-block-gallery-1 is-layout-flex wp-block-gallery-is-layout-flex\">\n<figure class=\"wp-block-image size-full image-1 animated fadeIn slow\"><a href=\"https:\/\/www.camping-pyrenees-cathare.fr\/wp-content\/uploads\/2023\/06\/heberement-groupe-pas-cher-aude.webp\"><img loading=\"lazy\" decoding=\"async\" width=\"1024\" height=\"768\" data-id=\"1868\" src=\"https:\/\/www.camping-pyrenees-cathare.fr\/wp-content\/uploads\/2023\/06\/heberement-groupe-pas-cher-aude.webp\" alt=\"Heberement grupo barato Aude\" class=\"wp-image-1868\" srcset=\"https:\/\/www.camping-pyrenees-cathare.fr\/wp-content\/uploads\/2023\/06\/heberement-groupe-pas-cher-aude.webp 1024w, https:\/\/www.camping-pyrenees-cathare.fr\/wp-content\/uploads\/2023\/06\/heberement-groupe-pas-cher-aude-300x225.webp 300w, https:\/\/www.camping-pyrenees-cathare.fr\/wp-content\/uploads\/2023\/06\/heberement-groupe-pas-cher-aude-768x576.webp 768w\" sizes=\"auto, (max-width: 1024px) 100vw, 1024px\" \/><\/a><\/figure>\n\n\n\n<figure class=\"wp-block-image size-full image-2 animated fadeIn delay-100ms slow\"><a href=\"https:\/\/www.camping-pyrenees-cathare.fr\/wp-content\/uploads\/2023\/06\/heberement-pas-cher-aude.webp\"><img loading=\"lazy\" decoding=\"async\" width=\"1024\" height=\"768\" data-id=\"1859\" src=\"https:\/\/www.camping-pyrenees-cathare.fr\/wp-content\/uploads\/2023\/06\/heberement-pas-cher-aude.webp\" alt=\"Aude barato\" class=\"wp-image-1859\" srcset=\"https:\/\/www.camping-pyrenees-cathare.fr\/wp-content\/uploads\/2023\/06\/heberement-pas-cher-aude.webp 1024w, https:\/\/www.camping-pyrenees-cathare.fr\/wp-content\/uploads\/2023\/06\/heberement-pas-cher-aude-300x225.webp 300w, https:\/\/www.camping-pyrenees-cathare.fr\/wp-content\/uploads\/2023\/06\/heberement-pas-cher-aude-768x576.webp 768w\" sizes=\"auto, (max-width: 1024px) 100vw, 1024px\" \/><\/a><\/figure>\n\n\n\n<figure class=\"wp-block-image size-full image-3 animated fadeIn delay-200ms slow\"><a href=\"https:\/\/www.camping-pyrenees-cathare.fr\/wp-content\/uploads\/2023\/06\/camping-pas-cher-groupe-belcaire.webp\"><img loading=\"lazy\" decoding=\"async\" width=\"1024\" height=\"768\" data-id=\"1872\" src=\"https:\/\/www.camping-pyrenees-cathare.fr\/wp-content\/uploads\/2023\/06\/camping-pas-cher-groupe-belcaire.webp\" alt=\"Camping Belcaire Group barato\" class=\"wp-image-1872\" srcset=\"https:\/\/www.camping-pyrenees-cathare.fr\/wp-content\/uploads\/2023\/06\/camping-pas-cher-groupe-belcaire.webp 1024w, https:\/\/www.camping-pyrenees-cathare.fr\/wp-content\/uploads\/2023\/06\/camping-pas-cher-groupe-belcaire-300x225.webp 300w, https:\/\/www.camping-pyrenees-cathare.fr\/wp-content\/uploads\/2023\/06\/camping-pas-cher-groupe-belcaire-768x576.webp 768w\" sizes=\"auto, (max-width: 1024px) 100vw, 1024px\" \/><\/a><\/figure>\n<\/figure>\n<\/div>\n\n\n\n<div class=\"wp-block-column is-vertically-aligned-bottom is-layout-flow wp-block-column-is-layout-flow\" style=\"flex-basis:40%\">\n<h2 class=\"ls__heading wp-block-heading\">Nuestras mejores tarifas para su estancia en grupo<\/h2>\n\n\n\n<p class=\"ls-paragraph\">\u00bfQuieres acampar con amigos o familiares (cousinades, asociaci\u00f3n, club&#8230;)? El camping low cost dispone de <strong>50 parcelas<\/strong> para recibir a tu grupo con tus autocaravanas, combis, caravanas, motos, bicicletas y tiendas de campa\u00f1a. Si prefieres la comodidad, te ofrecemos <a href=\"https:\/\/www.camping-pyrenees-cathare.fr\/es\/alquiler-chalet-belcaire\/\">en alquiler mobil homes o chalets <\/a>con capacidad de 2 a 6 personas.<\/p>\n\n\n\n<p class=\"ls-paragraph\">Para <strong>las comidas<\/strong>, se ofrecen <strong>diferentes f\u00f3rmulas<\/strong> , incluyendo <strong>gesti\u00f3n gratuita o media pensi\u00f3n<\/strong>. Con nuestra oferta de catering a la carta, componga su <strong>propia estancia Todo Incluido<\/strong>.<\/p>\n\n\n\n<div class=\"wp-block-file aligncenter\"><a id=\"wp-block-file--media-c058189c-5b81-47dd-99cb-d407eda33ef7\" href=\"https:\/\/www.camping-pyrenees-cathare.fr\/wp-content\/uploads\/2023\/06\/Les-chalets-du-lac-Belcaire-Groupe-1.pdf\">Les chalets du lac Belcaire &#8211; Groupas<\/a><a href=\"https:\/\/www.camping-pyrenees-cathare.fr\/wp-content\/uploads\/2023\/06\/Les-chalets-du-lac-Belcaire-Groupe-1.pdf\" class=\"wp-block-file__button wp-element-button\" download=\"\" aria-describedby=\"wp-block-file--media-c058189c-5b81-47dd-99cb-d407eda33ef7\">Descargar<\/a><\/div>\n\n\n\n<p class=\"ls-paragraph\">Ofrecemos <strong>paquetes adaptados para grupos<\/strong>. Bajo petici\u00f3n y fuera de temporada, se pueden ofrecer <strong>tarifas preferenciales<\/strong> . No dudes en ponerte en contacto con nosotros para contarnos tu proyecto.<\/p>\n\n\n\n<div id=\"ls-heading ls-titre-div-block_ee69daa689241276e11198ffb45e015d\" class=\"ls-titre-div titre-deco h2-like\" >\n    Cont\u00e1ctanos,<br>\u00a1Nos encargamos de todo!<\/div>\n<\/div>\n<\/div>\n\n\r\n    <\/div>\r\n<\/section><section id=\"ls-section-block_0de2a0e44acdde9e888e5bd774d76997\" class=\"ls-section  home-third page-five has-background has-color-4-background-color\" >\r\n        <div class=\"container container--wide\">\r\n        \n\n<div class=\"wp-block-columns is-layout-flex wp-container-core-columns-is-layout-9d6595d7 wp-block-columns-is-layout-flex\">\n<div class=\"wp-block-column is-vertically-aligned-bottom is-layout-flow wp-block-column-is-layout-flow\" style=\"flex-basis:40%\">\n<h2 class=\"ls__heading wp-block-heading\">Reserva directamente en nuestra web<\/h2>\n\n\n\n<p class=\"ls-paragraph\">\u00bfQuieres beneficiarte de la <strong>mejor relaci\u00f3n calidad-precio<\/strong> ? No lo dude m\u00e1s y elija el camping Les chalets du lac Belcaire. Gracias a nuestra central de reservas, organice su estancia en unos pocos clics.  <\/p>\n\n\n\n<p class=\"ls-paragraph\">Reserve tranquilidad en nuestro<strong> <\/strong>Sitio web y <strong>aproveche las mejores ofertas<\/strong>. Al <strong>reservar en nuestro sitio web<\/strong>, tiene la garant\u00eda de beneficiarse del mejor precio.  <\/p>\n\n\n\n<p class=\"ls-paragraph\">Con nuestro servicio de <strong>reservas en l\u00ednea<\/strong>, puede utilizar la <strong>disponibilidad de nuestro alojamiento<\/strong> en tiempo real. \u00bfNo se siente c\u00f3modo con la reserva en l\u00ednea? No se preocupe, cont\u00e1ctenos por tel\u00e9fono y reservaremos juntos su futura estancia en los Chalets du lac Belcaire.  <\/p>\n\n\n\n<p class=\"ls-paragraph\">Se requerir\u00e1 un <strong>dep\u00f3sito del 30%<\/strong> para confirmar la reserva. Puede suscribirse si lo desea a un seguro de cancelaci\u00f3n ofrecido por nuestro socio Gritchen insurances.  <\/p>\n\n\n\n<div id=\"ls-heading ls-titre-div-block_86d889f6c8bc7c9e0a70b997ea9fbff0\" class=\"ls-titre-div titre-deco h2-like\" >\n    Reserva en l\u00ednea,<br>\u00a1Tranquilidad garantizada!<\/div>\n<\/div>\n\n\n\n<div class=\"wp-block-column is-layout-flow wp-block-column-is-layout-flow\" style=\"flex-basis:60%\">\n<figure class=\"wp-block-gallery has-nested-images columns-default is-cropped grid wp-block-gallery-2 is-layout-flex wp-block-gallery-is-layout-flex\">\n<figure class=\"wp-block-image size-full image-2 animated fadeIn delay-100ms slow\"><a href=\"https:\/\/www.camping-pyrenees-cathare.fr\/wp-content\/uploads\/2023\/06\/chalet-pas-cher-belcaire.webp\"><img loading=\"lazy\" decoding=\"async\" width=\"1024\" height=\"768\" data-id=\"1903\" src=\"https:\/\/www.camping-pyrenees-cathare.fr\/wp-content\/uploads\/2023\/06\/chalet-pas-cher-belcaire.webp\" alt=\"Chalet barato Belcaire\" class=\"wp-image-1903\" srcset=\"https:\/\/www.camping-pyrenees-cathare.fr\/wp-content\/uploads\/2023\/06\/chalet-pas-cher-belcaire.webp 1024w, https:\/\/www.camping-pyrenees-cathare.fr\/wp-content\/uploads\/2023\/06\/chalet-pas-cher-belcaire-300x225.webp 300w, https:\/\/www.camping-pyrenees-cathare.fr\/wp-content\/uploads\/2023\/06\/chalet-pas-cher-belcaire-768x576.webp 768w\" sizes=\"auto, (max-width: 1024px) 100vw, 1024px\" \/><\/a><\/figure>\n\n\n\n<figure class=\"wp-block-image size-full image-3 animated fadeIn delay-200ms slow\"><a href=\"https:\/\/www.camping-pyrenees-cathare.fr\/wp-content\/uploads\/2023\/06\/chalet-petit-prix-pyrenees.webp\"><img decoding=\"async\" data-id=\"1887\" src=\"https:\/\/www.camping-pyrenees-cathare.fr\/wp-content\/uploads\/2023\/06\/chalet-petit-prix-pyrenees.webp\" alt=\"Chalet bajo precio pirineos\" class=\"wp-image-1887\"\/><\/a><\/figure>\n\n\n\n<figure class=\"wp-block-image size-full image-1 animated fadeIn slow\"><a href=\"https:\/\/www.camping-pyrenees-cathare.fr\/wp-content\/uploads\/2024\/11\/20240625_170352.jpg\"><img loading=\"lazy\" decoding=\"async\" width=\"4624\" height=\"2604\" data-id=\"4900\" src=\"https:\/\/www.camping-pyrenees-cathare.fr\/wp-content\/uploads\/2024\/11\/20240625_170352.jpg\" alt=\"20240625 170352\" class=\"wp-image-4900\" srcset=\"https:\/\/www.camping-pyrenees-cathare.fr\/wp-content\/uploads\/2024\/11\/20240625_170352.jpg 4624w, https:\/\/www.camping-pyrenees-cathare.fr\/wp-content\/uploads\/2024\/11\/20240625_170352-300x169.jpg 300w, https:\/\/www.camping-pyrenees-cathare.fr\/wp-content\/uploads\/2024\/11\/20240625_170352-1024x577.jpg 1024w, https:\/\/www.camping-pyrenees-cathare.fr\/wp-content\/uploads\/2024\/11\/20240625_170352-768x432.jpg 768w, https:\/\/www.camping-pyrenees-cathare.fr\/wp-content\/uploads\/2024\/11\/20240625_170352-1536x865.jpg 1536w, https:\/\/www.camping-pyrenees-cathare.fr\/wp-content\/uploads\/2024\/11\/20240625_170352-2048x1153.jpg 2048w\" sizes=\"auto, (max-width: 4624px) 100vw, 4624px\" \/><\/a><\/figure>\n<\/figure>\n<\/div>\n<\/div>\n\n\r\n    <\/div>\r\n<\/section><section id=\"ls-section-block_a47ea38d147e908b7e8579c4af81aabb\" class=\"ls-section  page-cta\" >\r\n        <div class=\"container container--wide\">\r\n        \n\n<div id=\"ls-heading ls-titre-div-block_df95a5615bc7bd197a56425f6b9ec233\" class=\"ls-titre-div aligncenter h2-like\" >\n    Nuestros alquileres, nuestras parcelas y nuestro restaurante<\/div>\n\n\n<div id=\"ls-maillage-block_ef2505813ab9a3f56aee81608633eaf7\" class=\"ls-maillage cta-style-normal\" data-rows=\"3\">\r\n    <div class=\"wp-block-columns\"><div class=\"wp-block-column\"><div class=\"ls-cta\">\n\n<a href=\"https:\/\/www.camping-pyrenees-cathare.fr\/es\/ubicacion-belcaire\/\" target=\"\" rel=\"noopener\" class=\"ls-cta__link\">\n\n\t<div class=\"ls-cta__image\"><img decoding=\"async\" src=\"https:\/\/www.camping-pyrenees-cathare.fr\/wp-content\/uploads\/2023\/06\/location-emplacement-tente-belcaire.webp\" alt=\"Alquiler de carpas Belcaire\"><\/div>\n\t<span class=\"chalets-cercle\">+<\/span>\n\n\t<div class=\"ls-cta__title\">\n\t\tUbicaciones\t<\/div>\n\n\t\t\n<\/a><\/div><\/div><div class=\"wp-block-column\"><div class=\"ls-cta\">\n\n<a href=\"https:\/\/www.camping-pyrenees-cathare.fr\/es\/alquiler-chalet-belcaire\/\" target=\"\" rel=\"noopener\" class=\"ls-cta__link\">\n\n\t<div class=\"ls-cta__image\"><img decoding=\"async\" src=\"https:\/\/www.camping-pyrenees-cathare.fr\/wp-content\/uploads\/2023\/06\/location-chalet-belcaire.webp\" alt=\"Chalet Belcaire Alquiler\"><\/div>\n\t<span class=\"chalets-cercle\">+<\/span>\n\n\t<div class=\"ls-cta__title\">\n\t\tAlojamiento\t<\/div>\n\n\t\t\n<\/a><\/div><\/div><div class=\"wp-block-column\"><div class=\"ls-cta\">\n\n<a href=\"https:\/\/www.camping-pyrenees-cathare.fr\/es\/bar-restaurante-belcaire\/\" target=\"\" rel=\"noopener\" class=\"ls-cta__link\">\n\n\t<div class=\"ls-cta__image\"><img decoding=\"async\" src=\"https:\/\/www.camping-pyrenees-cathare.fr\/wp-content\/uploads\/2023\/06\/pexels-nataliya-vaitkevich-5792325_resultat.webp\" alt=\"cortar pizza con una ruedecita\"><\/div>\n\t<span class=\"chalets-cercle\">+<\/span>\n\n\t<div class=\"ls-cta__title\">\n\t\tBar y restaurante\t<\/div>\n\n\t\t\n<\/a><\/div><\/div><\/div><\/div>\n\r\n    <\/div>\r\n<\/section>","protected":false},"excerpt":{"rendered":"","protected":false},"author":1,"featured_media":3052,"parent":0,"menu_order":0,"comment_status":"closed","ping_status":"closed","template":"","meta":{"_acf_changed":false,"footnotes":""},"sujet":[],"class_list":["post-3048","page","type-page","status-publish","has-post-thumbnail","hentry"],"acf":[],"yoast_head":"<!-- This site is optimized with the Yoast SEO plugin v25.2 - https:\/\/yoast.com\/wordpress\/plugins\/seo\/ -->\n<title>Acampada barata en Belcaire | Camping barato en Aude regi\u00f3n<\/title>\n<meta name=\"description\" content=\"Alquiler semanal o de fin de semana todo el a\u00f1o\" \/>\n<meta name=\"robots\" content=\"index, follow, max-snippet:-1, max-image-preview:large, max-video-preview:-1\" \/>\n<link rel=\"canonical\" href=\"https:\/\/www.camping-pyrenees-cathare.fr\/es\/camping-barato-belcaire\/\" \/>\n<meta property=\"og:locale\" content=\"es_ES\" \/>\n<meta property=\"og:type\" content=\"article\" \/>\n<meta property=\"og:title\" content=\"Acampada barata en Belcaire | Camping barato en Aude regi\u00f3n\" \/>\n<meta property=\"og:description\" content=\"Alquiler semanal o de fin de semana todo el a\u00f1o\" \/>\n<meta property=\"og:url\" content=\"https:\/\/www.camping-pyrenees-cathare.fr\/es\/camping-barato-belcaire\/\" \/>\n<meta property=\"og:site_name\" content=\"Les Chalets du Lac Belcaire\" \/>\n<meta property=\"article:publisher\" content=\"https:\/\/www.facebook.com\/campingbelcaire\/?locale=fr_FR\" \/>\n<meta property=\"article:modified_time\" content=\"2025-05-08T20:04:43+00:00\" \/>\n<meta property=\"og:image\" content=\"https:\/\/www.camping-pyrenees-cathare.fr\/wp-content\/uploads\/2023\/06\/camping-pas-cher-belcaire-1.webp\" \/>\n\t<meta property=\"og:image:width\" content=\"1903\" \/>\n\t<meta property=\"og:image:height\" content=\"450\" \/>\n\t<meta property=\"og:image:type\" content=\"image\/webp\" \/>\n<meta name=\"twitter:card\" content=\"summary_large_image\" \/>\n<meta name=\"twitter:label1\" content=\"Tiempo de lectura\" \/>\n\t<meta name=\"twitter:data1\" content=\"5 minutos\" \/>\n<script type=\"application\/ld+json\" class=\"yoast-schema-graph\">{\"@context\":\"https:\/\/schema.org\",\"@graph\":[{\"@type\":\"WebPage\",\"@id\":\"https:\/\/www.camping-pyrenees-cathare.fr\/es\/camping-barato-belcaire\/\",\"url\":\"https:\/\/www.camping-pyrenees-cathare.fr\/es\/camping-barato-belcaire\/\",\"name\":\"Acampada barata en Belcaire | Camping barato en Aude regi\u00f3n\",\"isPartOf\":{\"@id\":\"https:\/\/www.camping-pyrenees-cathare.fr\/#website\"},\"primaryImageOfPage\":{\"@id\":\"https:\/\/www.camping-pyrenees-cathare.fr\/es\/camping-barato-belcaire\/#primaryimage\"},\"image\":{\"@id\":\"https:\/\/www.camping-pyrenees-cathare.fr\/es\/camping-barato-belcaire\/#primaryimage\"},\"thumbnailUrl\":\"https:\/\/www.camping-pyrenees-cathare.fr\/wp-content\/uploads\/2023\/06\/camping-pas-cher-belcaire-1.webp\",\"datePublished\":\"2023-06-15T11:37:11+00:00\",\"dateModified\":\"2025-05-08T20:04:43+00:00\",\"description\":\"Alquiler semanal o de fin de semana todo el a\u00f1o\",\"breadcrumb\":{\"@id\":\"https:\/\/www.camping-pyrenees-cathare.fr\/es\/camping-barato-belcaire\/#breadcrumb\"},\"inLanguage\":\"es\",\"potentialAction\":[{\"@type\":\"ReadAction\",\"target\":[\"https:\/\/www.camping-pyrenees-cathare.fr\/es\/camping-barato-belcaire\/\"]}]},{\"@type\":\"ImageObject\",\"inLanguage\":\"es\",\"@id\":\"https:\/\/www.camping-pyrenees-cathare.fr\/es\/camping-barato-belcaire\/#primaryimage\",\"url\":\"https:\/\/www.camping-pyrenees-cathare.fr\/wp-content\/uploads\/2023\/06\/camping-pas-cher-belcaire-1.webp\",\"contentUrl\":\"https:\/\/www.camping-pyrenees-cathare.fr\/wp-content\/uploads\/2023\/06\/camping-pas-cher-belcaire-1.webp\",\"width\":1903,\"height\":450,\"caption\":\"Camping Belcaire barato\"},{\"@type\":\"BreadcrumbList\",\"@id\":\"https:\/\/www.camping-pyrenees-cathare.fr\/es\/camping-barato-belcaire\/#breadcrumb\",\"itemListElement\":[{\"@type\":\"ListItem\",\"position\":1,\"name\":\"Camping Belcaire\",\"item\":\"https:\/\/www.camping-pyrenees-cathare.fr\/es\/\"},{\"@type\":\"ListItem\",\"position\":2,\"name\":\"Acampada barata en Belcaire\"}]},{\"@type\":\"WebSite\",\"@id\":\"https:\/\/www.camping-pyrenees-cathare.fr\/#website\",\"url\":\"https:\/\/www.camping-pyrenees-cathare.fr\/\",\"name\":\"Les chalets du lac Belcaire\",\"description\":\"\",\"publisher\":{\"@id\":\"https:\/\/www.camping-pyrenees-cathare.fr\/#organization\"},\"potentialAction\":[{\"@type\":\"SearchAction\",\"target\":{\"@type\":\"EntryPoint\",\"urlTemplate\":\"https:\/\/www.camping-pyrenees-cathare.fr\/?s={search_term_string}\"},\"query-input\":{\"@type\":\"PropertyValueSpecification\",\"valueRequired\":true,\"valueName\":\"search_term_string\"}}],\"inLanguage\":\"es\"},{\"@type\":\"Organization\",\"@id\":\"https:\/\/www.camping-pyrenees-cathare.fr\/#organization\",\"name\":\"Les chalets du lac Belcaire\",\"url\":\"https:\/\/www.camping-pyrenees-cathare.fr\/\",\"logo\":{\"@type\":\"ImageObject\",\"inLanguage\":\"es\",\"@id\":\"https:\/\/www.camping-pyrenees-cathare.fr\/#\/schema\/logo\/image\/\",\"url\":\"https:\/\/www.camping-pyrenees-cathare.fr\/wp-content\/uploads\/2023\/05\/logo-couleur-camping-les-chalets-du-lac.webp\",\"contentUrl\":\"https:\/\/www.camping-pyrenees-cathare.fr\/wp-content\/uploads\/2023\/05\/logo-couleur-camping-les-chalets-du-lac.webp\",\"width\":462,\"height\":252,\"caption\":\"Les chalets du lac Belcaire\"},\"image\":{\"@id\":\"https:\/\/www.camping-pyrenees-cathare.fr\/#\/schema\/logo\/image\/\"},\"sameAs\":[\"https:\/\/www.facebook.com\/campingbelcaire\/?locale=fr_FR\",\"https:\/\/www.tripadvisor.fr\/Hotel_Review-g1384321-d13748665-Reviews-Les_Chalets_du_Lac-Belcaire_Aude_Occitanie.html\",\"https:\/\/www.instagram.com\/leschaletsdulacbelcaire\/\"]}]}<\/script>\n<!-- \/ Yoast SEO plugin. -->","yoast_head_json":{"title":"Acampada barata en Belcaire | Camping barato en Aude regi\u00f3n","description":"Alquiler semanal o de fin de semana todo el a\u00f1o","robots":{"index":"index","follow":"follow","max-snippet":"max-snippet:-1","max-image-preview":"max-image-preview:large","max-video-preview":"max-video-preview:-1"},"canonical":"https:\/\/www.camping-pyrenees-cathare.fr\/es\/camping-barato-belcaire\/","og_locale":"es_ES","og_type":"article","og_title":"Acampada barata en Belcaire | Camping barato en Aude regi\u00f3n","og_description":"Alquiler semanal o de fin de semana todo el a\u00f1o","og_url":"https:\/\/www.camping-pyrenees-cathare.fr\/es\/camping-barato-belcaire\/","og_site_name":"Les Chalets du Lac Belcaire","article_publisher":"https:\/\/www.facebook.com\/campingbelcaire\/?locale=fr_FR","article_modified_time":"2025-05-08T20:04:43+00:00","og_image":[{"width":1903,"height":450,"url":"https:\/\/www.camping-pyrenees-cathare.fr\/wp-content\/uploads\/2023\/06\/camping-pas-cher-belcaire-1.webp","type":"image\/webp"}],"twitter_card":"summary_large_image","twitter_misc":{"Tiempo de lectura":"5 minutos"},"schema":{"@context":"https:\/\/schema.org","@graph":[{"@type":"WebPage","@id":"https:\/\/www.camping-pyrenees-cathare.fr\/es\/camping-barato-belcaire\/","url":"https:\/\/www.camping-pyrenees-cathare.fr\/es\/camping-barato-belcaire\/","name":"Acampada barata en Belcaire | Camping barato en Aude regi\u00f3n","isPartOf":{"@id":"https:\/\/www.camping-pyrenees-cathare.fr\/#website"},"primaryImageOfPage":{"@id":"https:\/\/www.camping-pyrenees-cathare.fr\/es\/camping-barato-belcaire\/#primaryimage"},"image":{"@id":"https:\/\/www.camping-pyrenees-cathare.fr\/es\/camping-barato-belcaire\/#primaryimage"},"thumbnailUrl":"https:\/\/www.camping-pyrenees-cathare.fr\/wp-content\/uploads\/2023\/06\/camping-pas-cher-belcaire-1.webp","datePublished":"2023-06-15T11:37:11+00:00","dateModified":"2025-05-08T20:04:43+00:00","description":"Alquiler semanal o de fin de semana todo el a\u00f1o","breadcrumb":{"@id":"https:\/\/www.camping-pyrenees-cathare.fr\/es\/camping-barato-belcaire\/#breadcrumb"},"inLanguage":"es","potentialAction":[{"@type":"ReadAction","target":["https:\/\/www.camping-pyrenees-cathare.fr\/es\/camping-barato-belcaire\/"]}]},{"@type":"ImageObject","inLanguage":"es","@id":"https:\/\/www.camping-pyrenees-cathare.fr\/es\/camping-barato-belcaire\/#primaryimage","url":"https:\/\/www.camping-pyrenees-cathare.fr\/wp-content\/uploads\/2023\/06\/camping-pas-cher-belcaire-1.webp","contentUrl":"https:\/\/www.camping-pyrenees-cathare.fr\/wp-content\/uploads\/2023\/06\/camping-pas-cher-belcaire-1.webp","width":1903,"height":450,"caption":"Camping Belcaire barato"},{"@type":"BreadcrumbList","@id":"https:\/\/www.camping-pyrenees-cathare.fr\/es\/camping-barato-belcaire\/#breadcrumb","itemListElement":[{"@type":"ListItem","position":1,"name":"Camping Belcaire","item":"https:\/\/www.camping-pyrenees-cathare.fr\/es\/"},{"@type":"ListItem","position":2,"name":"Acampada barata en Belcaire"}]},{"@type":"WebSite","@id":"https:\/\/www.camping-pyrenees-cathare.fr\/#website","url":"https:\/\/www.camping-pyrenees-cathare.fr\/","name":"Les chalets du lac Belcaire","description":"","publisher":{"@id":"https:\/\/www.camping-pyrenees-cathare.fr\/#organization"},"potentialAction":[{"@type":"SearchAction","target":{"@type":"EntryPoint","urlTemplate":"https:\/\/www.camping-pyrenees-cathare.fr\/?s={search_term_string}"},"query-input":{"@type":"PropertyValueSpecification","valueRequired":true,"valueName":"search_term_string"}}],"inLanguage":"es"},{"@type":"Organization","@id":"https:\/\/www.camping-pyrenees-cathare.fr\/#organization","name":"Les chalets du lac Belcaire","url":"https:\/\/www.camping-pyrenees-cathare.fr\/","logo":{"@type":"ImageObject","inLanguage":"es","@id":"https:\/\/www.camping-pyrenees-cathare.fr\/#\/schema\/logo\/image\/","url":"https:\/\/www.camping-pyrenees-cathare.fr\/wp-content\/uploads\/2023\/05\/logo-couleur-camping-les-chalets-du-lac.webp","contentUrl":"https:\/\/www.camping-pyrenees-cathare.fr\/wp-content\/uploads\/2023\/05\/logo-couleur-camping-les-chalets-du-lac.webp","width":462,"height":252,"caption":"Les chalets du lac Belcaire"},"image":{"@id":"https:\/\/www.camping-pyrenees-cathare.fr\/#\/schema\/logo\/image\/"},"sameAs":["https:\/\/www.facebook.com\/campingbelcaire\/?locale=fr_FR","https:\/\/www.tripadvisor.fr\/Hotel_Review-g1384321-d13748665-Reviews-Les_Chalets_du_Lac-Belcaire_Aude_Occitanie.html","https:\/\/www.instagram.com\/leschaletsdulacbelcaire\/"]}]}},"_links":{"self":[{"href":"https:\/\/www.camping-pyrenees-cathare.fr\/es\/wp-json\/wp\/v2\/pages\/3048","targetHints":{"allow":["GET"]}}],"collection":[{"href":"https:\/\/www.camping-pyrenees-cathare.fr\/es\/wp-json\/wp\/v2\/pages"}],"about":[{"href":"https:\/\/www.camping-pyrenees-cathare.fr\/es\/wp-json\/wp\/v2\/types\/page"}],"author":[{"embeddable":true,"href":"https:\/\/www.camping-pyrenees-cathare.fr\/es\/wp-json\/wp\/v2\/users\/1"}],"replies":[{"embeddable":true,"href":"https:\/\/www.camping-pyrenees-cathare.fr\/es\/wp-json\/wp\/v2\/comments?post=3048"}],"version-history":[{"count":19,"href":"https:\/\/www.camping-pyrenees-cathare.fr\/es\/wp-json\/wp\/v2\/pages\/3048\/revisions"}],"predecessor-version":[{"id":5308,"href":"https:\/\/www.camping-pyrenees-cathare.fr\/es\/wp-json\/wp\/v2\/pages\/3048\/revisions\/5308"}],"wp:featuredmedia":[{"embeddable":true,"href":"https:\/\/www.camping-pyrenees-cathare.fr\/es\/wp-json\/wp\/v2\/media\/3052"}],"wp:attachment":[{"href":"https:\/\/www.camping-pyrenees-cathare.fr\/es\/wp-json\/wp\/v2\/media?parent=3048"}],"wp:term":[{"taxonomy":"sujet","embeddable":true,"href":"https:\/\/www.camping-pyrenees-cathare.fr\/es\/wp-json\/wp\/v2\/sujet?post=3048"}],"curies":[{"name":"wp","href":"https:\/\/api.w.org\/{rel}","templated":true}]}}