{"id":3085,"date":"2023-06-15T13:37:15","date_gmt":"2023-06-15T11:37:15","guid":{"rendered":"https:\/\/www.camping-pyrenees-cathare.fr\/camping-ouvert-a-lannee\/"},"modified":"2025-05-08T20:07:26","modified_gmt":"2025-05-08T18:07:26","slug":"camping-abierto-todo-el-ano","status":"publish","type":"page","link":"https:\/\/www.camping-pyrenees-cathare.fr\/es\/camping-abierto-todo-el-ano\/","title":{"rendered":"Camping abierto todo el a\u00f1o"},"content":{"rendered":"<section id=\"ls-section-block_7fd8363f6db5d02735d189781717472d\" class=\"ls-section  home-first page-one\" >\r\n        <div class=\"container container--full\">\r\n        \n\n<div class=\"wp-block-columns is-layout-flex wp-container-core-columns-is-layout-9d6595d7 wp-block-columns-is-layout-flex\">\n<div class=\"wp-block-column is-vertically-aligned-center animated fadeInLeft slow is-layout-flow wp-block-column-is-layout-flow\" style=\"flex-basis:50%\">\n<figure class=\"wp-block-image size-full image-blob\"><img loading=\"lazy\" decoding=\"async\" width=\"960\" height=\"720\" src=\"https:\/\/www.camping-pyrenees-cathare.fr\/wp-content\/uploads\/2023\/06\/167215792_3677153785723748_7898903610146873182_n.jpg\" alt=\"Camping abierto todo el a&#xF1;o en el lago Belcaire\" class=\"wp-image-1280\" srcset=\"https:\/\/www.camping-pyrenees-cathare.fr\/wp-content\/uploads\/2023\/06\/167215792_3677153785723748_7898903610146873182_n.jpg 960w, https:\/\/www.camping-pyrenees-cathare.fr\/wp-content\/uploads\/2023\/06\/167215792_3677153785723748_7898903610146873182_n-300x225.jpg 300w, https:\/\/www.camping-pyrenees-cathare.fr\/wp-content\/uploads\/2023\/06\/167215792_3677153785723748_7898903610146873182_n-768x576.jpg 768w\" sizes=\"auto, (max-width: 960px) 100vw, 960px\" \/><\/figure>\n\n\n\n<figure class=\"wp-block-image size-full image-secondaire\"><a href=\"https:\/\/www.camping-pyrenees-cathare.fr\/wp-content\/uploads\/2023\/06\/10426195_643556859083471_6274980926311347524_n.jpg\"><img loading=\"lazy\" decoding=\"async\" width=\"640\" height=\"480\" src=\"https:\/\/www.camping-pyrenees-cathare.fr\/wp-content\/uploads\/2023\/06\/10426195_643556859083471_6274980926311347524_n.jpg\" alt=\"Caba&#xF1;a de nieve en invierno en el camping Lac Belcaire\" class=\"wp-image-1284\" srcset=\"https:\/\/www.camping-pyrenees-cathare.fr\/wp-content\/uploads\/2023\/06\/10426195_643556859083471_6274980926311347524_n.jpg 640w, https:\/\/www.camping-pyrenees-cathare.fr\/wp-content\/uploads\/2023\/06\/10426195_643556859083471_6274980926311347524_n-300x225.jpg 300w\" sizes=\"auto, (max-width: 640px) 100vw, 640px\" \/><\/a><\/figure>\n<\/div>\n\n\n\n<div class=\"wp-block-column has-color-4-background-color has-background is-layout-flow wp-block-column-is-layout-flow\" style=\"flex-basis:50%\">\n<div id=\"ls-heading ls-titre-div-block_ecacef8d3cdb628041dd286ff3696443\" class=\"ls-titre-div titre-deco h2-like has-text-color has-color-1-color\" >\n    \u00bfTe falta naturaleza? <br> \u00a1Ven y recarga las pilas!<\/div>\n\n\n\n<h1 class=\"ls__heading wp-block-heading\">Camping abierto todo el a\u00f1o <strong>en Aude regi\u00f3n<\/strong><\/h1>\n\n\n\n<h2 class=\"ls__heading wp-block-heading\">Nuestro camping est\u00e1 abierto<br\/><strong>todo el a\u00f1o<\/strong><\/h2>\n\n\n\n<p class=\"ls-paragraph\">\u00a1No hay temporada para ir de vacaciones a las monta\u00f1as! Ven a relajarte en el coraz\u00f3n del Pirineo del Aude en nuestro <strong>camping familiar abierto todo el a\u00f1o<\/strong>.  <\/p>\n\n\n\n<p class=\"ls-paragraph\">Sea cual sea la estaci\u00f3n, <a href=\"https:\/\/www.camping-pyrenees-cathare.fr\/es\/\">el camping Les Chalets du Lac en Belcaire <\/a>es el lugar perfecto para pasar unas vacaciones inolvidables. Verano e invierno, disfrute <strong>de servicios de 4 estrellas<\/strong> : instalaciones sanitarias climatizadas, piscina cubierta climatizada, spa, sauna &#8230;<\/p>\n<\/div>\n<\/div>\n\n\r\n    <\/div>\r\n<\/section><section id=\"ls-section-block_fe614c46e509433e680ffe5e389327d8\" class=\"ls-section  home-sixth page-two\" >\r\n        <div class=\"container container--full\">\r\n        \n\n<div class=\"wp-block-columns is-layout-flex wp-container-core-columns-is-layout-9d6595d7 wp-block-columns-is-layout-flex\">\n<div class=\"wp-block-column has-color-4-background-color has-background is-layout-flow wp-block-column-is-layout-flow\" style=\"flex-basis:50%\">\n<h2 class=\"ls__heading wp-block-heading\">Nuestros alquileres y parcelas <strong>para reservar durante todo el a\u00f1o<\/strong><\/h2>\n\n\n\n<p class=\"ls-paragraph\">Para sus futuras vacaciones en camping, le ofrecemos una <strong>amplia gama de alojamientos<\/strong> que pueden satisfacer sus expectativas. En pareja, con amigos o en familia, hay de todo para todos los gustos y presupuestos.  <\/p>\n\n\n\n<p class=\"ls-paragraph\">Descubra todos nuestros <a href=\"https:\/\/www.camping-pyrenees-cathare.fr\/es\/alquiler-chalet-belcaire\/\">alojamientos en alquiler<\/a>, desde la caba\u00f1a de tramperos hasta el castillo c\u00e1taro a trav\u00e9s de la tienda de campa\u00f1a. <strong>Cl\u00e1sico o inusual<\/strong>, sencillo o c\u00f3modo, tenemos el alojamiento que necesita.<\/p>\n<\/div>\n\n\n\n<div class=\"wp-block-column is-vertically-aligned-center animated fadeInRight slow is-layout-flow wp-block-column-is-layout-flow\" style=\"flex-basis:50%\">\n<div id=\"ls-heading ls-titre-div-block_d19c9cb0dd6765e0dbf6583e8a6e0af2\" class=\"ls-titre-div titre-deco h2-like has-text-color has-color-1-color\" >\n    Reserve ahora<br>en cualquier temporada<\/div>\n\n\n\n<figure class=\"wp-block-image size-large image-blob\"><img loading=\"lazy\" decoding=\"async\" width=\"1024\" height=\"768\" src=\"https:\/\/www.camping-pyrenees-cathare.fr\/wp-content\/uploads\/2023\/06\/50261833_1839726352799843_5809971860967784448_n-1024x768.jpg\" alt=\"Las caba&#xF1;as del camping bajo un pesado manto de nieve con &#xE1;rboles cubiertos de nieve\" class=\"wp-image-1288\" srcset=\"https:\/\/www.camping-pyrenees-cathare.fr\/wp-content\/uploads\/2023\/06\/50261833_1839726352799843_5809971860967784448_n-1024x768.jpg 1024w, https:\/\/www.camping-pyrenees-cathare.fr\/wp-content\/uploads\/2023\/06\/50261833_1839726352799843_5809971860967784448_n-300x225.jpg 300w, https:\/\/www.camping-pyrenees-cathare.fr\/wp-content\/uploads\/2023\/06\/50261833_1839726352799843_5809971860967784448_n-768x576.jpg 768w, https:\/\/www.camping-pyrenees-cathare.fr\/wp-content\/uploads\/2023\/06\/50261833_1839726352799843_5809971860967784448_n-1536x1152.jpg 1536w, https:\/\/www.camping-pyrenees-cathare.fr\/wp-content\/uploads\/2023\/06\/50261833_1839726352799843_5809971860967784448_n.jpg 1900w\" sizes=\"auto, (max-width: 1024px) 100vw, 1024px\" \/><\/figure>\n\n\n\n<figure class=\"wp-block-image size-full image-secondaire\"><a href=\"https:\/\/www.camping-pyrenees-cathare.fr\/wp-content\/uploads\/2023\/06\/le-lac-de-belcaire.webp\"><img loading=\"lazy\" decoding=\"async\" width=\"1024\" height=\"681\" src=\"https:\/\/www.camping-pyrenees-cathare.fr\/wp-content\/uploads\/2023\/06\/le-lac-de-belcaire.webp\" alt=\"Lago Belcaire\" class=\"wp-image-2587\" srcset=\"https:\/\/www.camping-pyrenees-cathare.fr\/wp-content\/uploads\/2023\/06\/le-lac-de-belcaire.webp 1024w, https:\/\/www.camping-pyrenees-cathare.fr\/wp-content\/uploads\/2023\/06\/le-lac-de-belcaire-300x200.webp 300w, https:\/\/www.camping-pyrenees-cathare.fr\/wp-content\/uploads\/2023\/06\/le-lac-de-belcaire-768x511.webp 768w\" sizes=\"auto, (max-width: 1024px) 100vw, 1024px\" \/><\/a><\/figure>\n<\/div>\n<\/div>\n\n\r\n    <\/div>\r\n<\/section><section id=\"ls-section-block_84ed7e240459a8f964bf9c61a4465d7b\" class=\"ls-section  home-fifth page-three has-background-image has-parallax\" >\r\n    <div class=\"ls-section__background-image opacity-100\"><img decoding=\"async\" src=\"https:\/\/www.camping-pyrenees-cathare.fr\/wp-content\/uploads\/2023\/06\/oliver-schwendener-9lcWCCRXiKU-unsplash_resultat.webp\" alt=\"Pista de esqu\u00ed de snowboard alpino en el polvo cerca de los chalets del lago en los Pirineos\"><\/div>    <div class=\"container container--small\">\r\n        \n\n<div id=\"ls-heading ls-titre-div-block_93b8e8bf9009b83fcd037d6f9061d919\" class=\"ls-titre-div titre-deco h2-like\" >\n    Un lugar lleno de vida en<br>un marco excepcional<\/div>\n\n\n\n<h2 class=\"ls__heading wp-block-heading has-text-align-center has-color-white-color has-text-color\">Acampada cerca de una <strong>estaci\u00f3n de esqu\u00ed en Camurac<\/strong><\/h2>\n\n\n\n<p class=\"ls-paragraph has-text-align-center has-color-white-color has-text-color\">Durante la <strong>temporada de invierno<\/strong>, cuando las cumbres se han puesto sus batas blancas, vive una experiencia \u00fanica en el coraz\u00f3n del Pirineo del Aude. Situado a menos de 10 minutos de la <strong>estaci\u00f3n de esqu\u00ed de Camurac<\/strong>, el camping es el lugar ideal para pasar una estancia agradable combinando deporte y relajaci\u00f3n.  <\/p>\n\n\n\n<p class=\"ls-paragraph has-text-align-center has-color-white-color has-text-color\">Camine por las 11 pistas de esqu\u00ed <strong>alpino<\/strong> y <strong>2 pistas de esqu\u00ed de fondo<\/strong> en un ambiente c\u00e1lido y familiar. Explore las diversas rutas de senderismo con raquetas de nieve y descubra paisajes impresionantes.  <\/p>\n\n\n\n<p class=\"ls-paragraph has-text-align-center has-color-white-color has-text-color\">Un poco m\u00e1s lejos, encontrar\u00e1 el <strong>Col du Chioula y Ax 3 Domaines<\/strong>, verdaderos parques infantiles para los esquiadores m\u00e1s experimentados. Entre el valle superior del Ari\u00e8ge y la meseta de Sault, el Chioula es el segundo espacio norte de los valles de Ax. En invierno, el Col du Chioula ofrece una amplia gama de actividades familiares, como esqu\u00ed n\u00f3rdico, raquetas de nieve, trineo&#8230; Con sus <strong>3 dominios <\/strong>esquiables, Saquet, Les Campels y Bonascre, la estaci\u00f3n de Ax 3 Domaines ofrece 37 pistas de esqu\u00ed en casi 80 kil\u00f3metros con no menos de 20 remontes. <\/p>\n\n\r\n    <\/div>\r\n<\/section><section id=\"ls-section-block_ffae6c5315a69bfc4016eabba5568782\" class=\"ls-section  home-third page-four\" >\r\n        <div class=\"container container--wide\">\r\n        \n\n<div class=\"wp-block-columns is-layout-flex wp-container-core-columns-is-layout-9d6595d7 wp-block-columns-is-layout-flex\">\n<div class=\"wp-block-column is-layout-flow wp-block-column-is-layout-flow\" style=\"flex-basis:60%\">\n<figure class=\"wp-block-gallery has-nested-images columns-default is-cropped grid wp-block-gallery-1 is-layout-flex wp-block-gallery-is-layout-flex\">\n<figure class=\"wp-block-image size-full image-1 animated fadeIn slow\"><a href=\"https:\/\/www.camping-pyrenees-cathare.fr\/wp-content\/uploads\/2023\/06\/escalade-daniel-du-lac-belcaire_resultat.webp\"><img loading=\"lazy\" decoding=\"async\" width=\"1024\" height=\"683\" data-id=\"1551\" src=\"https:\/\/www.camping-pyrenees-cathare.fr\/wp-content\/uploads\/2023\/06\/escalade-daniel-du-lac-belcaire_resultat.webp\" alt=\"Escalada Daniel du lac Belcaire\" class=\"wp-image-1551\" srcset=\"https:\/\/www.camping-pyrenees-cathare.fr\/wp-content\/uploads\/2023\/06\/escalade-daniel-du-lac-belcaire_resultat.webp 1024w, https:\/\/www.camping-pyrenees-cathare.fr\/wp-content\/uploads\/2023\/06\/escalade-daniel-du-lac-belcaire_resultat-300x200.webp 300w, https:\/\/www.camping-pyrenees-cathare.fr\/wp-content\/uploads\/2023\/06\/escalade-daniel-du-lac-belcaire_resultat-768x512.webp 768w\" sizes=\"auto, (max-width: 1024px) 100vw, 1024px\" \/><\/a><\/figure>\n\n\n\n<figure class=\"wp-block-image size-full image-2 animated fadeIn delay-100ms slow\"><a href=\"https:\/\/www.camping-pyrenees-cathare.fr\/wp-content\/uploads\/2023\/06\/foret-cerf-nature_resultat.webp\"><img loading=\"lazy\" decoding=\"async\" width=\"1024\" height=\"681\" data-id=\"1585\" src=\"https:\/\/www.camping-pyrenees-cathare.fr\/wp-content\/uploads\/2023\/06\/foret-cerf-nature_resultat.webp\" alt=\"Bosque ciervo naturaleza pirineos\" class=\"wp-image-1585\" srcset=\"https:\/\/www.camping-pyrenees-cathare.fr\/wp-content\/uploads\/2023\/06\/foret-cerf-nature_resultat.webp 1024w, https:\/\/www.camping-pyrenees-cathare.fr\/wp-content\/uploads\/2023\/06\/foret-cerf-nature_resultat-300x200.webp 300w, https:\/\/www.camping-pyrenees-cathare.fr\/wp-content\/uploads\/2023\/06\/foret-cerf-nature_resultat-768x511.webp 768w\" sizes=\"auto, (max-width: 1024px) 100vw, 1024px\" \/><\/a><\/figure>\n\n\n\n<figure class=\"wp-block-image size-large image-3 animated fadeIn delay-200ms slow\"><a href=\"https:\/\/www.camping-pyrenees-cathare.fr\/wp-content\/uploads\/2023\/06\/cycling-1533270_1920_resultat.webp\"><img loading=\"lazy\" decoding=\"async\" width=\"1024\" height=\"682\" data-id=\"1311\" src=\"https:\/\/www.camping-pyrenees-cathare.fr\/wp-content\/uploads\/2023\/06\/cycling-1533270_1920_resultat-1024x682.webp\" alt=\"Ciclismo de monta&#xF1;a en la cima de la monta&#xF1;a mirando al cielo\" class=\"wp-image-1311\" srcset=\"https:\/\/www.camping-pyrenees-cathare.fr\/wp-content\/uploads\/2023\/06\/cycling-1533270_1920_resultat-1024x682.webp 1024w, https:\/\/www.camping-pyrenees-cathare.fr\/wp-content\/uploads\/2023\/06\/cycling-1533270_1920_resultat-300x200.webp 300w, https:\/\/www.camping-pyrenees-cathare.fr\/wp-content\/uploads\/2023\/06\/cycling-1533270_1920_resultat-768x511.webp 768w, https:\/\/www.camping-pyrenees-cathare.fr\/wp-content\/uploads\/2023\/06\/cycling-1533270_1920_resultat-1536x1022.webp 1536w, https:\/\/www.camping-pyrenees-cathare.fr\/wp-content\/uploads\/2023\/06\/cycling-1533270_1920_resultat.webp 1803w\" sizes=\"auto, (max-width: 1024px) 100vw, 1024px\" \/><\/a><\/figure>\n<\/figure>\n<\/div>\n\n\n\n<div class=\"wp-block-column is-vertically-aligned-bottom is-layout-flow wp-block-column-is-layout-flow\" style=\"flex-basis:40%\">\n<h2 class=\"ls__heading wp-block-heading\">Actividades para realizar en<strong> temporada baja cerca del camping<\/strong><\/h2>\n\n\n\n<p class=\"ls-paragraph\">\u00bfLa <strong>temporada de verano<\/strong> ha terminado y a\u00fan no te has tomado tus vacaciones? Sal de las vacaciones escolares en temporada baja y disfruta de muchas ventajas. Disfrute de la tranquilidad del lugar para descubrir la hermosa regi\u00f3n occitana en paz con un presupuesto controlado.  <\/p>\n\n\n\n<p class=\"ls-paragraph\">Con nosotros, la temporada baja no rima con la inactividad. El final de la temporada es propicio <strong>para caminatas, descubrimiento y deporte<\/strong>. Descubre los bosques de abetos de Aude regi\u00f3n, una naturaleza preservada y salvaje te espera. En <strong>tiempo lluvioso<\/strong>, intente escalar <strong>en el complejo Daniel du Lac<\/strong>.  <\/p>\n\n\n\n<p class=\"ls-paragraph\">En <strong>primavera<\/strong>, aproveche la vegetaci\u00f3n floreciente para admirar la belleza de la naturaleza y respirar un soplo de aire fresco durante sus diversos <strong>paseos o paseos en bicicleta<\/strong>. En <strong>oto\u00f1o<\/strong>, vaya a <strong>recoger setas<\/strong> y escuche el <strong>rugido de los ciervos en la<\/strong> naturaleza brillante. En invierno, disfruta de una amplia oferta de deportes de <strong>invierno<\/strong> tan ricos como<strong> variados<\/strong> .  <\/p>\n\n\n\n<div id=\"ls-heading ls-titre-div-block_868b2ce571f708a0cafe4b099f065606\" class=\"ls-titre-div titre-deco h2-like\" >\n    Actividades<br>todo el a\u00f1o<\/div>\n<\/div>\n<\/div>\n\n\r\n    <\/div>\r\n<\/section><section id=\"ls-section-block_5e592821bcb9f9a63424535b84a5032d\" class=\"ls-section  home-third page-five has-background has-color-4-background-color\" >\r\n        <div class=\"container container--wide\">\r\n        \n\n<div class=\"wp-block-columns is-layout-flex wp-container-core-columns-is-layout-9d6595d7 wp-block-columns-is-layout-flex\">\n<div class=\"wp-block-column is-vertically-aligned-bottom is-layout-flow wp-block-column-is-layout-flow\" style=\"flex-basis:40%\">\n<h2 class=\"ls__heading wp-block-heading\"><strong>Actividades en temporada alta en<\/strong> Belcaire<\/h2>\n\n\n\n<p class=\"ls-paragraph\">En <strong>temporada alta<\/strong> le garantizamos unas<strong> vacaciones lejos de las multitudes y el ajetreo y el bullicio<\/strong>. Elegir el camping Les chalets du lac Belcaire es la promesa de una estancia ex\u00f3tica sin ajetreo y bullicio en medio de la naturaleza.  <\/p>\n\n\n\n<p class=\"ls-paragraph\">Aprovecha la altitud para refrescarte en verano. Aqu\u00ed, el clima es templado y soleado. <strong>Rel\u00e1jese en paz<\/strong> alrededor de la <strong>\n  <a href=\"https:\/\/www.camping-pyrenees-cathare.fr\/es\/camping-piscina-climatizada-belcaire\/\">piscina climatizada al aire libre<\/a>\n<\/strong> mientras sus hijos disfrutan del tobog\u00e1n de agua.  <\/p>\n\n\n\n<p class=\"ls-paragraph\">Clasificado como resort verde, Belcaire es el lugar ideal para pasar unas vacaciones inolvidables. Si usted es <strong>un buscador de emociones o excursionista<\/strong>, encontrar\u00e1 la actividad que m\u00e1s le convenga. Ciclismo o caminata, barranquismo, rafting, parapente, escalada; La elecci\u00f3n es tuya. En familia, re\u00fanase en la <strong>base de ocio<\/strong> o descubra la regi\u00f3n gracias a las numerosas <strong>visitas culturales<\/strong>.  <\/p>\n\n\n\n<div id=\"ls-heading ls-titre-div-block_c4627d36c2a36f8c02203b6fb4953fb9\" class=\"ls-titre-div titre-deco h2-like\" >\n    Unas vacaciones con cambio de aires<br>en plena naturaleza<\/div>\n<\/div>\n\n\n\n<div class=\"wp-block-column is-layout-flow wp-block-column-is-layout-flow\" style=\"flex-basis:60%\">\n<figure class=\"wp-block-gallery has-nested-images columns-default is-cropped grid wp-block-gallery-2 is-layout-flex wp-block-gallery-is-layout-flex\">\n<figure class=\"wp-block-image size-full image-1 animated fadeIn slow\"><a href=\"https:\/\/www.camping-pyrenees-cathare.fr\/wp-content\/uploads\/2023\/06\/AdobeStock_216275752_resultat.webp\"><img loading=\"lazy\" decoding=\"async\" width=\"1024\" height=\"683\" data-id=\"1534\" src=\"https:\/\/www.camping-pyrenees-cathare.fr\/wp-content\/uploads\/2023\/06\/AdobeStock_216275752_resultat.webp\" alt=\"Una mujer hace un sendero en las monta&#xF1;as de los Pirineos\" class=\"wp-image-1534\" srcset=\"https:\/\/www.camping-pyrenees-cathare.fr\/wp-content\/uploads\/2023\/06\/AdobeStock_216275752_resultat.webp 1024w, https:\/\/www.camping-pyrenees-cathare.fr\/wp-content\/uploads\/2023\/06\/AdobeStock_216275752_resultat-300x200.webp 300w, https:\/\/www.camping-pyrenees-cathare.fr\/wp-content\/uploads\/2023\/06\/AdobeStock_216275752_resultat-768x512.webp 768w\" sizes=\"auto, (max-width: 1024px) 100vw, 1024px\" \/><\/a><\/figure>\n\n\n\n<figure class=\"wp-block-image size-large image-2 animated fadeIn delay-100ms slow\"><a href=\"https:\/\/www.camping-pyrenees-cathare.fr\/wp-content\/uploads\/2023\/06\/293225921_5232776110109035_7216818456344527437_n.jpg\"><img loading=\"lazy\" decoding=\"async\" width=\"678\" height=\"1024\" data-id=\"1333\" src=\"https:\/\/www.camping-pyrenees-cathare.fr\/wp-content\/uploads\/2023\/06\/293225921_5232776110109035_7216818456344527437_n-678x1024.jpg\" alt=\"Toboganes de Lake Belcaire Cottage\" class=\"wp-image-1333\" srcset=\"https:\/\/www.camping-pyrenees-cathare.fr\/wp-content\/uploads\/2023\/06\/293225921_5232776110109035_7216818456344527437_n-678x1024.jpg 678w, https:\/\/www.camping-pyrenees-cathare.fr\/wp-content\/uploads\/2023\/06\/293225921_5232776110109035_7216818456344527437_n-199x300.jpg 199w, https:\/\/www.camping-pyrenees-cathare.fr\/wp-content\/uploads\/2023\/06\/293225921_5232776110109035_7216818456344527437_n-768x1160.jpg 768w, https:\/\/www.camping-pyrenees-cathare.fr\/wp-content\/uploads\/2023\/06\/293225921_5232776110109035_7216818456344527437_n-1017x1536.jpg 1017w, https:\/\/www.camping-pyrenees-cathare.fr\/wp-content\/uploads\/2023\/06\/293225921_5232776110109035_7216818456344527437_n.jpg 1059w\" sizes=\"auto, (max-width: 678px) 100vw, 678px\" \/><\/a><\/figure>\n\n\n\n<figure class=\"wp-block-image size-full image-3 animated fadeIn delay-200ms slow\"><a href=\"https:\/\/www.camping-pyrenees-cathare.fr\/wp-content\/uploads\/2023\/06\/AdobeStock_251017676_resultat.webp\"><img loading=\"lazy\" decoding=\"async\" width=\"1024\" height=\"768\" data-id=\"1521\" src=\"https:\/\/www.camping-pyrenees-cathare.fr\/wp-content\/uploads\/2023\/06\/AdobeStock_251017676_resultat.webp\" alt=\"Parapente en las nubes del Pirineo c&#xE1;taro\" class=\"wp-image-1521\" srcset=\"https:\/\/www.camping-pyrenees-cathare.fr\/wp-content\/uploads\/2023\/06\/AdobeStock_251017676_resultat.webp 1024w, https:\/\/www.camping-pyrenees-cathare.fr\/wp-content\/uploads\/2023\/06\/AdobeStock_251017676_resultat-300x225.webp 300w, https:\/\/www.camping-pyrenees-cathare.fr\/wp-content\/uploads\/2023\/06\/AdobeStock_251017676_resultat-768x576.webp 768w\" sizes=\"auto, (max-width: 1024px) 100vw, 1024px\" \/><\/a><\/figure>\n<\/figure>\n<\/div>\n<\/div>\n\n\r\n    <\/div>\r\n<\/section><section id=\"ls-section-block_966b593148f2d40b48b9bd32bccbfbd9\" class=\"ls-section  page-cta\" >\r\n        <div class=\"container container--wide\">\r\n        \n\n<div id=\"ls-heading ls-titre-div-block_05a79eeaff7a19e53b40fc585f89356a\" class=\"ls-titre-div aligncenter h2-like\" >\n    Nuestras piscinas, nuestro entretenimiento y nuestro restaurante<\/div>\n\n\n<div id=\"ls-maillage-block_b4e125f25733d0e50db2d5d3331080a2\" class=\"ls-maillage cta-style-normal\" data-rows=\"3\">\r\n    <div class=\"wp-block-columns\"><div class=\"wp-block-column\"><div class=\"ls-cta\">\n\n<a href=\"https:\/\/www.camping-pyrenees-cathare.fr\/es\/camping-piscina-climatizada-belcaire\/\" target=\"\" rel=\"noopener\" class=\"ls-cta__link\">\n\n\t<div class=\"ls-cta__image\"><img decoding=\"async\" src=\"https:\/\/www.camping-pyrenees-cathare.fr\/wp-content\/uploads\/2023\/06\/61950806_2080973532008456_5853319866374684672_n_resultat-768x576.webp\" alt=\"Piscinas los chalets del lago Belcaire\"><\/div>\n\t<span class=\"chalets-cercle\">+<\/span>\n\n\t<div class=\"ls-cta__title\">\n\t\tPiscinas\t<\/div>\n\n\t\t\n<\/a><\/div><\/div><div class=\"wp-block-column\"><div class=\"ls-cta\">\n\n<a href=\"https:\/\/www.camping-pyrenees-cathare.fr\/es\/bar-restaurante-belcaire\/\" target=\"\" rel=\"noopener\" class=\"ls-cta__link\">\n\n\t<div class=\"ls-cta__image\"><img decoding=\"async\" src=\"https:\/\/www.camping-pyrenees-cathare.fr\/wp-content\/uploads\/2023\/06\/pexels-nataliya-vaitkevich-5792325_resultat.webp\" alt=\"cortar pizza con una ruedecita\"><\/div>\n\t<span class=\"chalets-cercle\">+<\/span>\n\n\t<div class=\"ls-cta__title\">\n\t\tBar y restaurante\t<\/div>\n\n\t\t\n<\/a><\/div><\/div><div class=\"wp-block-column\"><div class=\"ls-cta\">\n\n<a href=\"https:\/\/www.camping-pyrenees-cathare.fr\/es\/camping-actividades-belcaire\/\" target=\"\" rel=\"noopener\" class=\"ls-cta__link\">\n\n\t<div class=\"ls-cta__image\"><img decoding=\"async\" src=\"https:\/\/www.camping-pyrenees-cathare.fr\/wp-content\/uploads\/2023\/06\/camping-anaimations-belcaire.webp\" alt=\"camping con actividades en Belcaire\"><\/div>\n\t<span class=\"chalets-cercle\">+<\/span>\n\n\t<div class=\"ls-cta__title\">\n\t\tAnimaciones y actividades\t<\/div>\n\n\t\t\n<\/a><\/div><\/div><\/div><\/div>\n\r\n    <\/div>\r\n<\/section>","protected":false},"excerpt":{"rendered":"","protected":false},"author":1,"featured_media":3109,"parent":0,"menu_order":0,"comment_status":"closed","ping_status":"closed","template":"","meta":{"_acf_changed":false,"footnotes":""},"sujet":[],"class_list":["post-3085","page","type-page","status-publish","has-post-thumbnail","hentry"],"acf":[],"yoast_head":"<!-- This site is optimized with the Yoast SEO plugin v25.2 - https:\/\/yoast.com\/wordpress\/plugins\/seo\/ -->\n<title>Camping abierto todo el a\u00f1o en Belcaire | Camping all seasons Aude<\/title>\n<meta name=\"robots\" content=\"index, follow, max-snippet:-1, max-image-preview:large, max-video-preview:-1\" \/>\n<link rel=\"canonical\" href=\"https:\/\/www.camping-pyrenees-cathare.fr\/es\/camping-abierto-todo-el-ano\/\" \/>\n<meta property=\"og:locale\" content=\"es_ES\" \/>\n<meta property=\"og:type\" content=\"article\" \/>\n<meta property=\"og:title\" content=\"Camping abierto todo el a\u00f1o en Belcaire | Camping all seasons Aude\" \/>\n<meta property=\"og:url\" content=\"https:\/\/www.camping-pyrenees-cathare.fr\/es\/camping-abierto-todo-el-ano\/\" \/>\n<meta property=\"og:site_name\" content=\"Les Chalets du Lac Belcaire\" \/>\n<meta property=\"article:publisher\" content=\"https:\/\/www.facebook.com\/campingbelcaire\/?locale=fr_FR\" \/>\n<meta property=\"article:modified_time\" content=\"2025-05-08T18:07:26+00:00\" \/>\n<meta property=\"og:image\" content=\"https:\/\/www.camping-pyrenees-cathare.fr\/wp-content\/uploads\/2023\/06\/1280px-Panorama_lac_belcaire.jpg\" \/>\n\t<meta property=\"og:image:width\" content=\"1280\" \/>\n\t<meta property=\"og:image:height\" content=\"334\" \/>\n\t<meta property=\"og:image:type\" content=\"image\/jpeg\" \/>\n<meta name=\"twitter:card\" content=\"summary_large_image\" \/>\n<meta name=\"twitter:label1\" content=\"Tiempo de lectura\" \/>\n\t<meta name=\"twitter:data1\" content=\"3 minutos\" \/>\n<script type=\"application\/ld+json\" class=\"yoast-schema-graph\">{\"@context\":\"https:\/\/schema.org\",\"@graph\":[{\"@type\":\"WebPage\",\"@id\":\"https:\/\/www.camping-pyrenees-cathare.fr\/es\/camping-abierto-todo-el-ano\/\",\"url\":\"https:\/\/www.camping-pyrenees-cathare.fr\/es\/camping-abierto-todo-el-ano\/\",\"name\":\"Camping abierto todo el a\u00f1o en Belcaire | Camping all seasons Aude\",\"isPartOf\":{\"@id\":\"https:\/\/www.camping-pyrenees-cathare.fr\/#website\"},\"primaryImageOfPage\":{\"@id\":\"https:\/\/www.camping-pyrenees-cathare.fr\/es\/camping-abierto-todo-el-ano\/#primaryimage\"},\"image\":{\"@id\":\"https:\/\/www.camping-pyrenees-cathare.fr\/es\/camping-abierto-todo-el-ano\/#primaryimage\"},\"thumbnailUrl\":\"https:\/\/www.camping-pyrenees-cathare.fr\/wp-content\/uploads\/2023\/06\/1280px-Panorama_lac_belcaire.jpg\",\"datePublished\":\"2023-06-15T11:37:15+00:00\",\"dateModified\":\"2025-05-08T18:07:26+00:00\",\"breadcrumb\":{\"@id\":\"https:\/\/www.camping-pyrenees-cathare.fr\/es\/camping-abierto-todo-el-ano\/#breadcrumb\"},\"inLanguage\":\"es\",\"potentialAction\":[{\"@type\":\"ReadAction\",\"target\":[\"https:\/\/www.camping-pyrenees-cathare.fr\/es\/camping-abierto-todo-el-ano\/\"]}]},{\"@type\":\"ImageObject\",\"inLanguage\":\"es\",\"@id\":\"https:\/\/www.camping-pyrenees-cathare.fr\/es\/camping-abierto-todo-el-ano\/#primaryimage\",\"url\":\"https:\/\/www.camping-pyrenees-cathare.fr\/wp-content\/uploads\/2023\/06\/1280px-Panorama_lac_belcaire.jpg\",\"contentUrl\":\"https:\/\/www.camping-pyrenees-cathare.fr\/wp-content\/uploads\/2023\/06\/1280px-Panorama_lac_belcaire.jpg\",\"width\":1280,\"height\":334,\"caption\":\"1280px Panorama lago Belcaire\"},{\"@type\":\"BreadcrumbList\",\"@id\":\"https:\/\/www.camping-pyrenees-cathare.fr\/es\/camping-abierto-todo-el-ano\/#breadcrumb\",\"itemListElement\":[{\"@type\":\"ListItem\",\"position\":1,\"name\":\"Camping Belcaire\",\"item\":\"https:\/\/www.camping-pyrenees-cathare.fr\/es\/\"},{\"@type\":\"ListItem\",\"position\":2,\"name\":\"Camping abierto en todas las estaciones en Aude regi\u00f3n\"}]},{\"@type\":\"WebSite\",\"@id\":\"https:\/\/www.camping-pyrenees-cathare.fr\/#website\",\"url\":\"https:\/\/www.camping-pyrenees-cathare.fr\/\",\"name\":\"Les chalets du lac Belcaire\",\"description\":\"\",\"publisher\":{\"@id\":\"https:\/\/www.camping-pyrenees-cathare.fr\/#organization\"},\"potentialAction\":[{\"@type\":\"SearchAction\",\"target\":{\"@type\":\"EntryPoint\",\"urlTemplate\":\"https:\/\/www.camping-pyrenees-cathare.fr\/?s={search_term_string}\"},\"query-input\":{\"@type\":\"PropertyValueSpecification\",\"valueRequired\":true,\"valueName\":\"search_term_string\"}}],\"inLanguage\":\"es\"},{\"@type\":\"Organization\",\"@id\":\"https:\/\/www.camping-pyrenees-cathare.fr\/#organization\",\"name\":\"Les chalets du lac Belcaire\",\"url\":\"https:\/\/www.camping-pyrenees-cathare.fr\/\",\"logo\":{\"@type\":\"ImageObject\",\"inLanguage\":\"es\",\"@id\":\"https:\/\/www.camping-pyrenees-cathare.fr\/#\/schema\/logo\/image\/\",\"url\":\"https:\/\/www.camping-pyrenees-cathare.fr\/wp-content\/uploads\/2023\/05\/logo-couleur-camping-les-chalets-du-lac.webp\",\"contentUrl\":\"https:\/\/www.camping-pyrenees-cathare.fr\/wp-content\/uploads\/2023\/05\/logo-couleur-camping-les-chalets-du-lac.webp\",\"width\":462,\"height\":252,\"caption\":\"Les chalets du lac Belcaire\"},\"image\":{\"@id\":\"https:\/\/www.camping-pyrenees-cathare.fr\/#\/schema\/logo\/image\/\"},\"sameAs\":[\"https:\/\/www.facebook.com\/campingbelcaire\/?locale=fr_FR\",\"https:\/\/www.tripadvisor.fr\/Hotel_Review-g1384321-d13748665-Reviews-Les_Chalets_du_Lac-Belcaire_Aude_Occitanie.html\",\"https:\/\/www.instagram.com\/leschaletsdulacbelcaire\/\"]}]}<\/script>\n<!-- \/ Yoast SEO plugin. -->","yoast_head_json":{"title":"Camping abierto todo el a\u00f1o en Belcaire | Camping all seasons Aude","robots":{"index":"index","follow":"follow","max-snippet":"max-snippet:-1","max-image-preview":"max-image-preview:large","max-video-preview":"max-video-preview:-1"},"canonical":"https:\/\/www.camping-pyrenees-cathare.fr\/es\/camping-abierto-todo-el-ano\/","og_locale":"es_ES","og_type":"article","og_title":"Camping abierto todo el a\u00f1o en Belcaire | Camping all seasons Aude","og_url":"https:\/\/www.camping-pyrenees-cathare.fr\/es\/camping-abierto-todo-el-ano\/","og_site_name":"Les Chalets du Lac Belcaire","article_publisher":"https:\/\/www.facebook.com\/campingbelcaire\/?locale=fr_FR","article_modified_time":"2025-05-08T18:07:26+00:00","og_image":[{"width":1280,"height":334,"url":"https:\/\/www.camping-pyrenees-cathare.fr\/wp-content\/uploads\/2023\/06\/1280px-Panorama_lac_belcaire.jpg","type":"image\/jpeg"}],"twitter_card":"summary_large_image","twitter_misc":{"Tiempo de lectura":"3 minutos"},"schema":{"@context":"https:\/\/schema.org","@graph":[{"@type":"WebPage","@id":"https:\/\/www.camping-pyrenees-cathare.fr\/es\/camping-abierto-todo-el-ano\/","url":"https:\/\/www.camping-pyrenees-cathare.fr\/es\/camping-abierto-todo-el-ano\/","name":"Camping abierto todo el a\u00f1o en Belcaire | Camping all seasons Aude","isPartOf":{"@id":"https:\/\/www.camping-pyrenees-cathare.fr\/#website"},"primaryImageOfPage":{"@id":"https:\/\/www.camping-pyrenees-cathare.fr\/es\/camping-abierto-todo-el-ano\/#primaryimage"},"image":{"@id":"https:\/\/www.camping-pyrenees-cathare.fr\/es\/camping-abierto-todo-el-ano\/#primaryimage"},"thumbnailUrl":"https:\/\/www.camping-pyrenees-cathare.fr\/wp-content\/uploads\/2023\/06\/1280px-Panorama_lac_belcaire.jpg","datePublished":"2023-06-15T11:37:15+00:00","dateModified":"2025-05-08T18:07:26+00:00","breadcrumb":{"@id":"https:\/\/www.camping-pyrenees-cathare.fr\/es\/camping-abierto-todo-el-ano\/#breadcrumb"},"inLanguage":"es","potentialAction":[{"@type":"ReadAction","target":["https:\/\/www.camping-pyrenees-cathare.fr\/es\/camping-abierto-todo-el-ano\/"]}]},{"@type":"ImageObject","inLanguage":"es","@id":"https:\/\/www.camping-pyrenees-cathare.fr\/es\/camping-abierto-todo-el-ano\/#primaryimage","url":"https:\/\/www.camping-pyrenees-cathare.fr\/wp-content\/uploads\/2023\/06\/1280px-Panorama_lac_belcaire.jpg","contentUrl":"https:\/\/www.camping-pyrenees-cathare.fr\/wp-content\/uploads\/2023\/06\/1280px-Panorama_lac_belcaire.jpg","width":1280,"height":334,"caption":"1280px Panorama lago Belcaire"},{"@type":"BreadcrumbList","@id":"https:\/\/www.camping-pyrenees-cathare.fr\/es\/camping-abierto-todo-el-ano\/#breadcrumb","itemListElement":[{"@type":"ListItem","position":1,"name":"Camping Belcaire","item":"https:\/\/www.camping-pyrenees-cathare.fr\/es\/"},{"@type":"ListItem","position":2,"name":"Camping abierto en todas las estaciones en Aude regi\u00f3n"}]},{"@type":"WebSite","@id":"https:\/\/www.camping-pyrenees-cathare.fr\/#website","url":"https:\/\/www.camping-pyrenees-cathare.fr\/","name":"Les chalets du lac Belcaire","description":"","publisher":{"@id":"https:\/\/www.camping-pyrenees-cathare.fr\/#organization"},"potentialAction":[{"@type":"SearchAction","target":{"@type":"EntryPoint","urlTemplate":"https:\/\/www.camping-pyrenees-cathare.fr\/?s={search_term_string}"},"query-input":{"@type":"PropertyValueSpecification","valueRequired":true,"valueName":"search_term_string"}}],"inLanguage":"es"},{"@type":"Organization","@id":"https:\/\/www.camping-pyrenees-cathare.fr\/#organization","name":"Les chalets du lac Belcaire","url":"https:\/\/www.camping-pyrenees-cathare.fr\/","logo":{"@type":"ImageObject","inLanguage":"es","@id":"https:\/\/www.camping-pyrenees-cathare.fr\/#\/schema\/logo\/image\/","url":"https:\/\/www.camping-pyrenees-cathare.fr\/wp-content\/uploads\/2023\/05\/logo-couleur-camping-les-chalets-du-lac.webp","contentUrl":"https:\/\/www.camping-pyrenees-cathare.fr\/wp-content\/uploads\/2023\/05\/logo-couleur-camping-les-chalets-du-lac.webp","width":462,"height":252,"caption":"Les chalets du lac Belcaire"},"image":{"@id":"https:\/\/www.camping-pyrenees-cathare.fr\/#\/schema\/logo\/image\/"},"sameAs":["https:\/\/www.facebook.com\/campingbelcaire\/?locale=fr_FR","https:\/\/www.tripadvisor.fr\/Hotel_Review-g1384321-d13748665-Reviews-Les_Chalets_du_Lac-Belcaire_Aude_Occitanie.html","https:\/\/www.instagram.com\/leschaletsdulacbelcaire\/"]}]}},"_links":{"self":[{"href":"https:\/\/www.camping-pyrenees-cathare.fr\/es\/wp-json\/wp\/v2\/pages\/3085","targetHints":{"allow":["GET"]}}],"collection":[{"href":"https:\/\/www.camping-pyrenees-cathare.fr\/es\/wp-json\/wp\/v2\/pages"}],"about":[{"href":"https:\/\/www.camping-pyrenees-cathare.fr\/es\/wp-json\/wp\/v2\/types\/page"}],"author":[{"embeddable":true,"href":"https:\/\/www.camping-pyrenees-cathare.fr\/es\/wp-json\/wp\/v2\/users\/1"}],"replies":[{"embeddable":true,"href":"https:\/\/www.camping-pyrenees-cathare.fr\/es\/wp-json\/wp\/v2\/comments?post=3085"}],"version-history":[{"count":13,"href":"https:\/\/www.camping-pyrenees-cathare.fr\/es\/wp-json\/wp\/v2\/pages\/3085\/revisions"}],"predecessor-version":[{"id":5295,"href":"https:\/\/www.camping-pyrenees-cathare.fr\/es\/wp-json\/wp\/v2\/pages\/3085\/revisions\/5295"}],"wp:featuredmedia":[{"embeddable":true,"href":"https:\/\/www.camping-pyrenees-cathare.fr\/es\/wp-json\/wp\/v2\/media\/3109"}],"wp:attachment":[{"href":"https:\/\/www.camping-pyrenees-cathare.fr\/es\/wp-json\/wp\/v2\/media?parent=3085"}],"wp:term":[{"taxonomy":"sujet","embeddable":true,"href":"https:\/\/www.camping-pyrenees-cathare.fr\/es\/wp-json\/wp\/v2\/sujet?post=3085"}],"curies":[{"name":"wp","href":"https:\/\/api.w.org\/{rel}","templated":true}]}}