{"id":3118,"date":"2023-06-15T13:37:17","date_gmt":"2023-06-15T11:37:17","guid":{"rendered":"https:\/\/www.camping-pyrenees-cathare.fr\/camping-animaciones-belcaire\/"},"modified":"2026-03-30T11:01:30","modified_gmt":"2026-03-30T09:01:30","slug":"camping-actividades-belcaire","status":"publish","type":"page","link":"https:\/\/www.camping-pyrenees-cathare.fr\/es\/camping-actividades-belcaire\/","title":{"rendered":"Actividades y animaciones"},"content":{"rendered":"<section id=\"ls-section-block_cf31d634cf14eb0a5480d5b725cc0b2f\" class=\"ls-section  home-first page-one\" >\r\n        <div class=\"container container--full\">\r\n        \n\n<div class=\"wp-block-columns is-layout-flex wp-container-core-columns-is-layout-9d6595d7 wp-block-columns-is-layout-flex\">\n<div class=\"wp-block-column is-vertically-aligned-center animated fadeInLeft slow is-layout-flow wp-block-column-is-layout-flow\" style=\"flex-basis:50%\">\n<figure class=\"wp-block-image size-full image-blob\"><img loading=\"lazy\" decoding=\"async\" width=\"800\" height=\"600\" src=\"https:\/\/www.camping-pyrenees-cathare.fr\/wp-content\/uploads\/2023\/06\/Aire-de-jeux-2_resultat.webp\" alt=\"Parque infantil en Belcaire Lake Cottages\" class=\"wp-image-1876\" srcset=\"https:\/\/www.camping-pyrenees-cathare.fr\/wp-content\/uploads\/2023\/06\/Aire-de-jeux-2_resultat.webp 800w, https:\/\/www.camping-pyrenees-cathare.fr\/wp-content\/uploads\/2023\/06\/Aire-de-jeux-2_resultat-300x225.webp 300w, https:\/\/www.camping-pyrenees-cathare.fr\/wp-content\/uploads\/2023\/06\/Aire-de-jeux-2_resultat-768x576.webp 768w\" sizes=\"auto, (max-width: 800px) 100vw, 800px\" \/><\/figure>\n\n\n\n<figure class=\"wp-block-image size-full image-secondaire\"><a href=\"https:\/\/www.camping-pyrenees-cathare.fr\/wp-content\/uploads\/2023\/06\/Structure-gonflable_edited.jpg\"><img loading=\"lazy\" decoding=\"async\" width=\"804\" height=\"679\" src=\"https:\/\/www.camping-pyrenees-cathare.fr\/wp-content\/uploads\/2023\/06\/Structure-gonflable_edited.jpg\" alt=\"Estructura de juegos infantiles inflables de los chalets del lago Belcaire\" class=\"wp-image-1880\" srcset=\"https:\/\/www.camping-pyrenees-cathare.fr\/wp-content\/uploads\/2023\/06\/Structure-gonflable_edited.jpg 804w, https:\/\/www.camping-pyrenees-cathare.fr\/wp-content\/uploads\/2023\/06\/Structure-gonflable_edited-300x253.jpg 300w, https:\/\/www.camping-pyrenees-cathare.fr\/wp-content\/uploads\/2023\/06\/Structure-gonflable_edited-768x649.jpg 768w\" sizes=\"auto, (max-width: 804px) 100vw, 804px\" \/><\/a><\/figure>\n<\/div>\n\n\n\n<div class=\"wp-block-column has-color-4-background-color has-background is-layout-flow wp-block-column-is-layout-flow\" style=\"flex-basis:50%\">\n<div id=\"ls-heading ls-titre-div-block_3f5198a53f60a3198b2fe4b82ade7e5c\" class=\"ls-titre-div titre-deco h2-like has-text-color has-color-1-color\" >\n    \u00bfTe faltan cosas que hacer? <br> \u00a1Ven a divertirte!<\/div>\n\n\n\n<h1 class=\"ls__heading wp-block-heading\">Entretenimiento y ocio en el camping del Aude regi\u00f3n<\/h1>\n\n\n\n<h2 class=\"ls__heading wp-block-heading\">Actividades familiares en Belcaire<\/h2>\n\n\n\n<h3 class=\"ls__heading wp-block-heading\">El parque infantil del camping para tus hijos<\/h3>\n\n\n\n<p class=\"ls-paragraph\"><strong>El para\u00edso de los ni\u00f1os<\/strong> se encuentra en Les Chalets du lac Belcaire. Adaptado tanto para los m\u00e1s peque\u00f1os como para los mayores, <strong>el parque infantil <\/strong>permite que todos se diviertan con total seguridad. Todo est\u00e1 pensado para que se diviertan gracias a los diferentes juegos de libre acceso. Con el tobog\u00e1n, la red de escalada o el tiovivo, no ver\u00e1n pasar el tiempo. Podr\u00e1n <strong>entretenerse al aire libre <\/strong>mientras hacen nuevos amigos.    <\/p>\n\n\n\n<p class=\"ls-paragraph\">Como tus hijos son lo m\u00e1s importante, el camping cuenta con <strong>dos castillos hinchables<\/strong>. Podr\u00e1n saltar, divertirse y re\u00edrse a sus anchas.  Con <strong>el castillo hinchable<\/strong>, deja volar su imaginaci\u00f3n: la diversi\u00f3n est\u00e1 asegurada. <\/p>\n\n\n\n<p class=\"ls-paragraph\">Si quieren <strong>emociones m\u00e1s fuertes<\/strong>, sus hijos podr\u00e1n probar <strong>la cama el\u00e1stica <\/strong>y dar saltos cada vez m\u00e1s altos&#8230;<\/p>\n\n\n\n<p class=\"ls-paragraph\">Cuando llueve, <strong>la sala del club infantil<\/strong> permite a tus peque\u00f1os reunirse con sus amigos. Podr\u00e1n competir en juegos de mesa o divertirse con <strong>diferentes juegos l\u00fadicos.<\/strong> <\/p>\n\n\n\n<p class=\"ls-paragraph\">Los padres podr\u00e1n ver a sus hijos divertirse gracias al \u00e1rea de picnic ubicada cerca. <\/p>\n<\/div>\n<\/div>\n\n\r\n    <\/div>\r\n<\/section><section id=\"ls-section-block_792213dc4c006826c4e0de07ed30d284\" class=\"ls-section  home-sixth page-two\" >\r\n        <div class=\"container container--full\">\r\n        \n\n<div class=\"wp-block-columns is-layout-flex wp-container-core-columns-is-layout-9d6595d7 wp-block-columns-is-layout-flex\">\n<div class=\"wp-block-column has-color-4-background-color has-background is-layout-flow wp-block-column-is-layout-flow\" style=\"flex-basis:50%\">\n<h2 class=\"ls__heading wp-block-heading\">Barra de juegos en Aude regi\u00f3n<\/h2>\n\n\n\n<p class=\"ls-paragraph\">En exclusiva en <a href=\"https:\/\/www.camping-pyrenees-cathare.fr\/es\/\">el camping del Aude<\/a>, descubre dentro del recinto <strong>un aut\u00e9ntico bar de juegos<\/strong>. En familia, con amigos o en pareja, tenemos el juego perfecto para ti. Por la tarde, por la noche o cuando llueve, re\u00fanete con los tuyos en un ambiente c\u00e1lido y acogedor. Te ofrecemos una selecci\u00f3n de juegos adaptados a todos los gustos.    Hay para todos los gustos. <\/p>\n\n\n\n<p class=\"ls-paragraph\">Con m\u00e1s de <strong>150 juegos a tu disposici\u00f3n<\/strong>, recupera tu esp\u00edritu infantil y l\u00e1nzate a una partida trepidante. Descubre los juegos m\u00e1s cl\u00e1sicos <strong> <\/strong>(Monopoly, Risk, Triomino\u2026), juegos de mesa, juegos de estrategia, juegos de rapidez y peque\u00f1os juegos para el aperitivo. <br\/><br\/>Servicio con recargo. <\/p>\n\n\n\n\n<a href=\"https:\/\/www.camping-pyrenees-cathare.fr\/wp-content\/uploads\/2023\/06\/Les-chalets-du-lac-Belcaire-Jeux_compressed.pdf\" id=\"ls-button-block_be43eec9f26edb9e0384c323bf61960c\" target=\"\" rel=\"\" class=\"ls-button\">\n\n    <span>Cat\u00e1logo de juegos<\/span>\n\n<\/a>\n\n<\/div>\n\n\n\n<div class=\"wp-block-column is-vertically-aligned-center animated fadeInRight slow is-layout-flow wp-block-column-is-layout-flow\" style=\"flex-basis:50%\">\n<div id=\"ls-heading ls-titre-div-block_bf7f95fa85e66e7d2ceb99fe3468cc36\" class=\"ls-titre-div titre-deco h2-like has-text-color has-color-1-color\" >\n    \u00a1Reserva en<br>cualquier \u00e9poca del a\u00f1o!<\/div>\n\n\n\n<figure class=\"wp-block-image size-full image-blob\"><img loading=\"lazy\" decoding=\"async\" width=\"1024\" height=\"683\" src=\"https:\/\/www.camping-pyrenees-cathare.fr\/wp-content\/uploads\/2023\/06\/board-games-2285324_1920_resultat.webp\" alt=\"Juegos de mesa de la barra de juegos del nobis anjou\" class=\"wp-image-1914\" srcset=\"https:\/\/www.camping-pyrenees-cathare.fr\/wp-content\/uploads\/2023\/06\/board-games-2285324_1920_resultat.webp 1024w, https:\/\/www.camping-pyrenees-cathare.fr\/wp-content\/uploads\/2023\/06\/board-games-2285324_1920_resultat-300x200.webp 300w, https:\/\/www.camping-pyrenees-cathare.fr\/wp-content\/uploads\/2023\/06\/board-games-2285324_1920_resultat-768x512.webp 768w\" sizes=\"auto, (max-width: 1024px) 100vw, 1024px\" \/><\/figure>\n\n\n\n<figure class=\"wp-block-image size-full image-secondaire\"><a href=\"https:\/\/www.camping-pyrenees-cathare.fr\/wp-content\/uploads\/2023\/06\/play-5172630_1920_resultat.webp\"><img loading=\"lazy\" decoding=\"async\" width=\"1024\" height=\"683\" src=\"https:\/\/www.camping-pyrenees-cathare.fr\/wp-content\/uploads\/2023\/06\/play-5172630_1920_resultat.webp\" alt=\"Peones de un juego de mesa de la barra de juego del Nobis Anjou\" class=\"wp-image-1911\" srcset=\"https:\/\/www.camping-pyrenees-cathare.fr\/wp-content\/uploads\/2023\/06\/play-5172630_1920_resultat.webp 1024w, https:\/\/www.camping-pyrenees-cathare.fr\/wp-content\/uploads\/2023\/06\/play-5172630_1920_resultat-300x200.webp 300w, https:\/\/www.camping-pyrenees-cathare.fr\/wp-content\/uploads\/2023\/06\/play-5172630_1920_resultat-768x512.webp 768w\" sizes=\"auto, (max-width: 1024px) 100vw, 1024px\" \/><\/a><\/figure>\n<\/div>\n<\/div>\n\n\r\n    <\/div>\r\n<\/section><section id=\"ls-section-block_5ab1b8ec4d3e3274309fbb0b9528d15a\" class=\"ls-section  home-fifth page-three has-background-image has-parallax\" >\r\n    <div class=\"ls-section__background-image opacity-100\"><img decoding=\"async\" src=\"https:\/\/www.camping-pyrenees-cathare.fr\/wp-content\/uploads\/2023\/06\/salle-de-sport_resultat.webp\" alt=\"salle de sport des chalets du lac \u00e0 Belcaire dans les pyr\u00e9en\u00e9es cathares\"><\/div>    <div class=\"container container--small\">\r\n        \n\n<div id=\"ls-heading ls-titre-div-block_8b64bfb2352213064f39c7710dcf535f\" class=\"ls-titre-div titre-deco h2-like\" >\n    \u00a1Mantente en forma<br>incluso de vacaciones!<\/div>\n\n\n\n<h3 class=\"ls__heading wp-block-heading has-text-align-center has-color-white-color has-text-color\">Mant\u00e9ngase en forma con el gimnasio del camping<\/h3>\n\n\n\n<p class=\"ls-paragraph has-text-align-center has-color-white-color has-text-color\">Para mantenerte en forma durante tu estancia sin dejar de disfrutar de las vacaciones, elige el camping con actividades de ocio en Belcaire. Hay <strong>un gimnasio<\/strong> a su disposici\u00f3n para que pueda hacer ejercicio sin l\u00edmites y cuidarse. <\/p>\n\n\n\n<p class=\"ls-paragraph has-text-align-center has-color-white-color has-text-color\"><strong>El gimnasio<\/strong>, de acceso libre, est\u00e1 abierto todos los d\u00edas y cuenta con una amplia variedad de m\u00e1quinas. Con acceso ilimitado, el gimnasio cuenta con un banco para abdominales, una bicicleta est\u00e1tica, una bicicleta el\u00edptica, una m\u00e1quina de remo y una cinta de correr. <\/p>\n\n\n\n<p class=\"ls-paragraph has-text-align-center has-color-white-color has-text-color\">Equipado con una radio, esculpe tu cuerpo en un ambiente relajado y relajado. <\/p>\n\n\r\n    <\/div>\r\n<\/section><section id=\"ls-section-block_9bd6d3e5ccbe79e5e560a31b9c347ba3\" class=\"ls-section  home-third page-four\" >\r\n        <div class=\"container container--wide\">\r\n        \n\n<div class=\"wp-block-columns is-layout-flex wp-container-core-columns-is-layout-9d6595d7 wp-block-columns-is-layout-flex\">\n<div class=\"wp-block-column is-layout-flow wp-block-column-is-layout-flow\" style=\"flex-basis:60%\">\n<figure class=\"wp-block-gallery has-nested-images columns-default is-cropped grid wp-block-gallery-1 is-layout-flex wp-block-gallery-is-layout-flex\">\n<figure class=\"wp-block-image size-full image-1 animated fadeIn slow\"><a href=\"https:\/\/www.camping-pyrenees-cathare.fr\/wp-content\/uploads\/2023\/06\/AdobeStock_276059440_resultat.webp\"><img loading=\"lazy\" decoding=\"async\" width=\"1024\" height=\"683\" data-id=\"1964\" src=\"https:\/\/www.camping-pyrenees-cathare.fr\/wp-content\/uploads\/2023\/06\/AdobeStock_276059440_resultat.webp\" alt=\"raqueta y pelota de ping pong colocada sobre una mesa azul al sol con una red\" class=\"wp-image-1964\" srcset=\"https:\/\/www.camping-pyrenees-cathare.fr\/wp-content\/uploads\/2023\/06\/AdobeStock_276059440_resultat.webp 1024w, https:\/\/www.camping-pyrenees-cathare.fr\/wp-content\/uploads\/2023\/06\/AdobeStock_276059440_resultat-300x200.webp 300w, https:\/\/www.camping-pyrenees-cathare.fr\/wp-content\/uploads\/2023\/06\/AdobeStock_276059440_resultat-768x512.webp 768w\" sizes=\"auto, (max-width: 1024px) 100vw, 1024px\" \/><\/a><\/figure>\n\n\n\n<figure class=\"wp-block-image size-full image-2 animated fadeIn delay-100ms slow\"><a href=\"https:\/\/www.camping-pyrenees-cathare.fr\/wp-content\/uploads\/2023\/06\/terrain-tennis-des-chalets-du-lac-.webp\"><img loading=\"lazy\" decoding=\"async\" width=\"1024\" height=\"768\" data-id=\"1958\" src=\"https:\/\/www.camping-pyrenees-cathare.fr\/wp-content\/uploads\/2023\/06\/terrain-tennis-des-chalets-du-lac-.webp\" alt=\"Pista de tenis de los chalets du lac\" class=\"wp-image-1958\" srcset=\"https:\/\/www.camping-pyrenees-cathare.fr\/wp-content\/uploads\/2023\/06\/terrain-tennis-des-chalets-du-lac-.webp 1024w, https:\/\/www.camping-pyrenees-cathare.fr\/wp-content\/uploads\/2023\/06\/terrain-tennis-des-chalets-du-lac--300x225.webp 300w, https:\/\/www.camping-pyrenees-cathare.fr\/wp-content\/uploads\/2023\/06\/terrain-tennis-des-chalets-du-lac--768x576.webp 768w\" sizes=\"auto, (max-width: 1024px) 100vw, 1024px\" \/><\/a><\/figure>\n\n\n\n<figure class=\"wp-block-image size-full image-3 animated fadeIn delay-200ms slow\"><a href=\"https:\/\/www.camping-pyrenees-cathare.fr\/wp-content\/uploads\/2023\/06\/jeunes-hommes-qui-jouent-au-basket-torses-nu.webp\"><img loading=\"lazy\" decoding=\"async\" width=\"546\" height=\"683\" data-id=\"1945\" src=\"https:\/\/www.camping-pyrenees-cathare.fr\/wp-content\/uploads\/2023\/06\/jeunes-hommes-qui-jouent-au-basket-torses-nu.webp\" alt=\"Hombres j&#xF3;venes jugando baloncesto sin camisa\" class=\"wp-image-1945\" srcset=\"https:\/\/www.camping-pyrenees-cathare.fr\/wp-content\/uploads\/2023\/06\/jeunes-hommes-qui-jouent-au-basket-torses-nu.webp 546w, https:\/\/www.camping-pyrenees-cathare.fr\/wp-content\/uploads\/2023\/06\/jeunes-hommes-qui-jouent-au-basket-torses-nu-240x300.webp 240w\" sizes=\"auto, (max-width: 546px) 100vw, 546px\" \/><\/a><\/figure>\n<\/figure>\n<\/div>\n\n\n\n<div class=\"wp-block-column is-vertically-aligned-bottom is-layout-flow wp-block-column-is-layout-flow\" style=\"flex-basis:40%\">\n<h2 class=\"ls__heading wp-block-heading\">Campos deportivos en el camping<\/h2>\n\n\n\n<p class=\"ls-paragraph\">En un entorno verde y soleado, el camping, con todas sus actividades, concede un lugar destacado a l<strong>os deportes al aire libre.<\/strong> Las<strong> numerosas instalaciones del camping <\/strong>o en sus inmediaciones te permitir\u00e1n disfrutar al m\u00e1ximo de tu estancia. <\/p>\n\n\n\n<p class=\"ls-paragraph\">\u00bfTe gustan <strong>los deportes de raqueta<\/strong>? <strong>En el camping hay una mesa de ping-pong de uso libre <\/strong>a tu disposici\u00f3n. Tambi\u00e9n puede reservar la cancha de tenis junto al lago para un set o dos. Tambi\u00e9n encontrar\u00e1s un futbol\u00edn al aire libre para jugar con la familia o los amigos en un ambiente distendido<\/p>\n\n\n\n<p class=\"ls-paragraph\">Para <strong>los amantes de los deportes de equipo<\/strong>, hay <strong>una cancha de voleibol y baloncesto<\/strong> a 100 metros del camping. <\/p>\n\n\n\n<p class=\"ls-paragraph\">No nos olvidemos de un cl\u00e1sico de las vacaciones: la petanca. Enfr\u00e9ntate a tus amigos en un ambiente acogedor mientras disfrut\u00e1is de una partida de petanca. <\/p>\n\n\n\n<div id=\"ls-heading ls-titre-div-block_5b0af1cc56f07902e5740d4e2bd35865\" class=\"ls-titre-div titre-deco h2-like\" >\n    Deporte<br>\u00a1para todos los gustos!<\/div>\n<\/div>\n<\/div>\n\n\r\n    <\/div>\r\n<\/section><section id=\"ls-section-block_eeabb69d61ed972eeffb919c3699c1f7\" class=\"ls-section  home-third page-five has-background has-color-4-background-color\" >\r\n        <div class=\"container container--wide\">\r\n        \n\n<div class=\"wp-block-columns is-layout-flex wp-container-core-columns-is-layout-9d6595d7 wp-block-columns-is-layout-flex\">\n<div class=\"wp-block-column is-vertically-aligned-bottom is-layout-flow wp-block-column-is-layout-flow\" style=\"flex-basis:40%\">\n<h2 class=\"ls__heading wp-block-heading\">Actividades en el camping Aude regi\u00f3n<\/h2>\n\n\n\n<p class=\"ls-paragraph\">Sus vacaciones en Les Chalets du lac Belcaire no solo riman con el deporte y la relajaci\u00f3n. Aprovecha nuestras animaciones para divertirte en un ambiente c\u00e1lido y acogedor. \u00bfLa palabra clave? \u00a1Que te diviertas! <\/p>\n\n\n\n<p class=\"ls-paragraph\">Durante<strong> la temporada de verano<\/strong>, nuestras <strong>diversas actividades<\/strong> marcar\u00e1n el ritmo de tu d\u00eda a d\u00eda. A cualquier hora del d\u00eda, siempre hay algo que hacer en el camping gracias a todas sus actividades de animaci\u00f3n.  A primera hora de la ma\u00f1ana, prueba a hacer <strong>unos ejercicios de calentamiento.<\/strong> <br\/><br\/>Participa en <strong>el famoso torneo de petanca<\/strong> a \u00faltima hora de la tarde. No se olviden <strong>del mercadillo de productores que se celebra por la tarde<\/strong>\u2026 Cada d\u00eda, cada semana, les ofrecemos actividades tan interesantes como variadas. <\/p>\n\n\n\n<div id=\"ls-heading ls-titre-div-block_5b0c3aadb424664d2396fe6bc08589ec\" class=\"ls-titre-div titre-deco h2-like\" >\n    Actividades<br>\u00a1durante toda la temporada!<\/div>\n<\/div>\n\n\n\n<div class=\"wp-block-column is-layout-flow wp-block-column-is-layout-flow\" style=\"flex-basis:60%\">\n<figure class=\"wp-block-gallery has-nested-images columns-default is-cropped grid wp-block-gallery-2 is-layout-flex wp-block-gallery-is-layout-flex\">\n<figure class=\"wp-block-image size-full image-1 animated fadeIn slow\"><a href=\"https:\/\/www.camping-pyrenees-cathare.fr\/wp-content\/uploads\/2023\/06\/cours-daquagym-avec-jeunne-fille-dans-leau-qui-tient-une-frite.webp\"><img loading=\"lazy\" decoding=\"async\" width=\"1024\" height=\"681\" data-id=\"1996\" src=\"https:\/\/www.camping-pyrenees-cathare.fr\/wp-content\/uploads\/2023\/06\/cours-daquagym-avec-jeunne-fille-dans-leau-qui-tient-une-frite.webp\" alt=\"Clase de Aquagym con una chica en ayunas en el agua sosteniendo un chip\" class=\"wp-image-1996\" srcset=\"https:\/\/www.camping-pyrenees-cathare.fr\/wp-content\/uploads\/2023\/06\/cours-daquagym-avec-jeunne-fille-dans-leau-qui-tient-une-frite.webp 1024w, https:\/\/www.camping-pyrenees-cathare.fr\/wp-content\/uploads\/2023\/06\/cours-daquagym-avec-jeunne-fille-dans-leau-qui-tient-une-frite-300x200.webp 300w, https:\/\/www.camping-pyrenees-cathare.fr\/wp-content\/uploads\/2023\/06\/cours-daquagym-avec-jeunne-fille-dans-leau-qui-tient-une-frite-768x511.webp 768w\" sizes=\"auto, (max-width: 1024px) 100vw, 1024px\" \/><\/a><\/figure>\n\n\n\n<figure class=\"wp-block-image size-full image-2 animated fadeIn delay-100ms slow\"><a href=\"https:\/\/www.camping-pyrenees-cathare.fr\/wp-content\/uploads\/2023\/06\/marche-producteur-camping.webp\"><img loading=\"lazy\" decoding=\"async\" width=\"1024\" height=\"683\" data-id=\"2583\" src=\"https:\/\/www.camping-pyrenees-cathare.fr\/wp-content\/uploads\/2023\/06\/marche-producteur-camping.webp\" alt=\"Camping productor a pie\" class=\"wp-image-2583\" srcset=\"https:\/\/www.camping-pyrenees-cathare.fr\/wp-content\/uploads\/2023\/06\/marche-producteur-camping.webp 1024w, https:\/\/www.camping-pyrenees-cathare.fr\/wp-content\/uploads\/2023\/06\/marche-producteur-camping-300x200.webp 300w, https:\/\/www.camping-pyrenees-cathare.fr\/wp-content\/uploads\/2023\/06\/marche-producteur-camping-768x512.webp 768w\" sizes=\"auto, (max-width: 1024px) 100vw, 1024px\" \/><\/a><\/figure>\n\n\n\n<figure class=\"wp-block-image size-full image-3 animated fadeIn delay-200ms slow\"><a href=\"https:\/\/www.camping-pyrenees-cathare.fr\/wp-content\/uploads\/2023\/06\/bowling-2689347_1920_resultat.webp\"><img loading=\"lazy\" decoding=\"async\" width=\"1024\" height=\"751\" data-id=\"1937\" src=\"https:\/\/www.camping-pyrenees-cathare.fr\/wp-content\/uploads\/2023\/06\/bowling-2689347_1920_resultat.webp\" alt=\"Jugador de petanca aprende a disparar\" class=\"wp-image-1937\" srcset=\"https:\/\/www.camping-pyrenees-cathare.fr\/wp-content\/uploads\/2023\/06\/bowling-2689347_1920_resultat.webp 1024w, https:\/\/www.camping-pyrenees-cathare.fr\/wp-content\/uploads\/2023\/06\/bowling-2689347_1920_resultat-300x220.webp 300w, https:\/\/www.camping-pyrenees-cathare.fr\/wp-content\/uploads\/2023\/06\/bowling-2689347_1920_resultat-768x563.webp 768w\" sizes=\"auto, (max-width: 1024px) 100vw, 1024px\" \/><\/a><\/figure>\n<\/figure>\n<\/div>\n<\/div>\n\n\r\n    <\/div>\r\n<\/section><section id=\"ls-section-block_cf31d634cf14eb0a5480d5b725cc0b2f\" class=\"ls-section  home-first page-one\" >\r\n        <div class=\"container container--full\">\r\n        \n\n<div class=\"wp-block-columns is-layout-flex wp-container-core-columns-is-layout-9d6595d7 wp-block-columns-is-layout-flex\">\n<div class=\"wp-block-column is-vertically-aligned-center animated fadeInLeft slow is-layout-flow wp-block-column-is-layout-flow\" style=\"flex-basis:50%\">\n<figure class=\"wp-block-image size-full image-blob\"><img loading=\"lazy\" decoding=\"async\" width=\"1024\" height=\"683\" src=\"https:\/\/www.camping-pyrenees-cathare.fr\/wp-content\/uploads\/2023\/06\/AdobeStock_292626909_resultat.webp\" alt=\"Una ni&#xF1;a se maquilla con un animador en el camping Chalets du Lac\" class=\"wp-image-1985\" srcset=\"https:\/\/www.camping-pyrenees-cathare.fr\/wp-content\/uploads\/2023\/06\/AdobeStock_292626909_resultat.webp 1024w, https:\/\/www.camping-pyrenees-cathare.fr\/wp-content\/uploads\/2023\/06\/AdobeStock_292626909_resultat-300x200.webp 300w, https:\/\/www.camping-pyrenees-cathare.fr\/wp-content\/uploads\/2023\/06\/AdobeStock_292626909_resultat-768x512.webp 768w\" sizes=\"auto, (max-width: 1024px) 100vw, 1024px\" \/><\/figure>\n\n\n\n<figure class=\"wp-block-image size-full image-secondaire\"><a href=\"https:\/\/www.camping-pyrenees-cathare.fr\/wp-content\/uploads\/2023\/06\/AdobeStock_356952630_resultat.webp\"><img loading=\"lazy\" decoding=\"async\" width=\"1024\" height=\"683\" src=\"https:\/\/www.camping-pyrenees-cathare.fr\/wp-content\/uploads\/2023\/06\/AdobeStock_356952630_resultat.webp\" alt=\"Los ni&#xF1;os hacen una ronda bajo un lienzo multicolor en la hierba\" class=\"wp-image-1991\" srcset=\"https:\/\/www.camping-pyrenees-cathare.fr\/wp-content\/uploads\/2023\/06\/AdobeStock_356952630_resultat.webp 1024w, https:\/\/www.camping-pyrenees-cathare.fr\/wp-content\/uploads\/2023\/06\/AdobeStock_356952630_resultat-300x200.webp 300w, https:\/\/www.camping-pyrenees-cathare.fr\/wp-content\/uploads\/2023\/06\/AdobeStock_356952630_resultat-768x512.webp 768w\" sizes=\"auto, (max-width: 1024px) 100vw, 1024px\" \/><\/a><\/figure>\n<\/div>\n\n\n\n<div class=\"wp-block-column has-color-4-background-color has-background is-layout-flow wp-block-column-is-layout-flow\" style=\"flex-basis:50%\">\n<div id=\"ls-heading ls-titre-div-block_33f6233b2ac21ab20f48d20bc09eaa16\" class=\"ls-titre-div titre-deco h2-like has-text-color has-color-1-color\" >\n    \u00a1Un mont\u00f3n de actividades<br>para mantenerlos ocupados!<\/div>\n\n\n\n<h3 class=\"ls__heading wp-block-heading\">Las mejores actividades en el club infantil<\/h3>\n\n\n\n<p class=\"ls-paragraph\">Au camping Les chalets du lac Belcaire, le kids club fera le bonheur des enfants mais aussi des parents. Totalement gratuit, le <strong>club enfants<\/strong> accueille vos enfants de <strong>5 \u00e0 12 ans<\/strong> <strong>en juillet et ao\u00fbt<\/strong>.  De 10:00 a 12:00, podr\u00e1n jugar, re\u00edr y divertirse mientras los padres disfrutan del tiempo libre con total tranquilidad. <br\/><br\/>Deje a sus hijos en buenas manos gracias a nuestros<strong> monitores formados y cualificados.<\/strong> Ofrecer\u00e1n <strong>un programa de actividades amplio y variado<\/strong>, apto para todos los p\u00fablicos. <br\/><br\/>Desde plastilina para los m\u00e1s peque\u00f1os hasta <strong>la b\u00fasqueda del tesoro<\/strong>, pasando por torneos de <strong>f\u00fatbol o tenis <\/strong>para los m\u00e1s mayores, <strong>el club infantil <\/strong>es el lugar perfecto para mantener a tus hijos entretenidos de forma<strong> l\u00fadica y recreativa.<\/strong><\/p>\n<\/div>\n<\/div>\n\n\r\n    <\/div>\r\n<\/section><section id=\"ls-section-block_792213dc4c006826c4e0de07ed30d284\" class=\"ls-section  home-sixth page-two\" >\r\n        <div class=\"container container--full\">\r\n        \n\n<div class=\"wp-block-columns is-layout-flex wp-container-core-columns-is-layout-9d6595d7 wp-block-columns-is-layout-flex\">\n<div class=\"wp-block-column has-color-4-background-color has-background is-layout-flow wp-block-column-is-layout-flow\" style=\"flex-basis:50%\">\n<h3 class=\"ls__heading wp-block-heading\">Nuestra animaci\u00f3n nocturna en el camping Belcaire<\/h3>\n\n\n\n<p class=\"ls-paragraph\">Disfruta de <strong>veladas inolvidables<\/strong> en familia, con amigos o en pareja en el camping con actividades de Belcaire.<strong> <\/strong><br\/><br\/><strong>En julio y agosto<\/strong>, <strong>cada semana organizamos una velada tem\u00e1tica o una noche de baile<\/strong>. Cuando se pone el sol, las noches de verano cobran vida al ritmo de<strong> los espect\u00e1culos y conciertos.<\/strong>  Todo un programa lleno de colorido. <\/p>\n\n\n\n<p class=\"ls-paragraph\">\u00a1El camping es el lugar ideal para divertirse y desconectar! Despu\u00e9s de <strong>un d\u00eda lleno de actividades deportivas o culturales,<\/strong> \u00bfqu\u00e9 mejor que<strong> una cena con espect\u00e1culo<\/strong> para relajarse?  Buen ambiente y cordialidad garantizados. <\/p>\n\n\n\n<p class=\"ls-paragraph\">Todos los lunes organizamos <strong>un mercadillo nocturno en el camping<\/strong>. Cada semana, disfruta del ambiente con un <strong>concierto en directo en un ambiente \u00edntimo <\/strong>o una sesi\u00f3n de karaoke ac\u00fastico. Disfruta tambi\u00e9n de la <strong>famosa fiesta en la piscina<\/strong>, donde todos podr\u00e1n disfrutar de la piscina al caer la noche en un ambiente musical. <\/p>\n<\/div>\n\n\n\n<div class=\"wp-block-column is-vertically-aligned-center animated fadeInRight slow is-layout-flow wp-block-column-is-layout-flow\" style=\"flex-basis:50%\">\n<div id=\"ls-heading ls-titre-div-block_5bc7d74af76fb5df0310b1f1c640dca5\" class=\"ls-titre-div titre-deco h2-like has-text-color has-color-1-color\" >\n    Noches<br>inolvidables.<\/div>\n\n\n\n<figure class=\"wp-block-image size-full image-blob\"><img loading=\"lazy\" decoding=\"async\" width=\"1024\" height=\"713\" src=\"https:\/\/www.camping-pyrenees-cathare.fr\/wp-content\/uploads\/2023\/06\/soiree-concernt-musciens-qui-jouent-des-cuivres-aux-chalets-du-lac-belcaire_resultat.webp\" alt=\"Noche sobre Musciens que tocan metales en los chalets del lago Belcaire \" class=\"wp-image-2024\" srcset=\"https:\/\/www.camping-pyrenees-cathare.fr\/wp-content\/uploads\/2023\/06\/soiree-concernt-musciens-qui-jouent-des-cuivres-aux-chalets-du-lac-belcaire_resultat.webp 1024w, https:\/\/www.camping-pyrenees-cathare.fr\/wp-content\/uploads\/2023\/06\/soiree-concernt-musciens-qui-jouent-des-cuivres-aux-chalets-du-lac-belcaire_resultat-300x209.webp 300w, https:\/\/www.camping-pyrenees-cathare.fr\/wp-content\/uploads\/2023\/06\/soiree-concernt-musciens-qui-jouent-des-cuivres-aux-chalets-du-lac-belcaire_resultat-768x535.webp 768w\" sizes=\"auto, (max-width: 1024px) 100vw, 1024px\" \/><\/figure>\n\n\n\n<figure class=\"wp-block-image size-full image-secondaire\"><a href=\"https:\/\/www.camping-pyrenees-cathare.fr\/wp-content\/uploads\/2023\/06\/verres-de-cocktails-qui-trinquent-au-bord-dune-piscine.webp\"><img loading=\"lazy\" decoding=\"async\" width=\"1024\" height=\"683\" src=\"https:\/\/www.camping-pyrenees-cathare.fr\/wp-content\/uploads\/2023\/06\/verres-de-cocktails-qui-trinquent-au-bord-dune-piscine.webp\" alt=\"copas de c&#xF3;cteles brindando junto a una piscina\" class=\"wp-image-2032\" srcset=\"https:\/\/www.camping-pyrenees-cathare.fr\/wp-content\/uploads\/2023\/06\/verres-de-cocktails-qui-trinquent-au-bord-dune-piscine.webp 1024w, https:\/\/www.camping-pyrenees-cathare.fr\/wp-content\/uploads\/2023\/06\/verres-de-cocktails-qui-trinquent-au-bord-dune-piscine-300x200.webp 300w, https:\/\/www.camping-pyrenees-cathare.fr\/wp-content\/uploads\/2023\/06\/verres-de-cocktails-qui-trinquent-au-bord-dune-piscine-768x512.webp 768w\" sizes=\"auto, (max-width: 1024px) 100vw, 1024px\" \/><\/a><\/figure>\n<\/div>\n<\/div>\n\n\r\n    <\/div>\r\n<\/section><section id=\"ls-section-block_0c0e396d7be5a163683d84e8d100face\" class=\"ls-section  page-cta\" >\r\n        <div class=\"container container--wide\">\r\n        \n\n<div id=\"ls-heading ls-titre-div-block_fd7e17b3c06e9a3e2867be3357984b40\" class=\"ls-titre-div aligncenter h2-like\" >\n    La orilla del lago, nuestro bar-restaurante y nuestras actividades<\/div>\n\n\n<div id=\"ls-maillage-block_9c57019ec8811fa279f14db259df7b39\" class=\"ls-maillage cta-style-normal\" data-rows=\"3\">\r\n    <div class=\"wp-block-columns\"><div class=\"wp-block-column\"><div class=\"ls-cta\">\n\n<a href=\"https:\/\/www.camping-pyrenees-cathare.fr\/es\/actividades-aude-region\/\" target=\"\" rel=\"noopener\" class=\"ls-cta__link\">\n\n\t<div class=\"ls-cta__image\"><img decoding=\"async\" src=\"https:\/\/www.camping-pyrenees-cathare.fr\/wp-content\/uploads\/2023\/06\/activites-aude.webp\" alt=\"Actividades Aude regi\u00f3n\"><\/div>\n\t<span class=\"chalets-cercle\">+<\/span>\n\n\t<div class=\"ls-cta__title\">\n\t\tActividades deportivas\t<\/div>\n\n\t\t\n<\/a><\/div><\/div><div class=\"wp-block-column\"><div class=\"ls-cta\">\n\n<a href=\"https:\/\/www.camping-pyrenees-cathare.fr\/es\/belcaire-junto-al-lago\/\" target=\"\" rel=\"noopener\" class=\"ls-cta__link\">\n\n\t<div class=\"ls-cta__image\"><img decoding=\"async\" src=\"https:\/\/www.camping-pyrenees-cathare.fr\/wp-content\/uploads\/2023\/06\/FB_IMG_1672662525606_resultat.webp\" alt=\"Un libro abierto sobre el pont\u00f3n del lago Belcaire\"><\/div>\n\t<span class=\"chalets-cercle\">+<\/span>\n\n\t<div class=\"ls-cta__title\">\n\t\tLa orilla del lago\t<\/div>\n\n\t\t\n<\/a><\/div><\/div><div class=\"wp-block-column\"><div class=\"ls-cta\">\n\n<a href=\"https:\/\/www.camping-pyrenees-cathare.fr\/es\/bar-restaurante-belcaire\/\" target=\"\" rel=\"noopener\" class=\"ls-cta__link\">\n\n\t<div class=\"ls-cta__image\"><img decoding=\"async\" src=\"https:\/\/www.camping-pyrenees-cathare.fr\/wp-content\/uploads\/2023\/06\/pexels-nataliya-vaitkevich-5792325_resultat.webp\" alt=\"cortar pizza con una ruedecita\"><\/div>\n\t<span class=\"chalets-cercle\">+<\/span>\n\n\t<div class=\"ls-cta__title\">\n\t\tBar y restaurante\t<\/div>\n\n\t\t\n<\/a><\/div><\/div><\/div><\/div>\n\r\n    <\/div>\r\n<\/section>","protected":false},"excerpt":{"rendered":"","protected":false},"author":1,"featured_media":4711,"parent":0,"menu_order":0,"comment_status":"closed","ping_status":"closed","template":"","meta":{"_acf_changed":false,"footnotes":""},"sujet":[],"class_list":["post-3118","page","type-page","status-publish","has-post-thumbnail","hentry"],"acf":[],"yoast_head":"<!-- This site is optimized with the Yoast SEO plugin v25.2 - https:\/\/yoast.com\/wordpress\/plugins\/seo\/ -->\n<title>Camping con actividades de ocio en el Aude | Camping con actividades en Belcaire<\/title>\n<meta name=\"robots\" content=\"index, follow, max-snippet:-1, max-image-preview:large, max-video-preview:-1\" \/>\n<link rel=\"canonical\" href=\"https:\/\/www.camping-pyrenees-cathare.fr\/es\/camping-actividades-belcaire\/\" \/>\n<meta property=\"og:locale\" content=\"es_ES\" \/>\n<meta property=\"og:type\" content=\"article\" \/>\n<meta property=\"og:title\" content=\"Camping con actividades de ocio en el Aude | Camping con actividades en Belcaire\" \/>\n<meta property=\"og:url\" content=\"https:\/\/www.camping-pyrenees-cathare.fr\/es\/camping-actividades-belcaire\/\" \/>\n<meta property=\"og:site_name\" content=\"Les Chalets du Lac Belcaire\" \/>\n<meta property=\"article:publisher\" content=\"https:\/\/www.facebook.com\/campingbelcaire\/?locale=fr_FR\" \/>\n<meta property=\"article:modified_time\" content=\"2026-03-30T09:01:30+00:00\" \/>\n<meta property=\"og:image\" content=\"https:\/\/www.camping-pyrenees-cathare.fr\/wp-content\/uploads\/2023\/06\/animations-tout-age-aux-chalet-du-lac-belcaire-scaled.webp\" \/>\n\t<meta property=\"og:image:width\" content=\"2560\" \/>\n\t<meta property=\"og:image:height\" content=\"673\" \/>\n\t<meta property=\"og:image:type\" content=\"image\/webp\" \/>\n<meta name=\"twitter:card\" content=\"summary_large_image\" \/>\n<meta name=\"twitter:label1\" content=\"Tiempo de lectura\" \/>\n\t<meta name=\"twitter:data1\" content=\"8 minutos\" \/>\n<script type=\"application\/ld+json\" class=\"yoast-schema-graph\">{\"@context\":\"https:\/\/schema.org\",\"@graph\":[{\"@type\":\"WebPage\",\"@id\":\"https:\/\/www.camping-pyrenees-cathare.fr\/es\/camping-actividades-belcaire\/\",\"url\":\"https:\/\/www.camping-pyrenees-cathare.fr\/es\/camping-actividades-belcaire\/\",\"name\":\"Camping con actividades de ocio en el Aude | Camping con actividades en Belcaire\",\"isPartOf\":{\"@id\":\"https:\/\/www.camping-pyrenees-cathare.fr\/#website\"},\"primaryImageOfPage\":{\"@id\":\"https:\/\/www.camping-pyrenees-cathare.fr\/es\/camping-actividades-belcaire\/#primaryimage\"},\"image\":{\"@id\":\"https:\/\/www.camping-pyrenees-cathare.fr\/es\/camping-actividades-belcaire\/#primaryimage\"},\"thumbnailUrl\":\"https:\/\/www.camping-pyrenees-cathare.fr\/wp-content\/uploads\/2023\/06\/animations-tout-age-aux-chalet-du-lac-belcaire-scaled.webp\",\"datePublished\":\"2023-06-15T11:37:17+00:00\",\"dateModified\":\"2026-03-30T09:01:30+00:00\",\"breadcrumb\":{\"@id\":\"https:\/\/www.camping-pyrenees-cathare.fr\/es\/camping-actividades-belcaire\/#breadcrumb\"},\"inLanguage\":\"es\",\"potentialAction\":[{\"@type\":\"ReadAction\",\"target\":[\"https:\/\/www.camping-pyrenees-cathare.fr\/es\/camping-actividades-belcaire\/\"]}]},{\"@type\":\"ImageObject\",\"inLanguage\":\"es\",\"@id\":\"https:\/\/www.camping-pyrenees-cathare.fr\/es\/camping-actividades-belcaire\/#primaryimage\",\"url\":\"https:\/\/www.camping-pyrenees-cathare.fr\/wp-content\/uploads\/2023\/06\/animations-tout-age-aux-chalet-du-lac-belcaire-scaled.webp\",\"contentUrl\":\"https:\/\/www.camping-pyrenees-cathare.fr\/wp-content\/uploads\/2023\/06\/animations-tout-age-aux-chalet-du-lac-belcaire-scaled.webp\",\"width\":2560,\"height\":673,\"caption\":\"Actividades para todas las edades en los chal\u00e9s del lago Belcaire\"},{\"@type\":\"BreadcrumbList\",\"@id\":\"https:\/\/www.camping-pyrenees-cathare.fr\/es\/camping-actividades-belcaire\/#breadcrumb\",\"itemListElement\":[{\"@type\":\"ListItem\",\"position\":1,\"name\":\"Camping Belcaire\",\"item\":\"https:\/\/www.camping-pyrenees-cathare.fr\/es\/\"},{\"@type\":\"ListItem\",\"position\":2,\"name\":\"Camping con actividades en Belcaire\"}]},{\"@type\":\"WebSite\",\"@id\":\"https:\/\/www.camping-pyrenees-cathare.fr\/#website\",\"url\":\"https:\/\/www.camping-pyrenees-cathare.fr\/\",\"name\":\"Les chalets du lac Belcaire\",\"description\":\"\",\"publisher\":{\"@id\":\"https:\/\/www.camping-pyrenees-cathare.fr\/#organization\"},\"potentialAction\":[{\"@type\":\"SearchAction\",\"target\":{\"@type\":\"EntryPoint\",\"urlTemplate\":\"https:\/\/www.camping-pyrenees-cathare.fr\/?s={search_term_string}\"},\"query-input\":{\"@type\":\"PropertyValueSpecification\",\"valueRequired\":true,\"valueName\":\"search_term_string\"}}],\"inLanguage\":\"es\"},{\"@type\":\"Organization\",\"@id\":\"https:\/\/www.camping-pyrenees-cathare.fr\/#organization\",\"name\":\"Les chalets du lac Belcaire\",\"url\":\"https:\/\/www.camping-pyrenees-cathare.fr\/\",\"logo\":{\"@type\":\"ImageObject\",\"inLanguage\":\"es\",\"@id\":\"https:\/\/www.camping-pyrenees-cathare.fr\/#\/schema\/logo\/image\/\",\"url\":\"https:\/\/www.camping-pyrenees-cathare.fr\/wp-content\/uploads\/2023\/05\/logo-couleur-camping-les-chalets-du-lac.webp\",\"contentUrl\":\"https:\/\/www.camping-pyrenees-cathare.fr\/wp-content\/uploads\/2023\/05\/logo-couleur-camping-les-chalets-du-lac.webp\",\"width\":462,\"height\":252,\"caption\":\"Les chalets du lac Belcaire\"},\"image\":{\"@id\":\"https:\/\/www.camping-pyrenees-cathare.fr\/#\/schema\/logo\/image\/\"},\"sameAs\":[\"https:\/\/www.facebook.com\/campingbelcaire\/?locale=fr_FR\",\"https:\/\/www.tripadvisor.fr\/Hotel_Review-g1384321-d13748665-Reviews-Les_Chalets_du_Lac-Belcaire_Aude_Occitanie.html\",\"https:\/\/www.instagram.com\/leschaletsdulacbelcaire\/\"]}]}<\/script>\n<!-- \/ Yoast SEO plugin. -->","yoast_head_json":{"title":"Camping con actividades de ocio en el Aude | Camping con actividades en Belcaire","robots":{"index":"index","follow":"follow","max-snippet":"max-snippet:-1","max-image-preview":"max-image-preview:large","max-video-preview":"max-video-preview:-1"},"canonical":"https:\/\/www.camping-pyrenees-cathare.fr\/es\/camping-actividades-belcaire\/","og_locale":"es_ES","og_type":"article","og_title":"Camping con actividades de ocio en el Aude | Camping con actividades en Belcaire","og_url":"https:\/\/www.camping-pyrenees-cathare.fr\/es\/camping-actividades-belcaire\/","og_site_name":"Les Chalets du Lac Belcaire","article_publisher":"https:\/\/www.facebook.com\/campingbelcaire\/?locale=fr_FR","article_modified_time":"2026-03-30T09:01:30+00:00","og_image":[{"width":2560,"height":673,"url":"https:\/\/www.camping-pyrenees-cathare.fr\/wp-content\/uploads\/2023\/06\/animations-tout-age-aux-chalet-du-lac-belcaire-scaled.webp","type":"image\/webp"}],"twitter_card":"summary_large_image","twitter_misc":{"Tiempo de lectura":"8 minutos"},"schema":{"@context":"https:\/\/schema.org","@graph":[{"@type":"WebPage","@id":"https:\/\/www.camping-pyrenees-cathare.fr\/es\/camping-actividades-belcaire\/","url":"https:\/\/www.camping-pyrenees-cathare.fr\/es\/camping-actividades-belcaire\/","name":"Camping con actividades de ocio en el Aude | Camping con actividades en Belcaire","isPartOf":{"@id":"https:\/\/www.camping-pyrenees-cathare.fr\/#website"},"primaryImageOfPage":{"@id":"https:\/\/www.camping-pyrenees-cathare.fr\/es\/camping-actividades-belcaire\/#primaryimage"},"image":{"@id":"https:\/\/www.camping-pyrenees-cathare.fr\/es\/camping-actividades-belcaire\/#primaryimage"},"thumbnailUrl":"https:\/\/www.camping-pyrenees-cathare.fr\/wp-content\/uploads\/2023\/06\/animations-tout-age-aux-chalet-du-lac-belcaire-scaled.webp","datePublished":"2023-06-15T11:37:17+00:00","dateModified":"2026-03-30T09:01:30+00:00","breadcrumb":{"@id":"https:\/\/www.camping-pyrenees-cathare.fr\/es\/camping-actividades-belcaire\/#breadcrumb"},"inLanguage":"es","potentialAction":[{"@type":"ReadAction","target":["https:\/\/www.camping-pyrenees-cathare.fr\/es\/camping-actividades-belcaire\/"]}]},{"@type":"ImageObject","inLanguage":"es","@id":"https:\/\/www.camping-pyrenees-cathare.fr\/es\/camping-actividades-belcaire\/#primaryimage","url":"https:\/\/www.camping-pyrenees-cathare.fr\/wp-content\/uploads\/2023\/06\/animations-tout-age-aux-chalet-du-lac-belcaire-scaled.webp","contentUrl":"https:\/\/www.camping-pyrenees-cathare.fr\/wp-content\/uploads\/2023\/06\/animations-tout-age-aux-chalet-du-lac-belcaire-scaled.webp","width":2560,"height":673,"caption":"Actividades para todas las edades en los chal\u00e9s del lago Belcaire"},{"@type":"BreadcrumbList","@id":"https:\/\/www.camping-pyrenees-cathare.fr\/es\/camping-actividades-belcaire\/#breadcrumb","itemListElement":[{"@type":"ListItem","position":1,"name":"Camping Belcaire","item":"https:\/\/www.camping-pyrenees-cathare.fr\/es\/"},{"@type":"ListItem","position":2,"name":"Camping con actividades en Belcaire"}]},{"@type":"WebSite","@id":"https:\/\/www.camping-pyrenees-cathare.fr\/#website","url":"https:\/\/www.camping-pyrenees-cathare.fr\/","name":"Les chalets du lac Belcaire","description":"","publisher":{"@id":"https:\/\/www.camping-pyrenees-cathare.fr\/#organization"},"potentialAction":[{"@type":"SearchAction","target":{"@type":"EntryPoint","urlTemplate":"https:\/\/www.camping-pyrenees-cathare.fr\/?s={search_term_string}"},"query-input":{"@type":"PropertyValueSpecification","valueRequired":true,"valueName":"search_term_string"}}],"inLanguage":"es"},{"@type":"Organization","@id":"https:\/\/www.camping-pyrenees-cathare.fr\/#organization","name":"Les chalets du lac Belcaire","url":"https:\/\/www.camping-pyrenees-cathare.fr\/","logo":{"@type":"ImageObject","inLanguage":"es","@id":"https:\/\/www.camping-pyrenees-cathare.fr\/#\/schema\/logo\/image\/","url":"https:\/\/www.camping-pyrenees-cathare.fr\/wp-content\/uploads\/2023\/05\/logo-couleur-camping-les-chalets-du-lac.webp","contentUrl":"https:\/\/www.camping-pyrenees-cathare.fr\/wp-content\/uploads\/2023\/05\/logo-couleur-camping-les-chalets-du-lac.webp","width":462,"height":252,"caption":"Les chalets du lac Belcaire"},"image":{"@id":"https:\/\/www.camping-pyrenees-cathare.fr\/#\/schema\/logo\/image\/"},"sameAs":["https:\/\/www.facebook.com\/campingbelcaire\/?locale=fr_FR","https:\/\/www.tripadvisor.fr\/Hotel_Review-g1384321-d13748665-Reviews-Les_Chalets_du_Lac-Belcaire_Aude_Occitanie.html","https:\/\/www.instagram.com\/leschaletsdulacbelcaire\/"]}]}},"_links":{"self":[{"href":"https:\/\/www.camping-pyrenees-cathare.fr\/es\/wp-json\/wp\/v2\/pages\/3118","targetHints":{"allow":["GET"]}}],"collection":[{"href":"https:\/\/www.camping-pyrenees-cathare.fr\/es\/wp-json\/wp\/v2\/pages"}],"about":[{"href":"https:\/\/www.camping-pyrenees-cathare.fr\/es\/wp-json\/wp\/v2\/types\/page"}],"author":[{"embeddable":true,"href":"https:\/\/www.camping-pyrenees-cathare.fr\/es\/wp-json\/wp\/v2\/users\/1"}],"replies":[{"embeddable":true,"href":"https:\/\/www.camping-pyrenees-cathare.fr\/es\/wp-json\/wp\/v2\/comments?post=3118"}],"version-history":[{"count":16,"href":"https:\/\/www.camping-pyrenees-cathare.fr\/es\/wp-json\/wp\/v2\/pages\/3118\/revisions"}],"predecessor-version":[{"id":5716,"href":"https:\/\/www.camping-pyrenees-cathare.fr\/es\/wp-json\/wp\/v2\/pages\/3118\/revisions\/5716"}],"wp:featuredmedia":[{"embeddable":true,"href":"https:\/\/www.camping-pyrenees-cathare.fr\/es\/wp-json\/wp\/v2\/media\/4711"}],"wp:attachment":[{"href":"https:\/\/www.camping-pyrenees-cathare.fr\/es\/wp-json\/wp\/v2\/media?parent=3118"}],"wp:term":[{"taxonomy":"sujet","embeddable":true,"href":"https:\/\/www.camping-pyrenees-cathare.fr\/es\/wp-json\/wp\/v2\/sujet?post=3118"}],"curies":[{"name":"wp","href":"https:\/\/api.w.org\/{rel}","templated":true}]}}