{"id":5719,"date":"2026-03-30T11:21:33","date_gmt":"2026-03-30T09:21:33","guid":{"rendered":"https:\/\/www.camping-pyrenees-cathare.fr\/5376-2\/"},"modified":"2026-03-30T11:21:33","modified_gmt":"2026-03-30T09:21:33","slug":"5376-2","status":"publish","type":"page","link":"https:\/\/www.camping-pyrenees-cathare.fr\/es\/5376-2\/","title":{"rendered":"Tu caja Wonderbox"},"content":{"rendered":"<section id=\"ls-section-block_e23e3213b1788618ed60265832d03865\" class=\"ls-section  home-first page-one\" >\r\n        <div class=\"container container--full\">\r\n        \n\n<div class=\"wp-block-columns are-vertically-aligned-top is-layout-flex wp-container-core-columns-is-layout-9d6595d7 wp-block-columns-is-layout-flex\">\n<div class=\"wp-block-column is-vertically-aligned-top animated fadeInLeft slow is-layout-flow wp-block-column-is-layout-flow\" style=\"flex-basis:50%\">\n<figure class=\"wp-block-image size-full image-blob\"><img loading=\"lazy\" decoding=\"async\" width=\"816\" height=\"1456\" src=\"https:\/\/www.camping-pyrenees-cathare.fr\/wp-content\/uploads\/2025\/02\/famille-marche-dans-la-foter.webp\" alt=\"familia caminando por el bosque\" class=\"wp-image-4941\" srcset=\"https:\/\/www.camping-pyrenees-cathare.fr\/wp-content\/uploads\/2025\/02\/famille-marche-dans-la-foter.webp 816w, https:\/\/www.camping-pyrenees-cathare.fr\/wp-content\/uploads\/2025\/02\/famille-marche-dans-la-foter-168x300.webp 168w, https:\/\/www.camping-pyrenees-cathare.fr\/wp-content\/uploads\/2025\/02\/famille-marche-dans-la-foter-574x1024.webp 574w, https:\/\/www.camping-pyrenees-cathare.fr\/wp-content\/uploads\/2025\/02\/famille-marche-dans-la-foter-768x1370.webp 768w\" sizes=\"auto, (max-width: 816px) 100vw, 816px\" \/><\/figure>\n\n\n\n<figure class=\"wp-block-image size-full image-secondaire\"><a href=\"https:\/\/www.camping-pyrenees-cathare.fr\/wp-content\/uploads\/2025\/05\/2366586-854x1067-1.jpg\"><img loading=\"lazy\" decoding=\"async\" width=\"854\" height=\"1067\" src=\"https:\/\/www.camping-pyrenees-cathare.fr\/wp-content\/uploads\/2025\/05\/2366586-854x1067-1.jpg\" alt=\"2366586 854x1067\" class=\"wp-image-5383\" srcset=\"https:\/\/www.camping-pyrenees-cathare.fr\/wp-content\/uploads\/2025\/05\/2366586-854x1067-1.jpg 854w, https:\/\/www.camping-pyrenees-cathare.fr\/wp-content\/uploads\/2025\/05\/2366586-854x1067-1-240x300.jpg 240w, https:\/\/www.camping-pyrenees-cathare.fr\/wp-content\/uploads\/2025\/05\/2366586-854x1067-1-820x1024.jpg 820w, https:\/\/www.camping-pyrenees-cathare.fr\/wp-content\/uploads\/2025\/05\/2366586-854x1067-1-768x960.jpg 768w\" sizes=\"auto, (max-width: 854px) 100vw, 854px\" \/><\/a><\/figure>\n<\/div>\n\n\n\n<div class=\"wp-block-column is-vertically-aligned-top has-color-4-background-color has-background is-layout-flow wp-block-column-is-layout-flow\" style=\"flex-basis:40%\">\n<div id=\"ls-heading ls-titre-div-block_47978b795e55533c6fc48c4dbcbbaa87\" class=\"ls-titre-div titre-deco h2-like has-text-color has-color-1-color\" >\n    Informaci\u00f3n y reservas<br>Wonderbox<\/div>\n\n\n\n<h1 class=\"ls__heading wp-block-heading\">TU CAJA Wonderbox<\/h1>\n\n\n\n<h2 class=\"ls__heading wp-block-heading\">\u00bfC\u00f3mo funciona? <\/h2>\n\n\n\n<p class=\"ls-paragraph\">Una caja Wonderbox es una <strong>caja regalo<\/strong> que permite regalar<strong> una experiencia \u00fanica<\/strong>: una cena, un fin de semana, una actividad deportiva, un tratamiento de bienestar, etc. \u00a1Hay opciones para todos los gustos y todos los presupuestos! <\/p>\n\n\n\n<ol class=\"ls-list ls-list-undefined wp-block-list\">\n<li>Te han regalado una caja regalo Wonderbox.<\/li>\n\n\n\n<li>Puedes elegir entre <strong>cientos de actividades incluidas<\/strong> en el pack.<\/li>\n\n\n\n<li>La reserva se realiza <strong>directamente<\/strong> con el socio seleccionado.<\/li>\n\n\n\n<li>\u00a1Ahora solo queda<strong> disfrutar de la experiencia!<\/strong><\/li>\n<\/ol>\n\n\n\n<p class=\"ls-paragraph\">Cada paquete tiene una validez <strong>de varios meses<\/strong>, a menudo se puede <strong>prorrogar de forma gratuita <\/strong>y se puede <strong>cambiar f\u00e1cilment<\/strong>e si es necesario.<\/p>\n\n\n\n<h2 class=\"ls__heading wp-block-heading\">Introducir una solicitud de reserva <\/h2>\n\n\n\n<blockquote class=\"wp-block-quote is-layout-flow wp-block-quote-is-layout-flow\">\n<p class=\"ls-paragraph\">El hecho de rellenar este formulario no supone una reserva definitiva. Se trata de <strong>una solicitud de reserva<\/strong>, sujeta a nuestra disponibilidad. <\/p>\n\n\n\n<p class=\"ls-paragraph has-text-align-left\">Recibir\u00e1 <strong>una propuesta de estancia<\/strong> por correo electr\u00f3nico. La reserva solo se confirmar\u00e1 tras <strong>su validaci\u00f3n y el pago de un anticipo, de conformidad <\/strong>con las Condiciones generales de venta. <\/p>\n\n\n\n<p class=\"ls-paragraph\">\u00a1Gracias por su consulta, le responderemos lo antes posible!<\/p>\n\n\n\n<p class=\"ls-paragraph has-text-align-center\"><strong>Les informamos de que el contrato que vincula a nuestro camping con la empresa Wonderbox se encuentra actualmente en proceso de renegociaci\u00f3n. Por lo tanto, es posible que se rechacen los cheques regalo de Wonderbox que tengan en su poder y que hagan referencia a un servicio en nuestro camping. <\/strong><\/p>\n<\/blockquote>\n\n\n\n\n<div class=\"wpcf7 no-js\" id=\"wpcf7-f5372-o1\" lang=\"fr-FR\" dir=\"ltr\" data-wpcf7-id=\"5372\">\n<div class=\"screen-reader-response\"><p role=\"status\" aria-live=\"polite\" aria-atomic=\"true\"><\/p> <ul><\/ul><\/div>\n<form action=\"\/es\/wp-json\/wp\/v2\/pages\/5719#wpcf7-f5372-o1\" method=\"post\" class=\"wpcf7-form init\" aria-label=\"Formulaire de contact\" novalidate=\"novalidate\" data-status=\"init\">\n<div style=\"display: none;\">\n<input type=\"hidden\" name=\"_wpcf7\" value=\"5372\" \/>\n<input type=\"hidden\" name=\"_wpcf7_version\" value=\"6.0.6\" \/>\n<input type=\"hidden\" name=\"_wpcf7_locale\" value=\"fr_FR\" \/>\n<input type=\"hidden\" name=\"_wpcf7_unit_tag\" value=\"wpcf7-f5372-o1\" \/>\n<input type=\"hidden\" name=\"_wpcf7_container_post\" value=\"0\" \/>\n<input type=\"hidden\" name=\"_wpcf7_posted_data_hash\" value=\"\" \/>\n<input type=\"hidden\" name=\"_wpcf7_recaptcha_response\" value=\"\" \/>\n<\/div>\n<p><label> Votre nom et pr\u00e9nom<br \/>\n<span class=\"wpcf7-form-control-wrap\" data-name=\"your-name\"><input size=\"40\" maxlength=\"400\" class=\"wpcf7-form-control wpcf7-text wpcf7-validates-as-required\" autocomplete=\"name\" aria-required=\"true\" aria-invalid=\"false\" value=\"\" type=\"text\" name=\"your-name\" \/><\/span> <\/label><br \/>\n<label> Votre e-mail<br \/>\n<span class=\"wpcf7-form-control-wrap\" data-name=\"your-email\"><input size=\"40\" maxlength=\"400\" class=\"wpcf7-form-control wpcf7-email wpcf7-validates-as-required wpcf7-text wpcf7-validates-as-email\" autocomplete=\"email\" aria-required=\"true\" aria-invalid=\"false\" value=\"\" type=\"email\" name=\"your-email\" \/><\/span> <\/label><br \/>\n<label> Num\u00e9ro de t\u00e9l\u00e9phone<br \/>\n<span class=\"wpcf7-form-control-wrap\" data-name=\"your-phone\"><input size=\"40\" maxlength=\"400\" class=\"wpcf7-form-control wpcf7-tel wpcf7-validates-as-required wpcf7-text wpcf7-validates-as-tel\" aria-required=\"true\" aria-invalid=\"false\" value=\"\" type=\"tel\" name=\"your-phone\" \/><\/span> <\/label><br \/>\n<label> Adresse<br \/>\n<span class=\"wpcf7-form-control-wrap\" data-name=\"Adresse\"><input size=\"40\" maxlength=\"400\" class=\"wpcf7-form-control wpcf7-text wpcf7-validates-as-required\" aria-required=\"true\" aria-invalid=\"false\" value=\"\" type=\"text\" name=\"Adresse\" \/><\/span> <\/label><br \/>\n<label> Code postal<br \/>\n<span class=\"wpcf7-form-control-wrap\" data-name=\"CodePostal\"><input class=\"wpcf7-form-control wpcf7-number wpcf7-validates-as-required wpcf7-validates-as-number\" aria-required=\"true\" aria-invalid=\"false\" value=\"\" type=\"number\" name=\"CodePostal\" \/><\/span> <\/label><br \/>\n<label> Ville<br \/>\n<span class=\"wpcf7-form-control-wrap\" data-name=\"Ville\"><input size=\"40\" maxlength=\"400\" class=\"wpcf7-form-control wpcf7-text wpcf7-validates-as-required\" aria-required=\"true\" aria-invalid=\"false\" value=\"\" type=\"text\" name=\"Ville\" \/><\/span> <\/label><br \/>\n<label> Num\u00e9ro du ch\u00e8que cadeau wonderbox<br \/>\n<span class=\"wpcf7-form-control-wrap\" data-name=\"NAVF\"><input size=\"40\" maxlength=\"400\" class=\"wpcf7-form-control wpcf7-text wpcf7-validates-as-required\" aria-required=\"true\" aria-invalid=\"false\" value=\"\" type=\"text\" name=\"NAVF\" \/><\/span> <\/label>\n<\/p>\n<p><label><strong> Informations concernant les autres participants <\/strong><\/label><br \/>\n<label> Participant 2 <span class=\"wpcf7-form-control-wrap\" data-name=\"Nom-Participant-2\"><input size=\"40\" maxlength=\"400\" class=\"wpcf7-form-control wpcf7-text wpcf7-validates-as-required\" aria-required=\"true\" aria-invalid=\"false\" value=\"\" type=\"text\" name=\"Nom-Participant-2\" \/><\/span><\/label><br \/>\n<span class=\"wpcf7-form-control-wrap\" data-name=\"checkbox-Participant2\"><span class=\"wpcf7-form-control wpcf7-checkbox wpcf7-exclusive-checkbox\"><span class=\"wpcf7-list-item first\"><label><input type=\"checkbox\" name=\"checkbox-Participant2\" value=\"Personne de + 18 ans\" \/><span class=\"wpcf7-list-item-label\">Personne de + 18 ans<\/span><\/label><\/span><span class=\"wpcf7-list-item last\"><label><input type=\"checkbox\" name=\"checkbox-Participant2\" value=\"Personne de - 18 ans\" \/><span class=\"wpcf7-list-item-label\">Personne de - 18 ans<\/span><\/label><\/span><\/span><\/span>\n<\/p>\n<p><label> Participant 3 <span class=\"wpcf7-form-control-wrap\" data-name=\"Nom-Participant-3\"><input size=\"40\" maxlength=\"400\" class=\"wpcf7-form-control wpcf7-text\" aria-invalid=\"false\" value=\"\" type=\"text\" name=\"Nom-Participant-3\" \/><\/span><\/label><br \/>\n<span class=\"wpcf7-form-control-wrap\" data-name=\"checkbox-Participant3\"><span class=\"wpcf7-form-control wpcf7-checkbox wpcf7-exclusive-checkbox\"><span class=\"wpcf7-list-item first\"><label><input type=\"checkbox\" name=\"checkbox-Participant3\" value=\"Personne de + 18ans\" \/><span class=\"wpcf7-list-item-label\">Personne de + 18ans<\/span><\/label><\/span><span class=\"wpcf7-list-item last\"><label><input type=\"checkbox\" name=\"checkbox-Participant3\" value=\"Personne de - 18 ans\" \/><span class=\"wpcf7-list-item-label\">Personne de - 18 ans<\/span><\/label><\/span><\/span><\/span>\n<\/p>\n<p><label> Participant 4 <span class=\"wpcf7-form-control-wrap\" data-name=\"Nom-Participant-3\"><input size=\"40\" maxlength=\"400\" class=\"wpcf7-form-control wpcf7-text\" aria-invalid=\"false\" value=\"\" type=\"text\" name=\"Nom-Participant-3\" \/><\/span><\/label><br \/>\n<span class=\"wpcf7-form-control-wrap\" data-name=\"checkbox-Participant3\"><span class=\"wpcf7-form-control wpcf7-checkbox wpcf7-exclusive-checkbox\"><span class=\"wpcf7-list-item first\"><label><input type=\"checkbox\" name=\"checkbox-Participant3\" value=\"Personne de + 18ans\" \/><span class=\"wpcf7-list-item-label\">Personne de + 18ans<\/span><\/label><\/span><span class=\"wpcf7-list-item last\"><label><input type=\"checkbox\" name=\"checkbox-Participant3\" value=\"Personne de - 18 ans\" \/><span class=\"wpcf7-list-item-label\">Personne de - 18 ans<\/span><\/label><\/span><\/span><\/span>\n<\/p>\n<p><label><strong> Informations concernant votre s\u00e9jour<\/strong> <\/label><br \/>\n<label>Date de d\u00e9but de s\u00e9jour<br \/>\n<span class=\"wpcf7-form-control-wrap\" data-name=\"Date-Debut\"><input class=\"wpcf7-form-control wpcf7-date wpcf7-validates-as-required wpcf7-validates-as-date\" aria-required=\"true\" aria-invalid=\"false\" value=\"\" type=\"date\" name=\"Date-Debut\" \/><\/span><\/label><br \/>\n<label>Date de fin de s\u00e9jour<br \/>\n<span class=\"wpcf7-form-control-wrap\" data-name=\"Date-Fin\"><input class=\"wpcf7-form-control wpcf7-date wpcf7-validates-as-required wpcf7-validates-as-date\" aria-required=\"true\" aria-invalid=\"false\" value=\"\" type=\"date\" name=\"Date-Fin\" \/><\/span><\/label>\n<\/p>\n<p><label><strong> Informations compl\u00e9mentaires que vous souhaitez transmettre au camping<\/strong> <\/label><br \/>\n<span class=\"wpcf7-form-control-wrap\" data-name=\"textarea-691\"><textarea cols=\"40\" rows=\"10\" maxlength=\"2000\" class=\"wpcf7-form-control wpcf7-textarea\" aria-invalid=\"false\" name=\"textarea-691\"><\/textarea><\/span>\n<\/p>\n<p><span class=\"wpcf7-form-control-wrap\" data-name=\"acceptance-553\"><span class=\"wpcf7-form-control wpcf7-acceptance\"><span class=\"wpcf7-list-item\"><label><input type=\"checkbox\" name=\"acceptance-553\" value=\"1\" aria-invalid=\"false\" \/><span class=\"wpcf7-list-item-label\">En cochant cette case, j'accepte la <a href=\"\/politique-de-confidentialite\/\" rel=\"nofollow\" target=\"_blank\">Politique de confidentialit\u00e9<\/a> de ce site.<\/span><\/label><\/span><\/span><\/span>\n<\/p>\n<p><input class=\"wpcf7-form-control wpcf7-submit has-spinner\" type=\"submit\" value=\"Envoyer ma demande de devis\" \/>\n<\/p><div class=\"wpcf7-response-output\" aria-hidden=\"true\"><\/div>\n<\/form>\n<\/div>\n\n\n\n\n<p class=\"ls-paragraph\"><\/p>\n<\/div>\n<\/div>\n\n\r\n    <\/div>\r\n<\/section>","protected":false},"excerpt":{"rendered":"","protected":false},"author":3,"featured_media":0,"parent":0,"menu_order":0,"comment_status":"closed","ping_status":"closed","template":"","meta":{"_acf_changed":false,"footnotes":""},"sujet":[],"class_list":["post-5719","page","type-page","status-publish","hentry"],"acf":[],"yoast_head":"<!-- This site is optimized with the Yoast SEO plugin v25.2 - https:\/\/yoast.com\/wordpress\/plugins\/seo\/ -->\n<title>Tu caja Wonderbox - Les Chalets du Lac Belcaire<\/title>\n<meta name=\"robots\" content=\"index, follow, max-snippet:-1, max-image-preview:large, max-video-preview:-1\" \/>\n<link rel=\"canonical\" href=\"https:\/\/www.camping-pyrenees-cathare.fr\/es\/5376-2\/\" \/>\n<meta property=\"og:locale\" content=\"es_ES\" \/>\n<meta property=\"og:type\" content=\"article\" \/>\n<meta property=\"og:title\" content=\"Tu caja Wonderbox - Les Chalets du Lac Belcaire\" \/>\n<meta property=\"og:url\" content=\"https:\/\/www.camping-pyrenees-cathare.fr\/es\/5376-2\/\" \/>\n<meta property=\"og:site_name\" content=\"Les Chalets du Lac Belcaire\" \/>\n<meta property=\"article:publisher\" content=\"https:\/\/www.facebook.com\/campingbelcaire\/?locale=fr_FR\" \/>\n<meta property=\"og:image\" content=\"https:\/\/www.camping-pyrenees-cathare.fr\/wp-content\/uploads\/2025\/02\/famille-marche-dans-la-foter.webp\" \/>\n\t<meta property=\"og:image:width\" content=\"816\" \/>\n\t<meta property=\"og:image:height\" content=\"1456\" \/>\n\t<meta property=\"og:image:type\" content=\"image\/webp\" \/>\n<meta name=\"twitter:card\" content=\"summary_large_image\" \/>\n<meta name=\"twitter:label1\" content=\"Tiempo de lectura\" \/>\n\t<meta name=\"twitter:data1\" content=\"1 minuto\" \/>\n<script type=\"application\/ld+json\" class=\"yoast-schema-graph\">{\"@context\":\"https:\/\/schema.org\",\"@graph\":[{\"@type\":\"WebPage\",\"@id\":\"https:\/\/www.camping-pyrenees-cathare.fr\/es\/5376-2\/\",\"url\":\"https:\/\/www.camping-pyrenees-cathare.fr\/es\/5376-2\/\",\"name\":\"Tu caja Wonderbox - Les Chalets du Lac Belcaire\",\"isPartOf\":{\"@id\":\"https:\/\/www.camping-pyrenees-cathare.fr\/#website\"},\"primaryImageOfPage\":{\"@id\":\"https:\/\/www.camping-pyrenees-cathare.fr\/es\/5376-2\/#primaryimage\"},\"image\":{\"@id\":\"https:\/\/www.camping-pyrenees-cathare.fr\/es\/5376-2\/#primaryimage\"},\"thumbnailUrl\":\"https:\/\/www.camping-pyrenees-cathare.fr\/wp-content\/uploads\/2025\/02\/famille-marche-dans-la-foter.webp\",\"datePublished\":\"2026-03-30T09:21:33+00:00\",\"breadcrumb\":{\"@id\":\"https:\/\/www.camping-pyrenees-cathare.fr\/es\/5376-2\/#breadcrumb\"},\"inLanguage\":\"es\",\"potentialAction\":[{\"@type\":\"ReadAction\",\"target\":[\"https:\/\/www.camping-pyrenees-cathare.fr\/es\/5376-2\/\"]}]},{\"@type\":\"ImageObject\",\"inLanguage\":\"es\",\"@id\":\"https:\/\/www.camping-pyrenees-cathare.fr\/es\/5376-2\/#primaryimage\",\"url\":\"https:\/\/www.camping-pyrenees-cathare.fr\/wp-content\/uploads\/2025\/02\/famille-marche-dans-la-foter.webp\",\"contentUrl\":\"https:\/\/www.camping-pyrenees-cathare.fr\/wp-content\/uploads\/2025\/02\/famille-marche-dans-la-foter.webp\"},{\"@type\":\"BreadcrumbList\",\"@id\":\"https:\/\/www.camping-pyrenees-cathare.fr\/es\/5376-2\/#breadcrumb\",\"itemListElement\":[{\"@type\":\"ListItem\",\"position\":1,\"name\":\"Camping Belcaire\",\"item\":\"https:\/\/www.camping-pyrenees-cathare.fr\/es\/\"},{\"@type\":\"ListItem\",\"position\":2,\"name\":\"Tu caja Wonderbox\"}]},{\"@type\":\"WebSite\",\"@id\":\"https:\/\/www.camping-pyrenees-cathare.fr\/#website\",\"url\":\"https:\/\/www.camping-pyrenees-cathare.fr\/\",\"name\":\"Les chalets du lac Belcaire\",\"description\":\"\",\"publisher\":{\"@id\":\"https:\/\/www.camping-pyrenees-cathare.fr\/#organization\"},\"potentialAction\":[{\"@type\":\"SearchAction\",\"target\":{\"@type\":\"EntryPoint\",\"urlTemplate\":\"https:\/\/www.camping-pyrenees-cathare.fr\/?s={search_term_string}\"},\"query-input\":{\"@type\":\"PropertyValueSpecification\",\"valueRequired\":true,\"valueName\":\"search_term_string\"}}],\"inLanguage\":\"es\"},{\"@type\":\"Organization\",\"@id\":\"https:\/\/www.camping-pyrenees-cathare.fr\/#organization\",\"name\":\"Les chalets du lac Belcaire\",\"url\":\"https:\/\/www.camping-pyrenees-cathare.fr\/\",\"logo\":{\"@type\":\"ImageObject\",\"inLanguage\":\"es\",\"@id\":\"https:\/\/www.camping-pyrenees-cathare.fr\/#\/schema\/logo\/image\/\",\"url\":\"https:\/\/www.camping-pyrenees-cathare.fr\/wp-content\/uploads\/2023\/05\/logo-couleur-camping-les-chalets-du-lac.webp\",\"contentUrl\":\"https:\/\/www.camping-pyrenees-cathare.fr\/wp-content\/uploads\/2023\/05\/logo-couleur-camping-les-chalets-du-lac.webp\",\"width\":462,\"height\":252,\"caption\":\"Les chalets du lac Belcaire\"},\"image\":{\"@id\":\"https:\/\/www.camping-pyrenees-cathare.fr\/#\/schema\/logo\/image\/\"},\"sameAs\":[\"https:\/\/www.facebook.com\/campingbelcaire\/?locale=fr_FR\",\"https:\/\/www.tripadvisor.fr\/Hotel_Review-g1384321-d13748665-Reviews-Les_Chalets_du_Lac-Belcaire_Aude_Occitanie.html\",\"https:\/\/www.instagram.com\/leschaletsdulacbelcaire\/\"]}]}<\/script>\n<!-- \/ Yoast SEO plugin. -->","yoast_head_json":{"title":"Tu caja Wonderbox - Les Chalets du Lac Belcaire","robots":{"index":"index","follow":"follow","max-snippet":"max-snippet:-1","max-image-preview":"max-image-preview:large","max-video-preview":"max-video-preview:-1"},"canonical":"https:\/\/www.camping-pyrenees-cathare.fr\/es\/5376-2\/","og_locale":"es_ES","og_type":"article","og_title":"Tu caja Wonderbox - Les Chalets du Lac Belcaire","og_url":"https:\/\/www.camping-pyrenees-cathare.fr\/es\/5376-2\/","og_site_name":"Les Chalets du Lac Belcaire","article_publisher":"https:\/\/www.facebook.com\/campingbelcaire\/?locale=fr_FR","og_image":[{"width":816,"height":1456,"url":"https:\/\/www.camping-pyrenees-cathare.fr\/wp-content\/uploads\/2025\/02\/famille-marche-dans-la-foter.webp","type":"image\/webp"}],"twitter_card":"summary_large_image","twitter_misc":{"Tiempo de lectura":"1 minuto"},"schema":{"@context":"https:\/\/schema.org","@graph":[{"@type":"WebPage","@id":"https:\/\/www.camping-pyrenees-cathare.fr\/es\/5376-2\/","url":"https:\/\/www.camping-pyrenees-cathare.fr\/es\/5376-2\/","name":"Tu caja Wonderbox - Les Chalets du Lac Belcaire","isPartOf":{"@id":"https:\/\/www.camping-pyrenees-cathare.fr\/#website"},"primaryImageOfPage":{"@id":"https:\/\/www.camping-pyrenees-cathare.fr\/es\/5376-2\/#primaryimage"},"image":{"@id":"https:\/\/www.camping-pyrenees-cathare.fr\/es\/5376-2\/#primaryimage"},"thumbnailUrl":"https:\/\/www.camping-pyrenees-cathare.fr\/wp-content\/uploads\/2025\/02\/famille-marche-dans-la-foter.webp","datePublished":"2026-03-30T09:21:33+00:00","breadcrumb":{"@id":"https:\/\/www.camping-pyrenees-cathare.fr\/es\/5376-2\/#breadcrumb"},"inLanguage":"es","potentialAction":[{"@type":"ReadAction","target":["https:\/\/www.camping-pyrenees-cathare.fr\/es\/5376-2\/"]}]},{"@type":"ImageObject","inLanguage":"es","@id":"https:\/\/www.camping-pyrenees-cathare.fr\/es\/5376-2\/#primaryimage","url":"https:\/\/www.camping-pyrenees-cathare.fr\/wp-content\/uploads\/2025\/02\/famille-marche-dans-la-foter.webp","contentUrl":"https:\/\/www.camping-pyrenees-cathare.fr\/wp-content\/uploads\/2025\/02\/famille-marche-dans-la-foter.webp"},{"@type":"BreadcrumbList","@id":"https:\/\/www.camping-pyrenees-cathare.fr\/es\/5376-2\/#breadcrumb","itemListElement":[{"@type":"ListItem","position":1,"name":"Camping Belcaire","item":"https:\/\/www.camping-pyrenees-cathare.fr\/es\/"},{"@type":"ListItem","position":2,"name":"Tu caja Wonderbox"}]},{"@type":"WebSite","@id":"https:\/\/www.camping-pyrenees-cathare.fr\/#website","url":"https:\/\/www.camping-pyrenees-cathare.fr\/","name":"Les chalets du lac Belcaire","description":"","publisher":{"@id":"https:\/\/www.camping-pyrenees-cathare.fr\/#organization"},"potentialAction":[{"@type":"SearchAction","target":{"@type":"EntryPoint","urlTemplate":"https:\/\/www.camping-pyrenees-cathare.fr\/?s={search_term_string}"},"query-input":{"@type":"PropertyValueSpecification","valueRequired":true,"valueName":"search_term_string"}}],"inLanguage":"es"},{"@type":"Organization","@id":"https:\/\/www.camping-pyrenees-cathare.fr\/#organization","name":"Les chalets du lac Belcaire","url":"https:\/\/www.camping-pyrenees-cathare.fr\/","logo":{"@type":"ImageObject","inLanguage":"es","@id":"https:\/\/www.camping-pyrenees-cathare.fr\/#\/schema\/logo\/image\/","url":"https:\/\/www.camping-pyrenees-cathare.fr\/wp-content\/uploads\/2023\/05\/logo-couleur-camping-les-chalets-du-lac.webp","contentUrl":"https:\/\/www.camping-pyrenees-cathare.fr\/wp-content\/uploads\/2023\/05\/logo-couleur-camping-les-chalets-du-lac.webp","width":462,"height":252,"caption":"Les chalets du lac Belcaire"},"image":{"@id":"https:\/\/www.camping-pyrenees-cathare.fr\/#\/schema\/logo\/image\/"},"sameAs":["https:\/\/www.facebook.com\/campingbelcaire\/?locale=fr_FR","https:\/\/www.tripadvisor.fr\/Hotel_Review-g1384321-d13748665-Reviews-Les_Chalets_du_Lac-Belcaire_Aude_Occitanie.html","https:\/\/www.instagram.com\/leschaletsdulacbelcaire\/"]}]}},"_links":{"self":[{"href":"https:\/\/www.camping-pyrenees-cathare.fr\/es\/wp-json\/wp\/v2\/pages\/5719","targetHints":{"allow":["GET"]}}],"collection":[{"href":"https:\/\/www.camping-pyrenees-cathare.fr\/es\/wp-json\/wp\/v2\/pages"}],"about":[{"href":"https:\/\/www.camping-pyrenees-cathare.fr\/es\/wp-json\/wp\/v2\/types\/page"}],"author":[{"embeddable":true,"href":"https:\/\/www.camping-pyrenees-cathare.fr\/es\/wp-json\/wp\/v2\/users\/3"}],"replies":[{"embeddable":true,"href":"https:\/\/www.camping-pyrenees-cathare.fr\/es\/wp-json\/wp\/v2\/comments?post=5719"}],"version-history":[{"count":1,"href":"https:\/\/www.camping-pyrenees-cathare.fr\/es\/wp-json\/wp\/v2\/pages\/5719\/revisions"}],"predecessor-version":[{"id":5720,"href":"https:\/\/www.camping-pyrenees-cathare.fr\/es\/wp-json\/wp\/v2\/pages\/5719\/revisions\/5720"}],"wp:attachment":[{"href":"https:\/\/www.camping-pyrenees-cathare.fr\/es\/wp-json\/wp\/v2\/media?parent=5719"}],"wp:term":[{"taxonomy":"sujet","embeddable":true,"href":"https:\/\/www.camping-pyrenees-cathare.fr\/es\/wp-json\/wp\/v2\/sujet?post=5719"}],"curies":[{"name":"wp","href":"https:\/\/api.w.org\/{rel}","templated":true}]}}